{"id":2117,"date":"2023-01-04T14:33:44","date_gmt":"2023-01-04T13:33:44","guid":{"rendered":"https:\/\/www.bthuus.de\/hakkimizda\/bizim-ortaklarimiz\/"},"modified":"2023-07-11T12:05:54","modified_gmt":"2023-07-11T10:05:54","slug":"bizim-ortaklarimiz","status":"publish","type":"page","link":"https:\/\/www.bthuus.de\/tr\/ueber-uns\/bizim-ortaklarimiz\/","title":{"rendered":"Bizim ortaklar\u0131m\u0131z"},"content":{"rendered":"\n<div class=\"wp-block-group has-global-color-6-background-color has-background\"><div class=\"wp-block-group__inner-container is-layout-constrained wp-block-group-is-layout-constrained\">\n<h2 class=\"wp-block-heading\">palyatif bak\u0131m<\/h2>\n\n\n\n<div class=\"wp-block-media-text is-stacked-on-mobile is-vertically-aligned-center\" style=\"grid-template-columns:25% auto\"><figure class=\"wp-block-media-text__media\"><a href=\"https:\/\/www.sapv-team-kiel.de\/\" target=\"_blank\" rel=\"noreferrer noopener\"><img loading=\"lazy\" decoding=\"async\" width=\"250\" height=\"90\" src=\"https:\/\/www.bthuus.de\/wp-content\/uploads\/2023\/01\/SAPV_Spezialisierte_Ambulante_Palliative-Versorgung_Kiel_und_Umgebung-1.png\" alt=\"\" class=\"wp-image-905 size-full\"\/><\/a><\/figure><div class=\"wp-block-media-text__content\">\n<h5 class=\"wp-block-heading\">SAPV \u00d6zel Ayakta Palyatif Bak\u0131m<\/h5>\n\n\n\n<p>Ayakta hasta bak\u0131m hizmeti olarak, <a rel=\"noreferrer noopener\" href=\"https:\/\/www.sapv-team-kiel.de\/\" data-type=\"URL\" data-id=\"https:\/\/www.sapv-team-kiel.de\/\" target=\"_blank\">Kiel&#8217;deki SAPV ekibinin<\/a> i\u015fbirli\u011fi orta\u011f\u0131y\u0131z. Ekibimizin bir k\u0131sm\u0131 <a rel=\"noreferrer noopener\" href=\"https:\/\/www.dgpalliativmedizin.de\/\" data-type=\"URL\" data-id=\"https:\/\/www.dgpalliativmedizin.de\/\" target=\"_blank\">, Alman Palyatif T\u0131p Derne\u011fi<\/a> taraf\u0131ndan onaylanan &#8220;Hem\u015fireler i\u00e7in Palyatif Bak\u0131m&#8221; ek kalifikasyonunu ba\u015far\u0131yla tamamlad\u0131.<\/p>\n<\/div><\/div>\n\n\n\n<div class=\"wp-block-media-text is-stacked-on-mobile is-vertically-aligned-center\" style=\"grid-template-columns:25% auto\"><figure class=\"wp-block-media-text__media\"><a href=\"https:\/\/www.hpvsh.de\/\" target=\"_blank\" rel=\"noreferrer noopener\"><img loading=\"lazy\" decoding=\"async\" width=\"346\" height=\"131\" src=\"https:\/\/www.bthuus.de\/wp-content\/uploads\/2023\/01\/HPVSH_Logo.png\" alt=\"\" class=\"wp-image-910 size-full\" srcset=\"https:\/\/www.bthuus.de\/wp-content\/uploads\/2023\/01\/HPVSH_Logo.png 346w, https:\/\/www.bthuus.de\/wp-content\/uploads\/2023\/01\/HPVSH_Logo-300x114.png 300w\" sizes=\"auto, (max-width: 346px) 100vw, 346px\" \/><\/a><\/figure><div class=\"wp-block-media-text__content\">\n<h5 class=\"wp-block-heading\">Dar\u00fclaceze ve Palyatif Bak\u0131m Derne\u011fi<br\/>Schleswig-Holstein kay\u0131tl\u0131 dernek<\/h5>\n\n\n\n<p><a href=\"https:\/\/www.hpvsh.de\/hilfsangebote\/bliev-to-huus-ambulantes-pflegeteam-kiel-und-bredenbek\" data-type=\"URL\" data-id=\"https:\/\/www.hpvsh.de\/hilfsangebote\/bliev-to-huus-ambulantes-pflegeteam-kiel-und-bredenbek\" target=\"_blank\" rel=\"noreferrer noopener\">HPVSH \u00fcyesiyiz<\/a><\/p>\n<\/div><\/div>\n<\/div><\/div>\n\n<div style=\"height:50px\" aria-hidden=\"true\" class=\"wp-block-spacer no-mobile\"><\/div>\n\n<div class=\"wp-block-group has-global-color-6-background-color has-background\"><div class=\"wp-block-group__inner-container is-layout-constrained wp-block-group-is-layout-constrained\">\n<h2 class=\"wp-block-heading\">t\u0131bbi malzeme ma\u011fazalar\u0131<\/h2>\n\n\n\n<div class=\"wp-block-media-text is-stacked-on-mobile is-vertically-aligned-center\" style=\"grid-template-columns:25% auto\"><figure class=\"wp-block-media-text__media\"><a href=\"https:\/\/www.hausderhilfe.de\/\" target=\"_blank\" rel=\"noreferrer noopener\"><img loading=\"lazy\" decoding=\"async\" width=\"400\" height=\"75\" src=\"https:\/\/www.bthuus.de\/wp-content\/uploads\/2022\/12\/Haus_der_Hilfe.webp\" alt=\"Sanit\u00e4tshaus Haus der Hilfe Logo\" class=\"wp-image-369 size-medium\" srcset=\"https:\/\/www.bthuus.de\/wp-content\/uploads\/2022\/12\/Haus_der_Hilfe.webp 400w, https:\/\/www.bthuus.de\/wp-content\/uploads\/2022\/12\/Haus_der_Hilfe-300x56.webp 300w\" sizes=\"auto, (max-width: 400px) 100vw, 400px\" \/><\/a><\/figure><div class=\"wp-block-media-text__content\">\n<h5 class=\"wp-block-heading\">T\u0131bbi malzeme yard\u0131m evi<\/h5>\n\n\n\n<p><a rel=\"noreferrer noopener\" href=\"https:\/\/www.hausderhilfe.de\/\" data-type=\"URL\" data-id=\"https:\/\/www.hausderhilfe.de\/\" target=\"_blank\">T\u0131bbi malzeme ma\u011fazas\u0131 Haus der Hilfe,<\/a> hastalar\u0131m\u0131za t\u0131bbi \u00fcr\u00fcnler ve yard\u0131mlar sa\u011flamam\u0131zda bize destek oluyor. Bir medikal malzeme ma\u011fazas\u0131 ile yap\u0131lan i\u015fbirli\u011fi, hastalar\u0131m\u0131za daha iyi ve s\u00fcrekli bak\u0131m sa\u011flamaya hizmet etmektedir.<\/p>\n<\/div><\/div>\n\n\n\n<div class=\"wp-block-media-text is-stacked-on-mobile is-vertically-aligned-center\" style=\"grid-template-columns:25% auto\"><figure class=\"wp-block-media-text__media\"><a href=\"https:\/\/kurda.de\/\" target=\"_blank\" rel=\"noreferrer noopener\"><img loading=\"lazy\" decoding=\"async\" width=\"400\" height=\"80\" src=\"https:\/\/www.bthuus.de\/wp-content\/uploads\/2023\/01\/Sanitaetshaus-Kurda-Logo.png\" alt=\"\" class=\"wp-image-764 size-medium\" srcset=\"https:\/\/www.bthuus.de\/wp-content\/uploads\/2023\/01\/Sanitaetshaus-Kurda-Logo.png 400w, https:\/\/www.bthuus.de\/wp-content\/uploads\/2023\/01\/Sanitaetshaus-Kurda-Logo-300x60.png 300w\" sizes=\"auto, (max-width: 400px) 100vw, 400px\" \/><\/a><\/figure><div class=\"wp-block-media-text__content\">\n<h5 class=\"wp-block-heading\">T\u0131bbi malzeme ma\u011fazas\u0131 Kurda<\/h5>\n<\/div><\/div>\n\n\n\n<div style=\"height:25px\" aria-hidden=\"true\" class=\"wp-block-spacer\"><\/div>\n\n\n\n<div class=\"wp-block-media-text is-stacked-on-mobile is-vertically-aligned-center\" style=\"grid-template-columns:25% auto\"><figure class=\"wp-block-media-text__media\"><a href=\"https:\/\/www.assmann-kiel.de\/\" target=\"_blank\" rel=\"noreferrer noopener\"><img loading=\"lazy\" decoding=\"async\" width=\"400\" height=\"82\" src=\"https:\/\/www.bthuus.de\/wp-content\/uploads\/2023\/01\/Assmann_Logo_Kiel.png\" alt=\"\" class=\"wp-image-765 size-medium\" srcset=\"https:\/\/www.bthuus.de\/wp-content\/uploads\/2023\/01\/Assmann_Logo_Kiel.png 400w, https:\/\/www.bthuus.de\/wp-content\/uploads\/2023\/01\/Assmann_Logo_Kiel-300x62.png 300w\" sizes=\"auto, (max-width: 400px) 100vw, 400px\" \/><\/a><\/figure><div class=\"wp-block-media-text__content\">\n<h5 class=\"wp-block-heading\">Assman Kiel<\/h5>\n<\/div><\/div>\n<\/div><\/div>\n\n<div style=\"height:50px\" aria-hidden=\"true\" class=\"wp-block-spacer no-mobile\"><\/div>\n\n<div class=\"wp-block-group has-global-color-6-background-color has-background\"><div class=\"wp-block-group__inner-container is-layout-constrained wp-block-group-is-layout-constrained\">\n<h2 class=\"wp-block-heading\">eczaneler<\/h2>\n\n\n\n<div class=\"wp-block-media-text is-stacked-on-mobile is-vertically-aligned-center\" style=\"grid-template-columns:25% auto\"><figure class=\"wp-block-media-text__media\"><a href=\"https:\/\/www.plazaapotheke.de\/\" target=\"_blank\" rel=\"noreferrer noopener\"><img loading=\"lazy\" decoding=\"async\" width=\"500\" height=\"151\" src=\"https:\/\/www.bthuus.de\/wp-content\/uploads\/2022\/12\/Apotheke_im_Plaza.webp\" alt=\"\" class=\"wp-image-365 size-medium\" srcset=\"https:\/\/www.bthuus.de\/wp-content\/uploads\/2022\/12\/Apotheke_im_Plaza.webp 500w, https:\/\/www.bthuus.de\/wp-content\/uploads\/2022\/12\/Apotheke_im_Plaza-300x91.webp 300w\" sizes=\"auto, (max-width: 500px) 100vw, 500px\" \/><\/a><\/figure><div class=\"wp-block-media-text__content\">\n<h5 class=\"wp-block-heading\">Plaza eczanesi<\/h5>\n\n\n\n<p>Ayakta tedavi ba\u011flam\u0131nda ila\u00e7lar\u0131n uygulanmas\u0131 i\u00e7in ila\u00e7 temini s\u00f6z konusu oldu\u011funda, <a rel=\"noreferrer noopener\" href=\"https:\/\/www.plazaapotheke.de\/\" data-type=\"URL\" data-id=\"https:\/\/www.plazaapotheke.de\/\" target=\"_blank\">Plaza Apotheke<\/a> g\u00fcvenilir orta\u011f\u0131m\u0131zd\u0131r.<\/p>\n<\/div><\/div>\n\n\n\n<div class=\"wp-block-media-text is-stacked-on-mobile is-vertically-aligned-center\" style=\"grid-template-columns:25% auto\"><figure class=\"wp-block-media-text__media\"><a href=\"https:\/\/apotheke-kiel.de\/\" target=\"_blank\" rel=\"noreferrer noopener\"><img loading=\"lazy\" decoding=\"async\" width=\"1024\" height=\"341\" src=\"https:\/\/www.bthuus.de\/wp-content\/uploads\/2023\/01\/Apotheke_Ruedel-1024x341.webp\" alt=\"\" class=\"wp-image-768 size-medium\" srcset=\"https:\/\/www.bthuus.de\/wp-content\/uploads\/2023\/01\/Apotheke_Ruedel-1024x341.webp 1024w, https:\/\/www.bthuus.de\/wp-content\/uploads\/2023\/01\/Apotheke_Ruedel-300x100.webp 300w, https:\/\/www.bthuus.de\/wp-content\/uploads\/2023\/01\/Apotheke_Ruedel-768x256.webp 768w, https:\/\/www.bthuus.de\/wp-content\/uploads\/2023\/01\/Apotheke_Ruedel-jpg.webp 1500w\" sizes=\"auto, (max-width: 1024px) 100vw, 1024px\" \/><\/a><\/figure><div class=\"wp-block-media-text__content\">\n<h5 class=\"wp-block-heading\">eczaneleri paketle<\/h5>\n<\/div><\/div>\n\n\n\n<div style=\"height:25px\" aria-hidden=\"true\" class=\"wp-block-spacer\"><\/div>\n\n\n\n<div class=\"wp-block-media-text is-stacked-on-mobile is-vertically-aligned-center\" style=\"grid-template-columns:25% auto\"><figure class=\"wp-block-media-text__media\"><a href=\"https:\/\/www.roland-apotheke-kiel.de\/\" target=\"_blank\" rel=\"noreferrer noopener\"><img loading=\"lazy\" decoding=\"async\" width=\"408\" height=\"200\" src=\"https:\/\/www.bthuus.de\/wp-content\/uploads\/2023\/01\/Roland_Apotheke_Kiel.png\" alt=\"\" class=\"wp-image-761 size-medium\" srcset=\"https:\/\/www.bthuus.de\/wp-content\/uploads\/2023\/01\/Roland_Apotheke_Kiel.png 408w, https:\/\/www.bthuus.de\/wp-content\/uploads\/2023\/01\/Roland_Apotheke_Kiel-300x147.png 300w\" sizes=\"auto, (max-width: 408px) 100vw, 408px\" \/><\/a><\/figure><div class=\"wp-block-media-text__content\">\n<h5 class=\"wp-block-heading\">Roland eczanesi<\/h5>\n<\/div><\/div>\n<\/div><\/div>\n\n<div style=\"height:50px\" aria-hidden=\"true\" class=\"wp-block-spacer no-mobile\"><\/div>\n\n<div class=\"wp-block-group has-global-color-6-background-color has-background\"><div class=\"wp-block-group__inner-container is-layout-constrained wp-block-group-is-layout-constrained\">\n<h2 class=\"wp-block-heading\">\u00fczerinde ve \u00f6tesinde<\/h2>\n\n\n\n<div class=\"wp-block-media-text is-stacked-on-mobile is-vertically-aligned-center\" style=\"grid-template-columns:25% auto\"><figure class=\"wp-block-media-text__media\"><a href=\"http:\/\/wischhof.com\/index.html\" target=\"_blank\" rel=\"noreferrer noopener\"><img loading=\"lazy\" decoding=\"async\" width=\"243\" height=\"90\" src=\"https:\/\/www.bthuus.de\/wp-content\/uploads\/2022\/12\/Wischhof_frisches-_aus_Sehestedt-jpg.webp\" alt=\"Wischhof Sehestedt\" class=\"wp-image-368 size-full\"\/><\/a><\/figure><div class=\"wp-block-media-text__content\">\n<h5 class=\"wp-block-heading\">Wischhof \u015eehestedt<\/h5>\n\n\n\n<p><a rel=\"noreferrer noopener\" href=\"http:\/\/wischhof.com\/index.html\" data-type=\"URL\" data-id=\"http:\/\/wischhof.com\/index.html\" target=\"_blank\">Wischhof<\/a> bize haftada bir kez ofis i\u00e7in b\u00f6lgeden taze organik meyve ve sebzeler sa\u011fl\u0131yor.<\/p>\n<\/div><\/div>\n\n\n\n<div class=\"wp-block-media-text is-stacked-on-mobile is-vertically-aligned-center\" style=\"grid-template-columns:25% auto\"><figure class=\"wp-block-media-text__media\"><img loading=\"lazy\" decoding=\"async\" width=\"858\" height=\"755\" src=\"https:\/\/www.bthuus.de\/wp-content\/uploads\/2022\/11\/Logo-Kaffeekueste-4c.webp\" alt=\"Kahve sahili Laboe logosu\" class=\"wp-image-139 size-medium\" srcset=\"https:\/\/www.bthuus.de\/wp-content\/uploads\/2022\/11\/Logo-Kaffeekueste-4c.webp 858w, https:\/\/www.bthuus.de\/wp-content\/uploads\/2022\/11\/Logo-Kaffeekueste-4c-300x264.webp 300w, https:\/\/www.bthuus.de\/wp-content\/uploads\/2022\/11\/Logo-Kaffeekueste-4c-768x676.webp 768w\" sizes=\"auto, (max-width: 858px) 100vw, 858px\" \/><\/figure><div class=\"wp-block-media-text__content\">\n<h5 class=\"wp-block-heading\">Kaffeekueste \u00f6zel manast\u0131r\u0131 Laboe GmbH<\/h5>\n\n\n\n<p>Ofisimiz i\u00e7in kahvemizi <a rel=\"noreferrer noopener\" href=\"https:\/\/kaffeekueste.de\/\" data-type=\"URL\" data-id=\"https:\/\/kaffeekueste.de\/\" target=\"_blank\">Laboe&#8217;daki Kaffeekueste \u00f6zel manast\u0131r\u0131ndan<\/a> al\u0131yoruz. S\u0131f\u0131r At\u0131k da\u011f\u0131t\u0131m kutular\u0131 sayesinde plastik at\u0131klar\u0131n ve gereksiz at\u0131klar\u0131n \u00f6n\u00fcne ge\u00e7iyoruz. Ayr\u0131ca organik sertifikal\u0131 adil ticaret kahvesidir. Kaffeekueste Laboe&#8217;da s\u00fcrd\u00fcr\u00fclebilirli\u011fi kurumsal felsefelerinin bir par\u00e7as\u0131 kadar \u00f6nemli g\u00f6ren bir ortak buldu\u011fumuz i\u00e7in mutluyuz.<\/p>\n<\/div><\/div>\n\n\n\n<div class=\"wp-block-media-text is-stacked-on-mobile is-vertically-aligned-center\" style=\"grid-template-columns:25% auto\"><figure class=\"wp-block-media-text__media\"><a href=\"https:\/\/www.sueverkruep.de\/\" target=\"_blank\" rel=\"noreferrer noopener\"><img loading=\"lazy\" decoding=\"async\" width=\"1024\" height=\"299\" src=\"https:\/\/www.bthuus.de\/wp-content\/uploads\/2023\/01\/Sueverkruep_Logo_rgb_meta_mit_Claim_v01_RZ-1024x299.png\" alt=\"\" class=\"wp-image-904 size-medium\" srcset=\"https:\/\/www.bthuus.de\/wp-content\/uploads\/2023\/01\/Sueverkruep_Logo_rgb_meta_mit_Claim_v01_RZ-1024x299.png 1024w, https:\/\/www.bthuus.de\/wp-content\/uploads\/2023\/01\/Sueverkruep_Logo_rgb_meta_mit_Claim_v01_RZ-300x88.png 300w, https:\/\/www.bthuus.de\/wp-content\/uploads\/2023\/01\/Sueverkruep_Logo_rgb_meta_mit_Claim_v01_RZ-768x224.png 768w, https:\/\/www.bthuus.de\/wp-content\/uploads\/2023\/01\/Sueverkruep_Logo_rgb_meta_mit_Claim_v01_RZ.png 1134w\" sizes=\"auto, (max-width: 1024px) 100vw, 1024px\" \/><\/a><\/figure><div class=\"wp-block-media-text__content\">\n<h5 class=\"wp-block-heading\">S\u00fcverkrup oto bayili\u011fi<\/h5>\n\n\n\n<p>Filomuzda gerekli derecede s\u00fcrd\u00fcr\u00fclebilirlik ve \u00f6ng\u00f6r\u00fc i\u00e7in <a href=\"https:\/\/www.sueverkruep.de\/\" data-type=\"URL\" data-id=\"https:\/\/www.sueverkruep.de\/\" target=\"_blank\" rel=\"noreferrer noopener\">Autohaus S\u00fcverkr\u00fcp&#8217;te<\/a> sad\u0131k bir ortak bulduk. \u0130ster hibrit ister tamamen elektrikli olsun, iklim dengesi bizim i\u00e7in hi\u00e7bir \u015fekilde ilgisiz de\u011fil. Patron art\u0131k yolculuklar\u0131n \u00e7o\u011funu m\u00fcmk\u00fcn oldu\u011funca kar\u015f\u0131lamak i\u00e7in e-kargo bisikletimizi kullan\u0131yor.<\/p>\n<\/div><\/div>\n<\/div><\/div>\n\n<div style=\"height:50px\" aria-hidden=\"true\" class=\"wp-block-spacer no-mobile\"><\/div>\n\n<div class=\"wp-block-group has-global-color-6-background-color has-background\"><div class=\"wp-block-group__inner-container is-layout-constrained wp-block-group-is-layout-constrained\">\n<h2 class=\"wp-block-heading\">sponsorluk<\/h2>\n\n\n\n<div class=\"wp-block-media-text is-stacked-on-mobile is-vertically-aligned-center\" style=\"grid-template-columns:25% auto\"><figure class=\"wp-block-media-text__media\"><img loading=\"lazy\" decoding=\"async\" width=\"500\" height=\"500\" src=\"https:\/\/www.bthuus.de\/wp-content\/uploads\/2023\/01\/Logo_Bredenbek_Felde.png\" alt=\"\" class=\"wp-image-823 size-full\" srcset=\"https:\/\/www.bthuus.de\/wp-content\/uploads\/2023\/01\/Logo_Bredenbek_Felde.png 500w, https:\/\/www.bthuus.de\/wp-content\/uploads\/2023\/01\/Logo_Bredenbek_Felde-300x300.png 300w, https:\/\/www.bthuus.de\/wp-content\/uploads\/2023\/01\/Logo_Bredenbek_Felde-150x150.png 150w\" sizes=\"auto, (max-width: 500px) 100vw, 500px\" \/><\/figure><div class=\"wp-block-media-text__content\">\n<h5 class=\"wp-block-heading\"><a href=\"http:\/\/www.tusfelde.de\/index.php\/sport\/fussball\">SG<\/a> Felde\/Bredenbeck<\/h5>\n\n\n\n<p>SG Felde\/Bredenbek erkek futbol tak\u0131m\u0131n\u0131n forma sponsoruyuz.<\/p>\n<\/div><\/div>\n<\/div><\/div>\n","protected":false},"excerpt":{"rendered":"<p>palyatif bak\u0131m SAPV \u00d6zel Ayakta Palyatif Bak\u0131m Ayakta hasta bak\u0131m hizmeti olarak, Kiel&#8217;deki SAPV ekibinin i\u015fbirli\u011fi orta\u011f\u0131y\u0131z. Ekibimizin bir k\u0131sm\u0131 , Alman Palyatif T\u0131p Derne\u011fi taraf\u0131ndan onaylanan &#8220;Hem\u015fireler i\u00e7in Palyatif Bak\u0131m&#8221; ek kalifikasyonunu ba\u015far\u0131yla tamamlad\u0131. Dar\u00fclaceze ve Palyatif Bak\u0131m Derne\u011fiSchleswig-Holstein kay\u0131tl\u0131 dernek HPVSH \u00fcyesiyiz t\u0131bbi malzeme ma\u011fazalar\u0131 T\u0131bbi malzeme yard\u0131m evi T\u0131bbi malzeme ma\u011fazas\u0131 Haus &#8230; <\/p>\n<p class=\"read-more-container\"><a title=\"Bizim ortaklar\u0131m\u0131z\" class=\"read-more button\" href=\"https:\/\/www.bthuus.de\/tr\/ueber-uns\/bizim-ortaklarimiz\/#more-2117\" aria-label=\"Read more about Bizim ortaklar\u0131m\u0131z\">Read more<\/a><\/p>\n","protected":false},"author":1,"featured_media":0,"parent":1817,"menu_order":0,"comment_status":"closed","ping_status":"closed","template":"","meta":{"iawp_total_views":2,"footnotes":""},"class_list":{"0":"post-2117","1":"page","2":"type-page","3":"status-publish","5":"infinite-scroll-item"},"jetpack_sharing_enabled":true,"_links":{"self":[{"href":"https:\/\/www.bthuus.de\/tr\/wp-json\/wp\/v2\/pages\/2117","targetHints":{"allow":["GET"]}}],"collection":[{"href":"https:\/\/www.bthuus.de\/tr\/wp-json\/wp\/v2\/pages"}],"about":[{"href":"https:\/\/www.bthuus.de\/tr\/wp-json\/wp\/v2\/types\/page"}],"author":[{"embeddable":true,"href":"https:\/\/www.bthuus.de\/tr\/wp-json\/wp\/v2\/users\/1"}],"replies":[{"embeddable":true,"href":"https:\/\/www.bthuus.de\/tr\/wp-json\/wp\/v2\/comments?post=2117"}],"version-history":[{"count":0,"href":"https:\/\/www.bthuus.de\/tr\/wp-json\/wp\/v2\/pages\/2117\/revisions"}],"up":[{"embeddable":true,"href":"https:\/\/www.bthuus.de\/tr\/wp-json\/wp\/v2\/pages\/1817"}],"wp:attachment":[{"href":"https:\/\/www.bthuus.de\/tr\/wp-json\/wp\/v2\/media?parent=2117"}],"curies":[{"name":"wp","href":"https:\/\/api.w.org\/{rel}","templated":true}]}}