{"id":1940,"date":"2022-11-04T14:45:42","date_gmt":"2022-11-04T13:45:42","guid":{"rendered":"https:\/\/www.bthuus.de\/hakkimizda\/suerdueruelebilirlik\/"},"modified":"2023-07-11T12:04:59","modified_gmt":"2023-07-11T10:04:59","slug":"suerdueruelebilirlik","status":"publish","type":"page","link":"https:\/\/www.bthuus.de\/tr\/ueber-uns\/suerdueruelebilirlik\/","title":{"rendered":"S\u00fcrd\u00fcr\u00fclebilirlik"},"content":{"rendered":"\n<div class=\"wp-block-group has-global-color-6-background-color has-background\"><div class=\"wp-block-group__inner-container is-layout-constrained wp-block-group-is-layout-constrained\">\n<h2 class=\"wp-block-heading has-global-color-2-color has-text-color\">S\u00fcrd\u00fcr\u00fclebilirlik bizim i\u00e7in ne ifade ediyor?<\/h2>\n\n\n\n<p><a href=\"https:\/\/www.bmz.de\/de\/service\/lexikon\/nachhaltigkeit-nachhaltige-entwicklung-14700#:~:text=Nachhaltigkeit%20oder%20nachhaltige%20Entwicklung%20bedeutet,zuk%C3%BCnftiger%20Generationen%20nicht%20eingeschr%C3%A4nkt%20werden.\" data-type=\"URL\" data-id=\"https:\/\/www.bmz.de\/de\/service\/lexikon\/nachhaltigkeit-nachhaltige-entwicklung-14700#:~:text=Nachhaltigkeit%20oder%20nachhaltige%20Entwicklung%20bedeutet,zuk%C3%BCnftiger%20Generationen%20nicht%20eingeschr%C3%A4nkt%20werden.\" target=\"_blank\" rel=\"noreferrer noopener\">Federal Ekonomik \u0130\u015fbirli\u011fi ve Kalk\u0131nma Bakanl\u0131\u011f\u0131 taraf\u0131ndan tan\u0131mland\u0131\u011f\u0131 \u015fekliyle<\/a> s\u00fcrd\u00fcr\u00fclebilirlik, gelecek nesillerin f\u0131rsatlar\u0131n\u0131 k\u0131s\u0131tlamadan bug\u00fcn\u00fcn ihtiya\u00e7lar\u0131n\u0131 kar\u015f\u0131lamak anlam\u0131na gelir. Bu, s\u00fcrd\u00fcr\u00fclebilirli\u011fin \u00fc\u00e7 boyutunun e\u015fit \u015fekilde ele al\u0131nmas\u0131n\u0131 gerektirir: ekonomik verimlilik, sosyal adalet ve ekolojik s\u00fcrd\u00fcr\u00fclebilirlik. S\u00fcrd\u00fcr\u00fclebilirlik, uzun vadede k\u00fcresel kaynaklar\u0131 korumak i\u00e7in t\u00fcm siyasi kararlar\u0131n temeli olmal\u0131d\u0131r.<\/p>\n\n\n\n<p>Bliev to Huus evde bak\u0131m hizmetinde bizim i\u00e7in bu, s\u00fcrd\u00fcr\u00fclebilir uygulamalar\u0131 i\u015fimizin her alan\u0131nda uygulad\u0131\u011f\u0131m\u0131z anlam\u0131na gelir. Bu, tedarik\u00e7ilerimizin se\u00e7iminden ve kaynaklar\u0131n kullan\u0131m\u0131ndan hizmetlerimizi sunma \u015feklimize kadar uzan\u0131r. S\u00fcrd\u00fcr\u00fclebilir uygulamalar\u0131 hayata ge\u00e7irerek, hem \u015fimdiki hem de gelecek nesiller i\u00e7in ya\u015fam kalitesini iyile\u015ftirmeye yard\u0131mc\u0131 oluyoruz.<\/p>\n<\/div><\/div>\n\n<div style=\"height:50px\" aria-hidden=\"true\" class=\"wp-block-spacer no-mobile\"><\/div>\n\n<div class=\"wp-block-group has-global-color-6-background-color has-background\"><div class=\"wp-block-group__inner-container is-layout-constrained wp-block-group-is-layout-constrained\">\n<h2 class=\"wp-block-heading has-global-color-2-color has-text-color\">S\u00fcrd\u00fcr\u00fclebilirli\u011fe olan ba\u011fl\u0131l\u0131\u011f\u0131m\u0131z<\/h2>\n\n\n\n<p>\u00c7ocuklar\u0131m\u0131z ve torunlar\u0131m\u0131z dahil gelecek nesiller i\u00e7in \u00fczerimize d\u00fc\u015fen sorumlulu\u011fun bilincindeyiz. Amac\u0131m\u0131z siz ve hasta yak\u0131nlar\u0131m\u0131z i\u00e7in sa\u011fl\u0131kl\u0131 ve ya\u015fanabilir bir d\u00fcnya b\u0131rakmakt\u0131r. Bu nedenle, s\u00fcrd\u00fcr\u00fclebilirlik bizim i\u00e7in sadece moda bir kelime de\u011fil, kurumsal felsefemizin ve g\u00fcnl\u00fck uygulamalar\u0131m\u0131z\u0131n merkezi bir par\u00e7as\u0131d\u0131r.<\/p>\n<\/div><\/div>\n\n<div style=\"height:50px\" aria-hidden=\"true\" class=\"wp-block-spacer no-mobile\"><\/div>\n\n<div class=\"wp-block-group has-global-color-6-background-color has-background\"><div class=\"wp-block-group__inner-container is-layout-constrained wp-block-group-is-layout-constrained\">\n<h2 class=\"wp-block-heading has-global-color-2-color has-text-color\">\u00d6zellikle ne yap\u0131yoruz?<\/h2>\n\n\n\n<h3 class=\"wp-block-heading has-global-color-2-color has-text-color\">1. Daha az ka\u011f\u0131t, daha fazla dijitalle\u015fme<\/h3>\n\n\n\n<p>S\u00fcrd\u00fcr\u00fclebilirlik \u00e7abalar\u0131m\u0131z\u0131n bir par\u00e7as\u0131 olarak, g\u00fcnl\u00fck ofis ya\u015fam\u0131m\u0131zda ka\u011f\u0131t t\u00fcketimini en aza indirmek i\u00e7in dijitalle\u015fme ve bulut teknolojilerine giderek daha fazla g\u00fcveniyoruz. Dijital belgeleri benimseyerek ve depolama ve i\u015fbirli\u011fi i\u00e7in bulutu kullanarak, fiziksel kopyalara olan ihtiyac\u0131 azaltabiliriz. Bu sadece kaynaklar\u0131 korumakla kalmaz, ayn\u0131 zamanda i\u015f s\u00fcre\u00e7lerimizin verimlili\u011fini de art\u0131r\u0131r. Bu \u015fekilde \u00e7evremizi korumaya aktif olarak katk\u0131da bulunuyor ve g\u00fcnl\u00fck i\u015flerimizi s\u00fcrd\u00fcr\u00fclebilir k\u0131l\u0131yoruz.<\/p>\n\n\n\n<h3 class=\"wp-block-heading has-global-color-2-color has-text-color\">2. Laboe kahve sahilinden s\u0131f\u0131r at\u0131k kutular\u0131<\/h3>\n\n\n\n<p>Ofisimiz i\u00e7in kahvemizi Laboe sahilinden s\u00fcrd\u00fcr\u00fclebilir s\u0131f\u0131r at\u0131k kutular\u0131nda al\u0131yoruz. Bu sistem, aktif olarak israftan ka\u00e7\u0131n\u0131rken tam olarak ihtiyac\u0131m\u0131z olan miktarda organik ve adil ticaret kahvesi almam\u0131z\u0131 sa\u011flar. Kutular kullan\u0131mdan sonra de\u011fi\u015ftirilir, temizlenir ve yeniden kullan\u0131l\u0131r, bu da ambalaj at\u0131klar\u0131ndan tasarruf sa\u011flar ve s\u00fcrd\u00fcr\u00fclebilirli\u011fe katk\u0131da bulunur.<\/p>\n\n\n\n<h3 class=\"wp-block-heading has-global-color-2-color has-text-color\">3. K\u0131sa mesafeler ve a\u011f olu\u015fturma<\/h3>\n\n\n\n<p>S\u00fcrd\u00fcr\u00fclebilir hareket etme \u00e7al\u0131\u015fmalar\u0131m\u0131zda mesafelerimizi k\u0131sa tutmaya b\u00fcy\u00fck \u00f6nem veriyoruz. \u00c7al\u0131\u015fanlar\u0131m\u0131z da i\u015fe giderken \u015firket ara\u00e7lar\u0131m\u0131z\u0131 kullanma imkan\u0131na sahiptir. Ayr\u0131ca, uzun yolculuklardan ka\u00e7\u0131nmak ve b\u00f6ylece CO2 ayak izimizi azaltmak i\u00e7in toplama alan\u0131m\u0131z\u0131 bilin\u00e7li olarak k\u00fc\u00e7\u00fck tutuyoruz. Bu \u00f6nlemlerle, emisyonlar\u0131n azalt\u0131lmas\u0131na ve s\u00fcrd\u00fcr\u00fclebilir mobilitenin desteklenmesine aktif olarak katk\u0131da bulunuyoruz.<\/p>\n\n\n\n<h3 class=\"wp-block-heading has-global-color-2-color has-text-color\">4. Modern ara\u00e7 filosu<\/h3>\n\n\n\n<p>Filomuz tamamen \u00e7evre dostu, d\u00fc\u015f\u00fck emisyonlu yeni ara\u00e7lardan olu\u015fmaktad\u0131r. CO2 emisyonlar\u0131n\u0131n azalt\u0131lmas\u0131na katk\u0131 sa\u011flamak i\u00e7in baz\u0131 ara\u00e7lar\u0131m\u0131z\u0131 hibrit model ve alt\u0131 adet tamamen elektrikli otomobille de\u011fi\u015ftirdik.<\/p>\n\n\n\n<h3 class=\"wp-block-heading has-global-color-2-color has-text-color\">5. Yerel organik meyve ve sebzeler<\/h3>\n\n\n\n<p>S\u00fcrd\u00fcr\u00fclebilirlik stratejimizin bir di\u011fer ad\u0131m\u0131, Hof Wischhof&#8217;un abonelik kutusunun kullan\u0131lmas\u0131d\u0131r. Her hafta b\u00f6lgeden taze organik meyve ve sebzeleri do\u011frudan ofisimize teslim ediyoruz. Bu sadece yerel \u00e7ift\u00e7ileri desteklemekle ve b\u00f6lge ekonomisini desteklemekle kalmaz, ayn\u0131 zamanda ekibimizde sa\u011fl\u0131kl\u0131 ve s\u00fcrd\u00fcr\u00fclebilir beslenme sa\u011flar. Bu sayede daha ye\u015fil ve sa\u011fl\u0131kl\u0131 bir \u00e7al\u0131\u015fma ortam\u0131na aktif olarak katk\u0131da bulunuyoruz.<\/p>\n\n\n\n<h3 class=\"wp-block-heading has-global-color-2-color has-text-color\">6. E-kargo bisikleti ile \u00e7al\u0131\u015fmak<\/h3>\n\n\n\n<figure class=\"wp-block-image size-full\"><img loading=\"lazy\" decoding=\"async\" width=\"600\" height=\"846\" src=\"https:\/\/www.bthuus.de\/wp-content\/uploads\/2022\/12\/MiBu_Emma.jpg\" alt=\"\" class=\"wp-image-398\" srcset=\"https:\/\/www.bthuus.de\/wp-content\/uploads\/2022\/12\/MiBu_Emma.jpg 600w, https:\/\/www.bthuus.de\/wp-content\/uploads\/2022\/12\/MiBu_Emma-213x300.webp 213w\" sizes=\"auto, (max-width: 600px) 100vw, 600px\" \/><\/figure><\/div><\/div>\n","protected":false},"excerpt":{"rendered":"<p>S\u00fcrd\u00fcr\u00fclebilirlik bizim i\u00e7in ne ifade ediyor? Federal Ekonomik \u0130\u015fbirli\u011fi ve Kalk\u0131nma Bakanl\u0131\u011f\u0131 taraf\u0131ndan tan\u0131mland\u0131\u011f\u0131 \u015fekliyle s\u00fcrd\u00fcr\u00fclebilirlik, gelecek nesillerin f\u0131rsatlar\u0131n\u0131 k\u0131s\u0131tlamadan bug\u00fcn\u00fcn ihtiya\u00e7lar\u0131n\u0131 kar\u015f\u0131lamak anlam\u0131na gelir. Bu, s\u00fcrd\u00fcr\u00fclebilirli\u011fin \u00fc\u00e7 boyutunun e\u015fit \u015fekilde ele al\u0131nmas\u0131n\u0131 gerektirir: ekonomik verimlilik, sosyal adalet ve ekolojik s\u00fcrd\u00fcr\u00fclebilirlik. S\u00fcrd\u00fcr\u00fclebilirlik, uzun vadede k\u00fcresel kaynaklar\u0131 korumak i\u00e7in t\u00fcm siyasi kararlar\u0131n temeli olmal\u0131d\u0131r. Bliev to &#8230; <\/p>\n<p class=\"read-more-container\"><a title=\"S\u00fcrd\u00fcr\u00fclebilirlik\" class=\"read-more button\" href=\"https:\/\/www.bthuus.de\/tr\/ueber-uns\/suerdueruelebilirlik\/#more-1940\" aria-label=\"Read more about S\u00fcrd\u00fcr\u00fclebilirlik\">Read more<\/a><\/p>\n","protected":false},"author":1,"featured_media":0,"parent":1817,"menu_order":0,"comment_status":"closed","ping_status":"closed","template":"","meta":{"iawp_total_views":0,"footnotes":""},"class_list":{"0":"post-1940","1":"page","2":"type-page","3":"status-publish","5":"infinite-scroll-item"},"jetpack_sharing_enabled":true,"_links":{"self":[{"href":"https:\/\/www.bthuus.de\/tr\/wp-json\/wp\/v2\/pages\/1940","targetHints":{"allow":["GET"]}}],"collection":[{"href":"https:\/\/www.bthuus.de\/tr\/wp-json\/wp\/v2\/pages"}],"about":[{"href":"https:\/\/www.bthuus.de\/tr\/wp-json\/wp\/v2\/types\/page"}],"author":[{"embeddable":true,"href":"https:\/\/www.bthuus.de\/tr\/wp-json\/wp\/v2\/users\/1"}],"replies":[{"embeddable":true,"href":"https:\/\/www.bthuus.de\/tr\/wp-json\/wp\/v2\/comments?post=1940"}],"version-history":[{"count":0,"href":"https:\/\/www.bthuus.de\/tr\/wp-json\/wp\/v2\/pages\/1940\/revisions"}],"up":[{"embeddable":true,"href":"https:\/\/www.bthuus.de\/tr\/wp-json\/wp\/v2\/pages\/1817"}],"wp:attachment":[{"href":"https:\/\/www.bthuus.de\/tr\/wp-json\/wp\/v2\/media?parent=1940"}],"curies":[{"name":"wp","href":"https:\/\/api.w.org\/{rel}","templated":true}]}}