{"id":1893,"date":"2022-11-04T14:43:13","date_gmt":"2022-11-04T13:43:13","guid":{"rendered":"https:\/\/www.bthuus.de\/hizmetlerimiz\/ev-hizmetleri\/"},"modified":"2023-07-11T12:04:42","modified_gmt":"2023-07-11T10:04:42","slug":"ev-hizmetleri","status":"publish","type":"page","link":"https:\/\/www.bthuus.de\/tr\/hizmetlerimiz\/ev-hizmetleri\/","title":{"rendered":"ev hizmetleri"},"content":{"rendered":"\n<div class=\"wp-block-group has-global-color-6-background-color has-background\"><div class=\"wp-block-group__inner-container is-layout-constrained wp-block-group-is-layout-constrained\">\n<p>Temizlik departman\u0131m\u0131z sizin i\u00e7in a\u015fa\u011f\u0131dakileri yapmaktan mutluluk duyacakt\u0131r:<\/p>\n\n\n\n<h2 class=\"wp-block-heading\">daire temizli\u011fi<\/h2>\n\n\n\n<p>Buna zeminlerin, mobilyalar\u0131n, pencerelerin, banyolar\u0131n ve mutfaklar\u0131n temizlenmesi ve yataklar\u0131n yap\u0131lmas\u0131 dahildir.<\/p>\n\n\n\n<h2 class=\"wp-block-heading\">\u00c7ama\u015f\u0131rlar\u0131\/k\u0131yafetleri y\u0131kamak<\/h2>\n\n\n\n<p>Bu, tekstillerin b\u00f6l\u00fcnmesi ve tasnif edilmesi, y\u0131kanmas\u0131, as\u0131lmas\u0131, \u00fct\u00fclenmesi, dolaptaki giysilerin onar\u0131lmas\u0131 ve tasnif edilmesi ve yataklar\u0131n haz\u0131rlanmas\u0131n\u0131 i\u00e7erir.<\/p>\n\n\n\n<h2 class=\"wp-block-heading\">Al\u0131\u015fveri\u015f<\/h2>\n\n\n\n<p>Sat\u0131n alma ayn\u0131 zamanda g\u0131da, temizlik ve v\u00fccut bak\u0131m \u00fcr\u00fcnleri tedariki i\u00e7in sat\u0131n alma planlamas\u0131n\u0131 da i\u00e7erir.<\/p>\n\n\n\n<h2 class=\"wp-block-heading\">A\u015f\u00e7\u0131<\/h2>\n\n\n\n<p>Yemek yapmak, ya\u015f\u0131n\u0131z\u0131 ve ya\u015fam ko\u015fullar\u0131n\u0131z\u0131 dikkate alarak do\u011fru beslenme i\u00e7in bir men\u00fc olu\u015fturman\u0131n yan\u0131 s\u0131ra yemeklerin bile\u015fenlerini haz\u0131rlamak ve haz\u0131rlamakt\u0131r.<\/p>\n\n\n\n<h2 class=\"wp-block-heading\">Doktora refakat \/ seyahat hizmetleri<\/h2>\n\n\n\n<p>Yurti\u00e7i hizmetler yelpazemiz ayn\u0131 zamanda doktora gezileri veya di\u011fer seyahat hizmetlerini de i\u00e7ermektedir.<\/p>\n\n\n\n<p>Bu hizmetler, bak\u0131m\u0131n bir par\u00e7as\u0131 olarak, \u00a7 45b SGB XI uyar\u0131nca yard\u0131m hizmetleri olarak veya \u00f6zel bir hizmet olarak kullan\u0131labilir.<\/p>\n<\/div><\/div>\n\n<div style=\"height:50px\" aria-hidden=\"true\" class=\"wp-block-spacer no-mobile\"><\/div>\n\n<div data-aos-delay=\"1000\" data-aos-duration=\"1500\" data-aos-once=\"true\" data-aos=\"fade-up\" class=\"wp-block-group has-global-color-6-background-color has-background\"><div class=\"wp-block-group__inner-container is-layout-constrained wp-block-group-is-layout-constrained\">\n<h2 class=\"wp-block-heading\">Yard\u0131m etmekten mutluluk duyar\u0131z!<\/h2>\n\n\n\n<p>Kapsaml\u0131 g\u00f6r\u00fc\u015fmelerden sonra, <strong>ihtiya\u00e7lar\u0131n\u0131za en uygun \u015fekilde uyarlanm\u0131\u015f<\/strong> , sizinle birlikte <strong>bireysel bir konsept<\/strong> \u00fczerinde \u00e7al\u0131\u015faca\u011f\u0131z.<\/p>\n\n\n\n<p>Ayakta tedavi a\u00e7\u0131s\u0131ndan <strong>birbirini tan\u0131mak i\u00e7in yap\u0131lan ki\u015fisel g\u00f6r\u00fc\u015fme<\/strong> vazge\u00e7ilmezdir. Bizimle bir konu\u015fma ayarlamaktan \u00e7ekinmeyin!<\/p>\n\n\n\n<div class=\"wp-block-buttons is-layout-flex wp-block-buttons-is-layout-flex\">\n<div class=\"wp-block-button has-custom-width wp-block-button__width-100\"><a class=\"wp-block-button__link wp-element-button\" href=\"tel:04316473730\" style=\"border-radius:0px\" target=\"_blank\" rel=\"noreferrer noopener\">\u2192 ara<\/a><\/div>\n\n\n\n<div class=\"wp-block-button has-custom-width wp-block-button__width-100\"><a class=\"wp-block-button__link wp-element-button\" href=\"https:\/\/www.bthuus.de\/tr\/temas-etmek\/#formular\" style=\"border-radius:0px\">ileti\u015fim formu<\/a><\/div>\n\n\n\n<div class=\"wp-block-button has-custom-width wp-block-button__width-100\"><a class=\"wp-block-button__link wp-element-button\" href=\"mailto:info@bthuus.de\" style=\"border-radius:0px\" target=\"_blank\" rel=\"noreferrer noopener\">\u2192 Bir e-posta yaz\u0131n<\/a><\/div>\n<\/div>\n<\/div><\/div>\n","protected":false},"excerpt":{"rendered":"<p>Temizlik departman\u0131m\u0131z sizin i\u00e7in a\u015fa\u011f\u0131dakileri yapmaktan mutluluk duyacakt\u0131r: daire temizli\u011fi Buna zeminlerin, mobilyalar\u0131n, pencerelerin, banyolar\u0131n ve mutfaklar\u0131n temizlenmesi ve yataklar\u0131n yap\u0131lmas\u0131 dahildir. \u00c7ama\u015f\u0131rlar\u0131\/k\u0131yafetleri y\u0131kamak Bu, tekstillerin b\u00f6l\u00fcnmesi ve tasnif edilmesi, y\u0131kanmas\u0131, as\u0131lmas\u0131, \u00fct\u00fclenmesi, dolaptaki giysilerin onar\u0131lmas\u0131 ve tasnif edilmesi ve yataklar\u0131n haz\u0131rlanmas\u0131n\u0131 i\u00e7erir. Al\u0131\u015fveri\u015f Sat\u0131n alma ayn\u0131 zamanda g\u0131da, temizlik ve v\u00fccut bak\u0131m \u00fcr\u00fcnleri tedariki &#8230; <\/p>\n<p class=\"read-more-container\"><a title=\"ev hizmetleri\" class=\"read-more button\" href=\"https:\/\/www.bthuus.de\/tr\/hizmetlerimiz\/ev-hizmetleri\/#more-1893\" aria-label=\"Read more about ev hizmetleri\">Read more<\/a><\/p>\n","protected":false},"author":1,"featured_media":0,"parent":1797,"menu_order":0,"comment_status":"closed","ping_status":"closed","template":"","meta":{"iawp_total_views":30,"footnotes":""},"class_list":{"0":"post-1893","1":"page","2":"type-page","3":"status-publish","5":"infinite-scroll-item"},"jetpack_sharing_enabled":true,"_links":{"self":[{"href":"https:\/\/www.bthuus.de\/tr\/wp-json\/wp\/v2\/pages\/1893","targetHints":{"allow":["GET"]}}],"collection":[{"href":"https:\/\/www.bthuus.de\/tr\/wp-json\/wp\/v2\/pages"}],"about":[{"href":"https:\/\/www.bthuus.de\/tr\/wp-json\/wp\/v2\/types\/page"}],"author":[{"embeddable":true,"href":"https:\/\/www.bthuus.de\/tr\/wp-json\/wp\/v2\/users\/1"}],"replies":[{"embeddable":true,"href":"https:\/\/www.bthuus.de\/tr\/wp-json\/wp\/v2\/comments?post=1893"}],"version-history":[{"count":0,"href":"https:\/\/www.bthuus.de\/tr\/wp-json\/wp\/v2\/pages\/1893\/revisions"}],"up":[{"embeddable":true,"href":"https:\/\/www.bthuus.de\/tr\/wp-json\/wp\/v2\/pages\/1797"}],"wp:attachment":[{"href":"https:\/\/www.bthuus.de\/tr\/wp-json\/wp\/v2\/media?parent=1893"}],"curies":[{"name":"wp","href":"https:\/\/api.w.org\/{rel}","templated":true}]}}