{"id":1845,"date":"2022-11-04T14:40:38","date_gmt":"2022-11-04T13:40:38","guid":{"rendered":"https:\/\/www.bthuus.de\/hakkimizda\/felsefe\/"},"modified":"2023-07-11T12:04:18","modified_gmt":"2023-07-11T10:04:18","slug":"felsefe","status":"publish","type":"page","link":"https:\/\/www.bthuus.de\/tr\/ueber-uns\/felsefe\/","title":{"rendered":"Felsefe"},"content":{"rendered":"\n<div class=\"wp-block-group has-global-color-6-background-color has-background\"><div class=\"wp-block-group__inner-container is-layout-constrained wp-block-group-is-layout-constrained\">\n<h2 class=\"wp-block-heading\">bizim felsefemiz<\/h2>\n\n\n\n<blockquote class=\"wp-block-quote has-medium-font-size is-layout-flow wp-block-quote-is-layout-flow\">\n<p>&#8221; <em>\u0130nsan onuru dokunulmazd\u0131r.&#8221;<\/em><\/p>\n<cite><em>(Madde 1, Alman Temel Kanunu)<\/em><\/cite><\/blockquote>\n\n\n\n<p>Eylemlerimizin odak noktas\u0131, benzersizli\u011fi i\u00e7indeki insand\u0131r.<\/p>\n<\/div><\/div>\n\n<div style=\"height:50px\" aria-hidden=\"true\" class=\"wp-block-spacer no-mobile\"><\/div>\n\n<div class=\"wp-block-group has-global-color-6-background-color has-background\"><div class=\"wp-block-group__inner-container is-layout-constrained wp-block-group-is-layout-constrained\">\n<h2 class=\"wp-block-heading\">Bak\u0131m konseptimiz<\/h2>\n\n\n\n<p>Her bir hastam\u0131z\u0131 anl\u0131yoruz<\/p>\n\n\n\n<ul class=\"wp-block-list\">\n<li>beden, zihin ve ruhun ayr\u0131lmaz bir b\u00fct\u00fcn\u00fc olarak<\/li>\n\n\n\n<li>ya\u015fam aktivitelerine y\u00f6n veren bir birey olarak<\/li>\n<\/ul>\n\n\n\n<p>Kaynaklar\u0131n te\u015fviki, faaliyetlerin ve eylemlerin yerine getirilmesinden \u00f6nce gelir.<\/p>\n\n\n\n<ul class=\"wp-block-list\">\n<li><strong>\u0130nanc\u0131, cinsiyeti, milliyeti ve k\u00f6keni ne olursa olsun herkese sayg\u0131yla davran\u0131r\u0131z.<\/strong><\/li>\n\n\n\n<li>Hastan\u0131n\/dan\u0131\u015fan\u0131n ya\u015fam kalitesini hem korumak hem de y\u00fckseltmek ve b\u00f6ylece m\u00fcmk\u00fcn oldu\u011fu kadar uzun s\u00fcre evlerinde kalmalar\u0131n\u0131 sa\u011flamak istiyoruz.<\/li>\n\n\n\n<li>Kaynaklar\u0131 dikkate alarak hasta\/dan\u0131\u015fan ve yak\u0131nlar\u0131n\u0131 hem\u015firelik kararlar\u0131na dahil ederiz.<\/li>\n\n\n\n<li><strong>Tan\u0131d\u0131k bir ortamda,<\/strong> hastan\u0131n istek ve ihtiya\u00e7lar\u0131n\u0131 \u00f6\u011frenmek ve m\u00fcmk\u00fcn oldu\u011funca bunlar\u0131 yerine getirmek istiyoruz.<\/li>\n\n\n\n<li>\u00d6lmekte olanlara evlerinde e\u015flik ediyor, gece g\u00fcnd\u00fcz onlar\u0131n ve yak\u0131nlar\u0131n\u0131n yan\u0131nday\u0131z. Hastan\u0131n\/hastan\u0131n bak\u0131m\u0131na dahil olan t\u00fcm ki\u015filerle g\u00fcvene dayal\u0131 bir \u015fekilde birlikte \u00e7al\u0131\u015f\u0131r\u0131z ve tekliflerimizi bir a\u011f haline getiririz. Bu, ev bak\u0131m\u0131, bo\u015f zaman etkinlikleri, g\u00fcnl\u00fck geziler ve bak\u0131m, doktorlara refakat ve terapileri tek bir kaynaktan sunmam\u0131z\u0131 sa\u011flar.<\/li>\n\n\n\n<li>Nitelikli personele de\u011fer verir, \u00e7al\u0131\u015fanlar\u0131m\u0131z\u0131 beceri ve yetkinliklerine g\u00f6re g\u00f6revlendiririz.<\/li>\n\n\n\n<li>\u00c7al\u0131\u015fanlar\u0131m\u0131z\u0131n d\u00fczenli e\u011fitim ve ileri e\u011fitim almalar\u0131n\u0131 sa\u011fl\u0131yoruz.<\/li>\n\n\n\n<li>Y\u00fcksek kaliteli bir bak\u0131m i\u00e7in \u00e7al\u0131\u015f\u0131yoruz. Bunun \u00f6n ko\u015fulu hem\u015firelik s\u00fcrecinin kurallar\u0131na uygun \u00e7al\u0131\u015fmakt\u0131r.<\/li>\n\n\n\n<li>\u00c7al\u0131\u015fanlar\u0131 kararlara dahil eder, fikir ve \u00f6nerilerde bulunmalar\u0131 i\u00e7in onlar\u0131 te\u015fvik ederiz.<\/li>\n\n\n\n<li>A\u00e7\u0131k ileti\u015fimi te\u015fvik eder, birbirimizi destekler, s\u0131n\u0131rlar\u0131m\u0131z\u0131, g\u00fc\u00e7l\u00fc ve zay\u0131f y\u00f6nlerimizi kabul ederiz. Bu, iyi bir \u00e7al\u0131\u015fma ortam\u0131n\u0131 garanti etmemizi sa\u011flar.<\/li>\n<\/ul>\n<\/div><\/div>\n","protected":false},"excerpt":{"rendered":"<p>bizim felsefemiz &#8221; \u0130nsan onuru dokunulmazd\u0131r.&#8221; Eylemlerimizin odak noktas\u0131, benzersizli\u011fi i\u00e7indeki insand\u0131r. Bak\u0131m konseptimiz Her bir hastam\u0131z\u0131 anl\u0131yoruz Kaynaklar\u0131n te\u015fviki, faaliyetlerin ve eylemlerin yerine getirilmesinden \u00f6nce gelir.<\/p>\n","protected":false},"author":1,"featured_media":0,"parent":1817,"menu_order":0,"comment_status":"closed","ping_status":"closed","template":"","meta":{"iawp_total_views":0,"footnotes":""},"class_list":{"0":"post-1845","1":"page","2":"type-page","3":"status-publish","5":"infinite-scroll-item"},"jetpack_sharing_enabled":true,"_links":{"self":[{"href":"https:\/\/www.bthuus.de\/tr\/wp-json\/wp\/v2\/pages\/1845","targetHints":{"allow":["GET"]}}],"collection":[{"href":"https:\/\/www.bthuus.de\/tr\/wp-json\/wp\/v2\/pages"}],"about":[{"href":"https:\/\/www.bthuus.de\/tr\/wp-json\/wp\/v2\/types\/page"}],"author":[{"embeddable":true,"href":"https:\/\/www.bthuus.de\/tr\/wp-json\/wp\/v2\/users\/1"}],"replies":[{"embeddable":true,"href":"https:\/\/www.bthuus.de\/tr\/wp-json\/wp\/v2\/comments?post=1845"}],"version-history":[{"count":0,"href":"https:\/\/www.bthuus.de\/tr\/wp-json\/wp\/v2\/pages\/1845\/revisions"}],"up":[{"embeddable":true,"href":"https:\/\/www.bthuus.de\/tr\/wp-json\/wp\/v2\/pages\/1817"}],"wp:attachment":[{"href":"https:\/\/www.bthuus.de\/tr\/wp-json\/wp\/v2\/media?parent=1845"}],"curies":[{"name":"wp","href":"https:\/\/api.w.org\/{rel}","templated":true}]}}