{"id":1817,"date":"2022-11-04T14:39:57","date_gmt":"2022-11-04T13:39:57","guid":{"rendered":"https:\/\/www.bthuus.de\/hakkimizda\/"},"modified":"2023-09-26T16:00:02","modified_gmt":"2023-09-26T14:00:02","slug":"ueber-uns","status":"publish","type":"page","link":"https:\/\/www.bthuus.de\/tr\/ueber-uns\/","title":{"rendered":"Hakk\u0131m\u0131zda"},"content":{"rendered":"\n<div class=\"wp-block-group has-global-color-6-background-color has-background\"><div class=\"wp-block-group__inner-container is-layout-constrained wp-block-group-is-layout-constrained\">\n<h2 class=\"wp-block-heading\">Kiel &amp; Bredenbek&#8217;te ayakta hasta bak\u0131m hizmeti<\/h2>\n\n\n\n<p>1994&#8217;ten bu yana <strong>Kiel ve Bredenbek&#8217;teki ofislerimizle<\/strong> m\u00fc\u015fterilerimizin ve hastalar\u0131m\u0131z\u0131n bak\u0131ma ve\/veya ev i\u015flerinde yard\u0131ma muhta\u00e7 olsalar bile evde ve tan\u0131d\u0131k \u00e7evrelerinde kalmalar\u0131n\u0131 m\u00fcmk\u00fcn k\u0131ld\u0131k. Ayakta tedavi se\u00e7enekleri hakk\u0131nda size kapsaml\u0131 bilgi vermekten mutluluk duyar\u0131z.<\/p>\n\n\n\n<p>Yard\u0131ma muhta\u00e7 ki\u015fi ve\/veya akrabalar\u0131 ile kapsaml\u0131 g\u00f6r\u00fc\u015fmelerden sonra, ihtiya\u00e7lar\u0131n\u0131za en uygun \u015fekilde uyarlanm\u0131\u015f <strong>bireysel bir konsept<\/strong> \u00fczerinde sizinle birlikte \u00e7al\u0131\u015f\u0131r\u0131z. Bu, \u00f6rne\u011fin bir hastal\u0131k s\u0131ras\u0131nda veya sonras\u0131nda veya ge\u00e7ici olarak yard\u0131m almak veya bakmakta olan akrabalar\u0131n yan\u0131nda durmak gibi durumlarda oldu\u011fu gibi yaln\u0131zca ge\u00e7ici olarak yard\u0131ma muhta\u00e7 durumdaysan\u0131z da ge\u00e7erlidir.<\/p>\n\n\n\n<p>Hanehalk\u0131 deste\u011finden acil \u00e7a\u011fr\u0131 sistemlerinin sa\u011flanmas\u0131na, ya\u015fl\u0131 ve hastalara normal bak\u0131mdan ba\u015flayarak palyatif bak\u0131ma kadar deste\u011fimizle size ev ortam\u0131n\u0131zda kalma imkan\u0131 sunuyoruz.<\/p>\n\n\n\n<p>Bu nedenle, art\u0131k kendi ba\u015f\u0131n\u0131za idare edemiyorsan\u0131z ve yine de evde kalmak istiyorsan\u0131z, <strong>Bliev to Huus&#8217;taki ayakta hasta bak\u0131m ekibiniz olan<\/strong> bizimle ileti\u015fime ge\u00e7in .<\/p>\n\n\n\n<p>Yard\u0131m etmek i\u00e7in buraday\u0131z!<\/p>\n<\/div><\/div>\n\n<div style=\"height:50px\" aria-hidden=\"true\" class=\"wp-block-spacer\"><\/div>\n\n<div class=\"wp-block-group has-global-color-6-background-color has-background\"><div class=\"wp-block-group__inner-container is-layout-constrained wp-block-group-is-layout-constrained\">\n<h2 class=\"wp-block-heading\">Y\u00f6netim<\/h2>\n\n\n<div class=\"tmm tmm_verwaltung\"><div class=\"tmm_3_columns tmm_wrap tmm_plugin_f\"><span class=\"tmm_two_containers_tablet\"><\/span><div class=\"tmm_container\"><div class=\"tmm_member\" style=\"border-top:#019bdd solid 5px;\"><div class=\"tmm_photo tmm_pic_verwaltung_0\" style=\"background: url(https:\/\/www.bthuus.de\/wp-content\/uploads\/2023\/01\/Gaby-Joehnk.webp); margin-left: auto; margin-right:auto; background-size:cover !important;\"><\/div><div class=\"tmm_textblock\"><div class=\"tmm_names\"><span class=\"tmm_fname\">Gaby<\/span> <span class=\"tmm_lname\">J\u00f6hnk<\/span><\/div><div class=\"tmm_job\">Industriekaufmann, Leitung Verwaltung &amp; Personal<\/div><div class=\"tmm_scblock\"><\/div><\/div><\/div><div class=\"tmm_member\" style=\"border-top:#019bdd solid 5px;\"><div class=\"tmm_photo tmm_pic_verwaltung_1\" style=\"background: url(https:\/\/www.bthuus.de\/wp-content\/uploads\/2023\/01\/Nadine_Herrmann-jpg.webp); margin-left: auto; margin-right:auto; background-size:cover !important;\"><\/div><div class=\"tmm_textblock\"><div class=\"tmm_names\"><span class=\"tmm_fname\">Nadine<\/span> <span class=\"tmm_lname\">Roth<\/span><\/div><div class=\"tmm_job\">Kauffrau im Gesundheitswesen, Verwaltung Kiel<\/div><div class=\"tmm_scblock\"><\/div><\/div><\/div><span class=\"tmm_two_containers_tablet\"><\/span><div class=\"tmm_member\" style=\"border-top:#019bdd solid 5px;\"><div class=\"tmm_photo tmm_pic_verwaltung_2\" style=\"background: url(https:\/\/www.bthuus.de\/wp-content\/uploads\/2024\/11\/Fatima_Zaghloul.jpg); margin-left: auto; margin-right:auto; background-size:cover !important;\"><\/div><div class=\"tmm_textblock\"><div class=\"tmm_names\"><span class=\"tmm_fname\">Fatima<\/span> <span class=\"tmm_lname\">Zaghloul<\/span><\/div><div class=\"tmm_job\">Verwaltungsangestellte<\/div><div class=\"tmm_scblock\"><\/div><\/div><\/div><div style=\"clear:both;\"><\/div><\/div><\/div><\/div>\n<\/div><\/div>\n\n<div style=\"height:50px\" aria-hidden=\"true\" class=\"wp-block-spacer\"><\/div>\n\n<div class=\"wp-block-group has-global-color-6-background-color has-background\"><div class=\"wp-block-group__inner-container is-layout-constrained wp-block-group-is-layout-constrained\">\n<h2 class=\"wp-block-heading\">Hem\u015firelik y\u00f6netimi<\/h2>\n\n\n<div class=\"tmm tmm_pflegedienstleitung\"><div class=\"tmm_3_columns tmm_wrap tmm_theme_f\"><span class=\"tmm_two_containers_tablet\"><\/span><div class=\"tmm_container\"><div class=\"tmm_member\" style=\"border-top:#019bdd solid 5px;\"><div class=\"tmm_photo tmm_pic_pflegedienstleitung_0\" style=\"background: url(https:\/\/www.bthuus.de\/wp-content\/uploads\/2022\/11\/Michael_Burkel.jpg); margin-left: auto; margin-right:auto; background-size:cover !important;\"><\/div><div class=\"tmm_textblock\"><div class=\"tmm_names\"><span class=\"tmm_fname\">Michael<\/span> <span class=\"tmm_lname\">Burkel<\/span><\/div><div class=\"tmm_job\">Krankenpfleger, Pflegedienstleitung, Palliative Care Pflegefachkraft, Supervisor<\/div><div class=\"tmm_scblock\"><\/div><\/div><\/div><div class=\"tmm_member\" style=\"border-top:#019bdd solid 5px;\"><div class=\"tmm_photo tmm_pic_pflegedienstleitung_1\" style=\"background: url(https:\/\/www.bthuus.de\/wp-content\/uploads\/2023\/01\/Sven_Stuhr_Pflegedienstleitung-jpg.webp); margin-left: auto; margin-right:auto; background-size:cover !important;\"><\/div><div class=\"tmm_textblock\"><div class=\"tmm_names\"><span class=\"tmm_fname\">Sven<\/span> <span class=\"tmm_lname\">Stuhr<\/span><\/div><div class=\"tmm_job\">Altenpfleger, Pflegedienstleitung, Palliative Care Pflegefachkraft, Heimleiter<\/div><div class=\"tmm_scblock\"><\/div><\/div><\/div><span class=\"tmm_two_containers_tablet\"><\/span><div class=\"tmm_member\" style=\"border-top:#019bdd solid 5px;\"><div class=\"tmm_photo tmm_pic_pflegedienstleitung_2\" style=\"background: url(https:\/\/www.bthuus.de\/wp-content\/uploads\/2024\/11\/asta_burkel.jpg); margin-left: auto; margin-right:auto; background-size:cover !important;\"><\/div><div class=\"tmm_textblock\"><div class=\"tmm_names\"><span class=\"tmm_fname\">Asta<\/span> <span class=\"tmm_lname\">Burkel<\/span><\/div><div class=\"tmm_job\">Krankenschwester, Fachkraft f\u00fcr An\u00e4sthesie &amp; Intensivmedizin, QM Beauftragte, BA Sozial- &amp; Gesundheitsmangement, Stellvertretende Pflegedienstleitung<\/div><div class=\"tmm_scblock\"><\/div><\/div><\/div><div style=\"clear:both;\"><\/div><\/div><\/div><\/div>\n<\/div><\/div>\n\n<div style=\"height:50px\" aria-hidden=\"true\" class=\"wp-block-spacer\"><\/div>\n\n<div class=\"wp-block-group has-global-color-6-background-color has-background\"><div class=\"wp-block-group__inner-container is-layout-constrained wp-block-group-is-layout-constrained\">\n<h2 class=\"wp-block-heading\">Bak\u0131m<\/h2>\n\n\n<div class=\"tmm tmm_pflege\"><div class=\"tmm_3_columns tmm_wrap tmm_theme_f\"><span class=\"tmm_two_containers_tablet\"><\/span><div class=\"tmm_container\"><div class=\"tmm_member\" style=\"border-top:#019bdd solid 5px;\"><div class=\"tmm_photo tmm_pic_pflege_0\" style=\"background: url(https:\/\/www.bthuus.de\/wp-content\/uploads\/2023\/01\/ueber_uns_portrait_platzhalter-jpg.webp); margin-left: auto; margin-right:auto; background-size:cover !important;\"><\/div><div class=\"tmm_textblock\"><div class=\"tmm_names\"><span class=\"tmm_fname\">Faka<\/span> <span class=\"tmm_lname\">Rasmussen<\/span><\/div><div class=\"tmm_job\">Pflegehelferin<\/div><div class=\"tmm_scblock\"><\/div><\/div><\/div><div class=\"tmm_member\" style=\"border-top:#019bdd solid 5px;\"><div class=\"tmm_photo tmm_pic_pflege_1\" style=\"background: url(https:\/\/www.bthuus.de\/wp-content\/uploads\/2023\/01\/ueber_uns_portrait_platzhalter-jpg.webp); margin-left: auto; margin-right:auto; background-size:cover !important;\"><\/div><div class=\"tmm_textblock\"><div class=\"tmm_names\"><span class=\"tmm_fname\">Inken<\/span> <span class=\"tmm_lname\">Thiedemann<\/span><\/div><div class=\"tmm_job\">Krankenschwester<\/div><div class=\"tmm_scblock\"><\/div><\/div><\/div><span class=\"tmm_two_containers_tablet\"><\/span><div class=\"tmm_member\" style=\"border-top:#019bdd solid 5px;\"><div class=\"tmm_photo tmm_pic_pflege_2\" style=\"background: url(https:\/\/www.bthuus.de\/wp-content\/uploads\/2023\/01\/Jaquline_Kriegel_Krankenschwester_Parkinson_Fachschwester-jpg.webp); margin-left: auto; margin-right:auto; background-size:cover !important;\"><\/div><div class=\"tmm_textblock\"><div class=\"tmm_names\"><span class=\"tmm_fname\">Jacqueline<\/span> <span class=\"tmm_lname\">Kriegel<\/span><\/div><div class=\"tmm_job\">Krankenschwester, Parkinson Fachschwester<\/div><div class=\"tmm_scblock\"><\/div><\/div><\/div><\/div><span class=\"tmm_columns_containers_desktop\"><\/span><div class=\"tmm_container\"><div class=\"tmm_member\" style=\"border-top:#019bdd solid 5px;\"><div class=\"tmm_photo tmm_pic_pflege_3\" style=\"background: url(https:\/\/www.bthuus.de\/wp-content\/uploads\/2023\/01\/Joanna_Franszak.webp); margin-left: auto; margin-right:auto; background-size:cover !important;\"><\/div><div class=\"tmm_textblock\"><div class=\"tmm_names\"><span class=\"tmm_fname\">Joanna<\/span> <span class=\"tmm_lname\">Franczak<\/span><\/div><div class=\"tmm_job\">Pflegehelferin<\/div><div class=\"tmm_scblock\"><\/div><\/div><\/div><span class=\"tmm_two_containers_tablet\"><\/span><div class=\"tmm_member\" style=\"border-top:#019bdd solid 5px;\"><div class=\"tmm_photo tmm_pic_pflege_4\" style=\"background: url(https:\/\/www.bthuus.de\/wp-content\/uploads\/2023\/01\/Oliver_Berthold_Altenpfleger_Palliativpflegekraft-jpg.webp); margin-left: auto; margin-right:auto; background-size:cover !important;\"><\/div><div class=\"tmm_textblock\"><div class=\"tmm_names\"><span class=\"tmm_fname\">Oliver<\/span> <span class=\"tmm_lname\">Berthold<\/span><\/div><div class=\"tmm_job\">Altenpfleger, Palliative Care Pflegefachkraft<\/div><div class=\"tmm_scblock\"><\/div><\/div><\/div><div class=\"tmm_member\" style=\"border-top:#019bdd solid 5px;\"><div class=\"tmm_photo tmm_pic_pflege_5\" style=\"background: url(https:\/\/www.bthuus.de\/wp-content\/uploads\/2023\/01\/ueber_uns_portrait_platzhalter-jpg.webp); margin-left: auto; margin-right:auto; background-size:cover !important;\"><\/div><div class=\"tmm_textblock\"><div class=\"tmm_names\"><span class=\"tmm_fname\">Sabine<\/span> <span class=\"tmm_lname\">Kehring<\/span><\/div><div class=\"tmm_job\">Altenpflegerin<\/div><div class=\"tmm_scblock\"><\/div><\/div><\/div><span class=\"tmm_two_containers_tablet\"><\/span><\/div><span class=\"tmm_columns_containers_desktop\"><\/span><div class=\"tmm_container\"><div class=\"tmm_member\" style=\"border-top:#019bdd solid 5px;\"><div class=\"tmm_photo tmm_pic_pflege_6\" style=\"background: url(https:\/\/www.bthuus.de\/wp-content\/uploads\/2023\/01\/Sabine_Steinhoff.webp); margin-left: auto; margin-right:auto; background-size:cover !important;\"><\/div><div class=\"tmm_textblock\"><div class=\"tmm_names\"><span class=\"tmm_fname\">Sabine<\/span> <span class=\"tmm_lname\">Steinhoff<\/span><\/div><div class=\"tmm_job\">Altenpflegerin, Palliative Care Pflegefachkraft<\/div><div class=\"tmm_scblock\"><\/div><\/div><\/div><div class=\"tmm_member\" style=\"border-top:#019bdd solid 5px;\"><div class=\"tmm_photo tmm_pic_pflege_7\" style=\"background: url(https:\/\/www.bthuus.de\/wp-content\/uploads\/2024\/11\/Julia_Schulz.jpg); margin-left: auto; margin-right:auto; background-size:cover !important;\"><\/div><div class=\"tmm_textblock\"><div class=\"tmm_names\"><span class=\"tmm_fname\">Julia<\/span> <span class=\"tmm_lname\">Schulz<\/span><\/div><div class=\"tmm_job\">Fachkraft f\u00fcr Hauswirtschaft und Sozialpflege<\/div><div class=\"tmm_scblock\"><\/div><\/div><\/div><span class=\"tmm_two_containers_tablet\"><\/span><div class=\"tmm_member\" style=\"border-top:#019bdd solid 5px;\"><div class=\"tmm_photo tmm_pic_pflege_8\" style=\"background: url(https:\/\/www.bthuus.de\/wp-content\/uploads\/2023\/01\/ueber_uns_portrait_platzhalter-jpg.webp); margin-left: auto; margin-right:auto; background-size:cover !important;\"><\/div><div class=\"tmm_textblock\"><div class=\"tmm_names\"><span class=\"tmm_fname\">Katarzyna<\/span> <span class=\"tmm_lname\">Rose<\/span><\/div><div class=\"tmm_job\">Pflegehelferin<\/div><div class=\"tmm_scblock\"><\/div><\/div><\/div><\/div><span class=\"tmm_columns_containers_desktop\"><\/span><div class=\"tmm_container\"><div class=\"tmm_member\" style=\"border-top:#019bdd solid 5px;\"><div class=\"tmm_photo tmm_pic_pflege_9\" style=\"background: url(https:\/\/www.bthuus.de\/wp-content\/uploads\/2023\/01\/ueber_uns_portrait_platzhalter-jpg.webp); margin-left: auto; margin-right:auto; background-size:cover !important;\"><\/div><div class=\"tmm_textblock\"><div class=\"tmm_names\"><span class=\"tmm_fname\">Ute<\/span> <span class=\"tmm_lname\">Br\u00fcgmann<\/span><\/div><div class=\"tmm_job\">Arzthelferin, Hauswirtschaft<\/div><div class=\"tmm_scblock\"><\/div><\/div><\/div><span class=\"tmm_two_containers_tablet\"><\/span><div class=\"tmm_member\" style=\"border-top:#019bdd solid 5px;\"><div class=\"tmm_textblock\"><div class=\"tmm_names\"><span class=\"tmm_fname\">Kathrin<\/span> <span class=\"tmm_lname\">Andresen<\/span><\/div><div class=\"tmm_job\">Altenpflegerin<\/div><div class=\"tmm_scblock\"><\/div><\/div><\/div><div class=\"tmm_member\" style=\"border-top:#019bdd solid 5px;\"><div class=\"tmm_textblock\"><div class=\"tmm_names\"><span class=\"tmm_fname\">Michele<\/span> <span class=\"tmm_lname\">Prowasnik<\/span><\/div><div class=\"tmm_job\">Pflegehelferin<\/div><div class=\"tmm_scblock\"><\/div><\/div><\/div><div style=\"clear:both;\"><\/div><\/div><\/div><\/div>\n<\/div><\/div>\n\n<div style=\"height:50px\" aria-hidden=\"true\" class=\"wp-block-spacer\"><\/div>\n\n<div class=\"wp-block-group has-global-color-6-background-color has-background\"><div class=\"wp-block-group__inner-container is-layout-constrained wp-block-group-is-layout-constrained\">\n<h2 class=\"wp-block-heading\">Bak\u0131m<\/h2>\n\n\n<div class=\"tmm tmm_betreuung\"><div class=\"tmm_3_columns tmm_wrap tmm_plugin_f\"><span class=\"tmm_two_containers_tablet\"><\/span><div class=\"tmm_container\"><div class=\"tmm_member\" style=\"border-top:#019bdd solid 5px;\"><div class=\"tmm_photo tmm_pic_betreuung_0\" style=\"background: url(https:\/\/www.bthuus.de\/wp-content\/uploads\/2024\/11\/elle_hidde.jpg); margin-left: auto; margin-right:auto; background-size:cover !important;\"><\/div><div class=\"tmm_textblock\"><div class=\"tmm_names\"><span class=\"tmm_fname\">Ellen<\/span> <span class=\"tmm_lname\">Hidde<\/span><\/div><div class=\"tmm_job\">Schwesternhelferin, Betreuungsassistentin (\u00a745 SGB11), Hauswirtschaft<\/div><div class=\"tmm_scblock\"><\/div><\/div><\/div><div class=\"tmm_member\" style=\"border-top:#019bdd solid 5px;\"><div class=\"tmm_photo tmm_pic_betreuung_1\" style=\"background: url(https:\/\/www.bthuus.de\/wp-content\/uploads\/2023\/01\/ueber_uns_portrait_platzhalter-jpg.webp); margin-left: auto; margin-right:auto; background-size:cover !important;\"><\/div><div class=\"tmm_textblock\"><div class=\"tmm_names\"><span class=\"tmm_fname\">Marlies<\/span> <span class=\"tmm_lname\">Knoll<\/span><\/div><div class=\"tmm_job\">Pflegehelferin, Betreuungsassistentin (\u00a745 SGB11), Hauswirtschaft, Vertretung Hauswirtschaftsleitung<\/div><div class=\"tmm_scblock\"><\/div><\/div><\/div><span class=\"tmm_two_containers_tablet\"><\/span><div class=\"tmm_member\" style=\"border-top:#019bdd solid 5px;\"><div class=\"tmm_photo tmm_pic_betreuung_2\" style=\"background: url(https:\/\/www.bthuus.de\/wp-content\/uploads\/2023\/01\/Marina_Schwanebeck_Hauswirtschaft_Betreuungskraft-jpg.webp); margin-left: auto; margin-right:auto; background-size:cover !important;\"><\/div><div class=\"tmm_textblock\"><div class=\"tmm_names\"><span class=\"tmm_fname\">Marina<\/span> <span class=\"tmm_lname\">Schwanebeck<\/span><\/div><div class=\"tmm_job\">Pflegehelferin, Betreuungskraft (\u00a745 SGB11), Hauswirtschaft<\/div><div class=\"tmm_scblock\"><\/div><\/div><\/div><\/div><span class=\"tmm_columns_containers_desktop\"><\/span><div class=\"tmm_container\"><div class=\"tmm_member\" style=\"border-top:#019bdd solid 5px;\"><div class=\"tmm_photo tmm_pic_betreuung_3\" style=\"background: url(https:\/\/www.bthuus.de\/wp-content\/uploads\/2023\/01\/ueber_uns_portrait_platzhalter-jpg.webp); margin-left: auto; margin-right:auto; background-size:cover !important;\"><\/div><div class=\"tmm_textblock\"><div class=\"tmm_names\"><span class=\"tmm_fname\">Gaby<\/span> <span class=\"tmm_lname\">Herpertz<\/span><\/div><div class=\"tmm_job\">Betreuungsassistentin (\u00a745 SGB11), Hauswirtschaft<\/div><div class=\"tmm_scblock\"><\/div><\/div><\/div><span class=\"tmm_two_containers_tablet\"><\/span><div class=\"tmm_member\" style=\"border-top:#019bdd solid 5px;\"><div class=\"tmm_photo tmm_pic_betreuung_4\" style=\"background: url(https:\/\/www.bthuus.de\/wp-content\/uploads\/2023\/01\/ueber_uns_portrait_platzhalter-jpg.webp); margin-left: auto; margin-right:auto; background-size:cover !important;\"><\/div><div class=\"tmm_textblock\"><div class=\"tmm_names\"><span class=\"tmm_fname\">Tim<\/span> <span class=\"tmm_lname\">Polley<\/span><\/div><div class=\"tmm_job\">Betreuungskraft nach \u00a753b SGB XI, Pflegehelfer<\/div><div class=\"tmm_scblock\"><\/div><\/div><\/div><div style=\"clear:both;\"><\/div><\/div><\/div><\/div>\n<\/div><\/div>\n\n<div style=\"height:50px\" aria-hidden=\"true\" class=\"wp-block-spacer\"><\/div>\n\n<div class=\"wp-block-group has-global-color-6-background-color has-background\"><div class=\"wp-block-group__inner-container is-layout-constrained wp-block-group-is-layout-constrained\">\n<h2 class=\"wp-block-heading\">temizlik<\/h2>\n\n\n<div class=\"tmm tmm_hauswirtschaft\"><div class=\"tmm_3_columns tmm_wrap tmm_theme_f\"><span class=\"tmm_two_containers_tablet\"><\/span><div class=\"tmm_container\"><div class=\"tmm_member\" style=\"border-top:#019bdd solid 5px;\"><div class=\"tmm_photo tmm_pic_hauswirtschaft_0\" style=\"background: url(https:\/\/www.bthuus.de\/wp-content\/uploads\/2023\/01\/Carmen_von_Hadel_Leitung_Hauswirtschaft-jpg.webp); margin-left: auto; margin-right:auto; background-size:cover !important;\"><\/div><div class=\"tmm_textblock\"><div class=\"tmm_names\"><span class=\"tmm_fname\">Carmen<\/span> <span class=\"tmm_lname\">von Hadel<\/span><\/div><div class=\"tmm_job\">Leitung Hauswirtschaft &amp; Betreuungsabteilung<\/div><div class=\"tmm_scblock\"><\/div><\/div><\/div><div class=\"tmm_member\" style=\"border-top:#019bdd solid 5px;\"><div class=\"tmm_photo tmm_pic_hauswirtschaft_1\" style=\"background: url(https:\/\/www.bthuus.de\/wp-content\/uploads\/2023\/01\/ueber_uns_portrait_platzhalter-jpg.webp); margin-left: auto; margin-right:auto; background-size:cover !important;\"><\/div><div class=\"tmm_textblock\"><div class=\"tmm_names\"><span class=\"tmm_fname\">Ulrike<\/span> <span class=\"tmm_lname\">Schneekloth<\/span><\/div><div class=\"tmm_job\">Hauswirtschaft<\/div><div class=\"tmm_scblock\"><\/div><\/div><\/div><span class=\"tmm_two_containers_tablet\"><\/span><div class=\"tmm_member\" style=\"border-top:#019bdd solid 5px;\"><div class=\"tmm_photo tmm_pic_hauswirtschaft_2\" style=\"background: url(https:\/\/www.bthuus.de\/wp-content\/uploads\/2023\/01\/ueber_uns_portrait_platzhalter-jpg.webp); margin-left: auto; margin-right:auto; background-size:cover !important;\"><\/div><div class=\"tmm_textblock\"><div class=\"tmm_names\"><span class=\"tmm_fname\">Valentina<\/span> <span class=\"tmm_lname\">Reiter<\/span><\/div><div class=\"tmm_job\">Hauswirtschaft<\/div><div class=\"tmm_scblock\"><\/div><\/div><\/div><\/div><span class=\"tmm_columns_containers_desktop\"><\/span><div class=\"tmm_container\"><div class=\"tmm_member\" style=\"border-top:#019bdd solid 5px;\"><div class=\"tmm_photo tmm_pic_hauswirtschaft_3\" style=\"background: url(https:\/\/www.bthuus.de\/wp-content\/uploads\/2023\/01\/ueber_uns_portrait_platzhalter-jpg.webp); margin-left: auto; margin-right:auto; background-size:cover !important;\"><\/div><div class=\"tmm_textblock\"><div class=\"tmm_names\"><span class=\"tmm_fname\">Sabrina<\/span> <span class=\"tmm_lname\">Stegelmann<\/span><\/div><div class=\"tmm_job\">Hauswirtschaft<\/div><div class=\"tmm_scblock\"><\/div><\/div><\/div><div style=\"clear:both;\"><\/div><\/div><\/div><\/div>\n<\/div><\/div>\n","protected":false},"excerpt":{"rendered":"<p>Kiel &amp; Bredenbek&#8217;te ayakta hasta bak\u0131m hizmeti 1994&#8217;ten bu yana Kiel ve Bredenbek&#8217;teki ofislerimizle m\u00fc\u015fterilerimizin ve hastalar\u0131m\u0131z\u0131n bak\u0131ma ve\/veya ev i\u015flerinde yard\u0131ma muhta\u00e7 olsalar bile evde ve tan\u0131d\u0131k \u00e7evrelerinde kalmalar\u0131n\u0131 m\u00fcmk\u00fcn k\u0131ld\u0131k. Ayakta tedavi se\u00e7enekleri hakk\u0131nda size kapsaml\u0131 bilgi vermekten mutluluk duyar\u0131z. Yard\u0131ma muhta\u00e7 ki\u015fi ve\/veya akrabalar\u0131 ile kapsaml\u0131 g\u00f6r\u00fc\u015fmelerden sonra, ihtiya\u00e7lar\u0131n\u0131za en uygun \u015fekilde &#8230; <\/p>\n<p class=\"read-more-container\"><a title=\"Hauswirtschaft\" class=\"read-more button\" href=\"https:\/\/www.bthuus.de\/tr\/tmm\/hauswirtschaft\/#more-2521\" aria-label=\"Read more about Hauswirtschaft\">Read more<\/a><\/p>\n","protected":false},"author":1,"featured_media":0,"parent":0,"menu_order":0,"comment_status":"closed","ping_status":"closed","template":"","meta":{"iawp_total_views":7,"footnotes":""},"class_list":["post-1817","page","type-page","status-publish","hentry","infinite-scroll-item"],"jetpack_sharing_enabled":true,"_links":{"self":[{"href":"https:\/\/www.bthuus.de\/tr\/wp-json\/wp\/v2\/pages\/1817","targetHints":{"allow":["GET"]}}],"collection":[{"href":"https:\/\/www.bthuus.de\/tr\/wp-json\/wp\/v2\/pages"}],"about":[{"href":"https:\/\/www.bthuus.de\/tr\/wp-json\/wp\/v2\/types\/page"}],"author":[{"embeddable":true,"href":"https:\/\/www.bthuus.de\/tr\/wp-json\/wp\/v2\/users\/1"}],"replies":[{"embeddable":true,"href":"https:\/\/www.bthuus.de\/tr\/wp-json\/wp\/v2\/comments?post=1817"}],"version-history":[{"count":6,"href":"https:\/\/www.bthuus.de\/tr\/wp-json\/wp\/v2\/pages\/1817\/revisions"}],"predecessor-version":[{"id":2935,"href":"https:\/\/www.bthuus.de\/tr\/wp-json\/wp\/v2\/pages\/1817\/revisions\/2935"}],"wp:attachment":[{"href":"https:\/\/www.bthuus.de\/tr\/wp-json\/wp\/v2\/media?parent=1817"}],"curies":[{"name":"wp","href":"https:\/\/api.w.org\/{rel}","templated":true}]}}