{"id":1953,"date":"2022-11-04T14:00:00","date_gmt":"2022-11-04T13:00:00","guid":{"rendered":"https:\/\/www.bthuus.de\/oferty-pracy\/"},"modified":"2023-07-11T12:04:59","modified_gmt":"2023-07-11T10:04:59","slug":"oferty-pracy","status":"publish","type":"page","link":"https:\/\/www.bthuus.de\/pl\/oferty-pracy\/","title":{"rendered":"Oferty pracy"},"content":{"rendered":"\n<div class=\"wp-block-group no-padding has-global-color-4-background-color has-background\"><div class=\"wp-block-group__inner-container is-layout-constrained wp-block-group-is-layout-constrained\">\n<h1 class=\"wp-block-heading\">Bliev to Huus poszukuje \u015bwietnych pracownik\u00f3w!<\/h1>\n\n\n\n<div style=\"height:25px\" aria-hidden=\"true\" class=\"wp-block-spacer\"><\/div>\n\n\n\n<p>Czy masz kwalifikacje zwi\u0105zane z danym tematem? Bez problemu. Jeste\u015bmy zr\u00f3\u017cnicowanym zespo\u0142em z wielu r\u00f3\u017cnych \u015brodowisk. Skontaktuj si\u0119 z nami.<\/p>\n\n\n\n<h3 class=\"wp-block-heading has-global-color-1-color has-text-color\">Najwa\u017cniejsze rzeczy w skr\u00f3cie:<\/h3>\n\n\n\n<div style=\"height:25px\" aria-hidden=\"true\" class=\"wp-block-spacer\"><\/div>\n\n\n\n<div class=\"wp-block-columns is-layout-flex wp-container-core-columns-is-layout-9d6595d7 wp-block-columns-is-layout-flex\">\n<div class=\"wp-block-column kachel has-global-color-6-background-color has-background is-layout-flow wp-block-column-is-layout-flow\" data-aos=\"fade-right\" data-aos-duration=\"500\" data-aos-once=\"true\">\n<h4 class=\"wp-block-heading has-global-color-1-color has-text-color\">1. P\u0142atno\u015b\u0107 oparta na taryfie<\/h4>\n\n\n\n<p>Przywi\u0105zujemy du\u017c\u0105 wag\u0119 do wynagradzania naszych pracownik\u00f3w zgodnie z uk\u0142adem zbiorowym pracy.<\/p>\n<\/div>\n\n\n\n<div class=\"wp-block-column kachel has-global-color-6-background-color has-background is-layout-flow wp-block-column-is-layout-flow\" data-aos=\"fade-left\" data-aos-delay=\"500\" data-aos-duration=\"500\" data-aos-once=\"true\">\n<h4 class=\"wp-block-heading has-global-color-1-color has-text-color\">2. Samoch\u00f3d do u\u017cytku prywatnego na g\u00f3rze<\/h4>\n\n\n\n<p>Z domu do firmy, aby potem m\u00f3c kontynuowa\u0107 podr\u00f3\u017c samochodem. Kr\u00f3tsza droga jest cz\u0119sto lepsz\u0105 drog\u0105 &#8211; dla ka\u017cdego. Dlatego nasi pracownicy zazwyczaj mog\u0105 zabra\u0107 ze sob\u0105 samoch\u00f3d s\u0142u\u017cbowy do domu w drodze do pracy. Obowi\u0105zuje zasada 1% (dla samochod\u00f3w elektrycznych 0,25%)<\/p>\n<\/div>\n<\/div>\n\n\n\n<div class=\"wp-block-columns is-layout-flex wp-container-core-columns-is-layout-9d6595d7 wp-block-columns-is-layout-flex\">\n<div class=\"wp-block-column kachel has-global-color-6-background-color has-background is-layout-flow wp-block-column-is-layout-flow\" data-aos=\"fade-right\" data-aos-duration=\"500\" data-aos-once=\"true\">\n<h4 class=\"wp-block-heading has-global-color-1-color has-text-color\">3. Dzieci s\u0105 dla nas \u015bwi\u0119te \/ zgodno\u015b\u0107 pracy i rodziny<\/h4>\n\n\n\n<p>W naszym ambulatorium cieszymy si\u0119, je\u015bli masz dzieci i staramy si\u0119 elastycznie dostosowywa\u0107 godziny pracy do sytuacji rodzinnej.<\/p>\n<\/div>\n\n\n\n<div class=\"wp-block-column kachel has-global-color-6-background-color has-background is-layout-flow wp-block-column-is-layout-flow\" data-aos=\"fade-left\" data-aos-duration=\"500\" data-aos-once=\"true\">\n<h4 class=\"wp-block-heading has-global-color-1-color has-text-color\" style=\"text-transform:none\">4. Brak us\u0142ug podw\u00f3jnych<\/h4>\n\n\n\n<p>Wiemy, jak wyczerpuj\u0105ca jest podw\u00f3jna s\u0142u\u017cba. Dlatego staramy si\u0119 w jak najwi\u0119kszym stopniu unika\u0107 podw\u00f3jnych obowi\u0105zk\u00f3w, aby zapewni\u0107 naszym pracownikom odpowiedni\u0105 r\u00f3wnowag\u0119 mi\u0119dzy prac\u0105 a \u017cyciem prywatnym. Jednak znane s\u0105 wyj\u0105tki potwierdzaj\u0105ce regu\u0142\u0119, aw rzadkich przypadkach mo\u017ce istnie\u0107 podw\u00f3jne c\u0142o.<\/p>\n<\/div>\n<\/div>\n\n\n\n<div class=\"wp-block-columns is-layout-flex wp-container-core-columns-is-layout-9d6595d7 wp-block-columns-is-layout-flex\">\n<div class=\"wp-block-column kachel has-global-color-6-background-color has-background is-layout-flow wp-block-column-is-layout-flow\" data-aos=\"fade-right\" data-aos-duration=\"500\" data-aos-once=\"true\">\n<h4 class=\"wp-block-heading has-global-color-1-color has-text-color\">5. Dobre mo\u017cliwo\u015bci szkolenia i dalszej edukacji<\/h4>\n\n\n\n<p>W naszej ambulatoryjnej s\u0142u\u017cbie piel\u0119gniarskiej oferujemy szeroki wachlarz mo\u017cliwo\u015bci dalszego szkolenia. Nale\u017c\u0105 do nich szkolenia z zakresu opieki paliatywnej, roczny plan szkole\u0144 oraz popularne kursy pierwszej pomocy z \u0107wiczeniami praktycznymi. Ponadto oferujemy r\u00f3wnie\u017c szkolenia online, kt\u00f3re mo\u017cna wygodnie uko\u0144czy\u0107 z domu.<\/p>\n<\/div>\n\n\n\n<div class=\"wp-block-column kachel has-global-color-6-background-color has-background is-layout-flow wp-block-column-is-layout-flow\" data-aos=\"fade-left\" data-aos-duration=\"500\" data-aos-once=\"true\">\n<h4 class=\"wp-block-heading has-global-color-1-color has-text-color\" style=\"text-transform:none\">6. Wysokie umiej\u0119tno\u015bci spo\u0142eczne, pe\u0142na uznania wsp\u00f3\u0142praca i otwarta komunikacja<\/h4>\n\n\n\n<p>Stawiamy na otwart\u0105 komunikacj\u0119, wysokie umiej\u0119tno\u015bci spo\u0142eczne i owocn\u0105 wsp\u00f3\u0142prac\u0119. Przywi\u0105zujemy du\u017c\u0105 wag\u0119 do otwarto\u015bci na problemy i promowania doceniaj\u0105cej komunikacji w ca\u0142ym zespole.<\/p>\n<\/div>\n<\/div>\n\n\n\n<div class=\"wp-block-columns is-layout-flex wp-container-core-columns-is-layout-9d6595d7 wp-block-columns-is-layout-flex\">\n<div class=\"wp-block-column kachel has-global-color-6-background-color has-background is-layout-flow wp-block-column-is-layout-flow\" data-aos=\"fade-right\" data-aos-duration=\"500\" data-aos-once=\"true\">\n<h4 class=\"wp-block-heading has-global-color-1-color has-text-color\">7. Silny duch zespo\u0142owy<\/h4>\n\n\n\n<p>W naszym zespole panuje silne poczucie wsp\u00f3lnoty. Na przyk\u0142ad \u015bwi\u0119tujemy po\u017cegnanie wieloletniego wsp\u00f3\u0142pracownika, kt\u00f3ry odchodzi razem na emerytur\u0119 i wspieramy si\u0119 nawzajem, wype\u0142niaj\u0105c lub zamieniaj\u0105c dy\u017cury. Po\u015bwi\u0119camy r\u00f3wnie\u017c wystarczaj\u0105co du\u017co czasu na dok\u0142adne przeszkolenie nowych pracownik\u00f3w w zespole, aby zapewni\u0107 p\u0142ynny start.<\/p>\n<\/div>\n\n\n\n<div class=\"wp-block-column kachel has-global-color-6-background-color has-background is-layout-flow wp-block-column-is-layout-flow\" data-aos=\"fade-left\" data-aos-duration=\"500\" data-aos-once=\"true\">\n<h4 class=\"wp-block-heading has-global-color-1-color has-text-color\">8. Trenujemy!<\/h4>\n\n\n\n<p>We wsp\u00f3\u0142pracy ze szko\u0142ami partnerskimi oferujemy dobrze ugruntowane og\u00f3lne szkolenie piel\u0119gniarskie, aby zosta\u0107 specjalist\u0105 piel\u0119gniarskim. Nasi oddani instruktorzy praktyki wspieraj\u0105 kursant\u00f3w w fazie praktycznej szkolenia i zapewniaj\u0105 profesjonalne wsparcie na drodze do pomy\u015blnego uko\u0144czenia. Z nami masz mo\u017cliwo\u015b\u0107 odbycia solidnego szkolenia we wspieraj\u0105cym i zorientowanym na zesp\u00f3\u0142 \u015brodowisku.<\/p>\n<\/div>\n<\/div>\n<\/div><\/div>\n\n<div class=\"wp-block-group no-padding has-global-color-4-background-color has-background\"><div class=\"wp-block-group__inner-container is-layout-constrained wp-block-group-is-layout-constrained\">\n<h2 class=\"wp-block-heading\">Obecnie mamy wolne nast\u0119puj\u0105ce stanowiska:<\/h2>\n\n\n\n<div class=\"wp-block-query is-layout-flow wp-block-query-is-layout-flow\">\n<div class=\"wp-block-group has-global-color-6-background-color has-background\"><div class=\"wp-block-group__inner-container is-layout-flow wp-block-group-is-layout-flow\"><ul class=\"is-flex-container columns-2 wp-block-post-template is-layout-flow wp-block-post-template-is-layout-flow\"><li class=\"wp-block-post post-3256 stellenangebote type-stellenangebote status-publish hentry infinite-scroll-item\">\n<h2 class=\"wp-block-post-title\"><a href=\"https:\/\/www.bthuus.de\/pl\/stellenangebote\/specjalista-pielegniarstwa-m-f-d-2\/\" target=\"_self\" >Specjalista piel\u0119gniarstwa (m\/f\/d)<\/a><\/h2>\n\n\n\n<div class=\"wp-block-post-excerpt\"><p class=\"wp-block-post-excerpt__excerpt\">Byliby\u015bmy bardzo szcz\u0119\u015bliwi, gdyby\u015b by\u0142 zainteresowany wsparciem naszego wspania\u0142ego zespo\u0142u jako specjalista piel\u0119gniarstwa (m\/k\/d). Z\u0142\u00f3\u017c wniosek online, e-mailem lub telefonicznie.<\/p><p class=\"wp-block-post-excerpt__more-text\"><a class=\"wp-block-post-excerpt__more-link\" href=\"https:\/\/www.bthuus.de\/pl\/stellenangebote\/specjalista-pielegniarstwa-m-f-d-2\/\">\u2192 <strong>Dowiedz si\u0119 wi\u0119cej i aplikuj online<\/strong><\/a><\/p><\/div>\n<\/li><li class=\"wp-block-post post-3000 stellenangebote type-stellenangebote status-publish hentry infinite-scroll-item\">\n<h2 class=\"wp-block-post-title\"><a href=\"https:\/\/www.bthuus.de\/pl\/stellenangebote\/asystent-pielegniarski-m-f-d-2\/\" target=\"_self\" >Asystent piel\u0119gniarski (m\/f\/d)<\/a><\/h2>\n\n\n\n<div class=\"wp-block-post-excerpt\"><p class=\"wp-block-post-excerpt__excerpt\">O nas Unser ambulantes Pflegeteam Bliev to Huus gibt es seit mittlerweile fast 30 Jahren in Kiel. In dieser Zeit haben wir bereits sehr viel wertvolle Erfahrungen im Umgang mit unseren Kunden \u2013 aber auch im Umgang untereinander im Team \u2013 sammeln k\u00f6nnen. Uns liegt sehr viel an einem verst\u00e4ndnisvollen Umgang auf Augenh\u00f6he und wir<\/p><p class=\"wp-block-post-excerpt__more-text\"><a class=\"wp-block-post-excerpt__more-link\" href=\"https:\/\/www.bthuus.de\/pl\/stellenangebote\/asystent-pielegniarski-m-f-d-2\/\">\u2192 <strong>Dowiedz si\u0119 wi\u0119cej i aplikuj online<\/strong><\/a><\/p><\/div>\n<\/li><li class=\"wp-block-post post-2605 stellenangebote type-stellenangebote status-publish hentry infinite-scroll-item\">\n<h2 class=\"wp-block-post-title\"><a href=\"https:\/\/www.bthuus.de\/pl\/stellenangebote\/asystent-pielegniarski-m-f-d\/\" target=\"_self\" >Asystent piel\u0119gniarski (m\/f\/d)<\/a><\/h2>\n\n\n\n<div class=\"wp-block-post-excerpt\"><p class=\"wp-block-post-excerpt__excerpt\">O nas Nasz zesp\u00f3\u0142 opieki ambulatoryjnej Bliev to Huus dzia\u0142a w Kilonii i Bredenbek od 28 lat. W ci\u0105gu tych 28 lat uda\u0142o nam si\u0119 ju\u017c zdoby\u0107 wiele cennych do\u015bwiadcze\u0144 w kontaktach z naszymi klientami &#8211; ale tak\u017ce w kontaktach mi\u0119dzy sob\u0105 w zespole. Zrozumienie leczenia na poziomie oczu jest dla nas bardzo wa\u017cne i<\/p><p class=\"wp-block-post-excerpt__more-text\"><a class=\"wp-block-post-excerpt__more-link\" href=\"https:\/\/www.bthuus.de\/pl\/stellenangebote\/asystent-pielegniarski-m-f-d\/\">\u2192 <strong>Dowiedz si\u0119 wi\u0119cej i aplikuj online<\/strong><\/a><\/p><\/div>\n<\/li><\/ul><\/div><\/div>\n<\/div>\n<\/div><\/div>\n","protected":false},"excerpt":{"rendered":"<p>Bliev to Huus poszukuje \u015bwietnych pracownik\u00f3w! Czy masz kwalifikacje zwi\u0105zane z danym tematem? Bez problemu. Jeste\u015bmy zr\u00f3\u017cnicowanym zespo\u0142em z wielu r\u00f3\u017cnych \u015brodowisk. Skontaktuj si\u0119 z nami. Najwa\u017cniejsze rzeczy w skr\u00f3cie: 1. P\u0142atno\u015b\u0107 oparta na taryfie Przywi\u0105zujemy du\u017c\u0105 wag\u0119 do wynagradzania naszych pracownik\u00f3w zgodnie z uk\u0142adem zbiorowym pracy. 2. Samoch\u00f3d do u\u017cytku prywatnego na g\u00f3rze Z &#8230; <\/p>\n<p class=\"read-more-container\"><a title=\"Oferty pracy\" class=\"read-more button\" href=\"https:\/\/www.bthuus.de\/pl\/oferty-pracy\/#more-1953\" aria-label=\"Dowiedz si\u0119 wi\u0119cej o Oferty pracy\">Czytaj dalej<\/a><\/p>\n","protected":false},"author":1,"featured_media":0,"parent":0,"menu_order":0,"comment_status":"closed","ping_status":"closed","template":"","meta":{"iawp_total_views":65,"footnotes":""},"class_list":{"0":"post-1953","1":"page","2":"type-page","3":"status-publish","5":"infinite-scroll-item"},"jetpack_sharing_enabled":true,"_links":{"self":[{"href":"https:\/\/www.bthuus.de\/pl\/wp-json\/wp\/v2\/pages\/1953","targetHints":{"allow":["GET"]}}],"collection":[{"href":"https:\/\/www.bthuus.de\/pl\/wp-json\/wp\/v2\/pages"}],"about":[{"href":"https:\/\/www.bthuus.de\/pl\/wp-json\/wp\/v2\/types\/page"}],"author":[{"embeddable":true,"href":"https:\/\/www.bthuus.de\/pl\/wp-json\/wp\/v2\/users\/1"}],"replies":[{"embeddable":true,"href":"https:\/\/www.bthuus.de\/pl\/wp-json\/wp\/v2\/comments?post=1953"}],"version-history":[{"count":0,"href":"https:\/\/www.bthuus.de\/pl\/wp-json\/wp\/v2\/pages\/1953\/revisions"}],"wp:attachment":[{"href":"https:\/\/www.bthuus.de\/pl\/wp-json\/wp\/v2\/media?parent=1953"}],"curies":[{"name":"wp","href":"https:\/\/api.w.org\/{rel}","templated":true}]}}