{"id":1924,"date":"2022-11-04T14:45:42","date_gmt":"2022-11-04T13:45:42","guid":{"rendered":"https:\/\/www.bthuus.de\/o-nas\/zrownowazony-rozwoj\/"},"modified":"2023-07-11T12:04:44","modified_gmt":"2023-07-11T10:04:44","slug":"zrownowazony-rozwoj","status":"publish","type":"page","link":"https:\/\/www.bthuus.de\/pl\/ueber-uns\/zrownowazony-rozwoj\/","title":{"rendered":"zr\u00f3wnowa\u017cony rozw\u00f3j"},"content":{"rendered":"\n<div class=\"wp-block-group has-global-color-6-background-color has-background\"><div class=\"wp-block-group__inner-container is-layout-constrained wp-block-group-is-layout-constrained\">\n<h2 class=\"wp-block-heading has-global-color-2-color has-text-color\">Co oznacza dla nas zr\u00f3wnowa\u017cony rozw\u00f3j?<\/h2>\n\n\n\n<p>Zr\u00f3wnowa\u017cony rozw\u00f3j, <a href=\"https:\/\/www.bmz.de\/de\/service\/lexikon\/nachhaltigkeit-nachhaltige-entwicklung-14700#:~:text=Nachhaltigkeit%20oder%20nachhaltige%20Entwicklung%20bedeutet,zuk%C3%BCnftiger%20Generationen%20nicht%20eingeschr%C3%A4nkt%20werden.\" data-type=\"URL\" data-id=\"https:\/\/www.bmz.de\/de\/service\/lexikon\/nachhaltigkeit-nachhaltige-entwicklung-14700#:~:text=Nachhaltigkeit%20oder%20nachhaltige%20Entwicklung%20bedeutet,zuk%C3%BCnftiger%20Generationen%20nicht%20eingeschr%C3%A4nkt%20werden.\" target=\"_blank\" rel=\"noreferrer noopener\">zgodnie z definicj\u0105 Federalnego Ministerstwa Wsp\u00f3\u0142pracy Gospodarczej i Rozwoju<\/a> , oznacza zaspokajanie potrzeb tera\u017aniejszo\u015bci bez ograniczania mo\u017cliwo\u015bci przysz\u0142ych pokole\u0144. Wymaga to r\u00f3wnego uwzgl\u0119dnienia trzech wymiar\u00f3w zr\u00f3wnowa\u017conego rozwoju: efektywno\u015bci ekonomicznej, sprawiedliwo\u015bci spo\u0142ecznej i zr\u00f3wnowa\u017conego rozwoju ekologicznego. Zr\u00f3wnowa\u017cony rozw\u00f3j powinien by\u0107 podstaw\u0105 wszystkich decyzji politycznych w celu zachowania \u015bwiatowych zasob\u00f3w w d\u0142u\u017cszej perspektywie.<\/p>\n\n\n\n<p>Dla nas w us\u0142udze opieki domowej Bliev to Huus oznacza to, \u017ce stosujemy zr\u00f3wnowa\u017cone praktyki we wszystkich aspektach naszej pracy. Obejmuje to wyb\u00f3r naszych dostawc\u00f3w i wykorzystanie zasob\u00f3w, a tak\u017ce spos\u00f3b, w jaki \u015bwiadczymy nasze us\u0142ugi. Wdra\u017caj\u0105c zr\u00f3wnowa\u017cone praktyki, pomagamy poprawi\u0107 jako\u015b\u0107 \u017cycia obecnych i przysz\u0142ych pokole\u0144.<\/p>\n<\/div><\/div>\n\n<div style=\"height:50px\" aria-hidden=\"true\" class=\"wp-block-spacer no-mobile\"><\/div>\n\n<div class=\"wp-block-group has-global-color-6-background-color has-background\"><div class=\"wp-block-group__inner-container is-layout-constrained wp-block-group-is-layout-constrained\">\n<h2 class=\"wp-block-heading has-global-color-2-color has-text-color\">Nasze zaanga\u017cowanie w zr\u00f3wnowa\u017cony rozw\u00f3j<\/h2>\n\n\n\n<p>Jeste\u015bmy \u015bwiadomi naszej odpowiedzialno\u015bci za przysz\u0142e pokolenia, w tym nasze dzieci i wnuki. Naszym celem jest utrzymanie zdrowej i nadaj\u0105cej si\u0119 do \u017cycia planety dla Ciebie i krewnych naszych pacjent\u00f3w. Dlatego zr\u00f3wnowa\u017cony rozw\u00f3j nie jest dla nas tylko modnym has\u0142em, ale centraln\u0105 cz\u0119\u015bci\u0105 naszej filozofii korporacyjnej i codziennej praktyki<\/p>\n<\/div><\/div>\n\n<div style=\"height:50px\" aria-hidden=\"true\" class=\"wp-block-spacer no-mobile\"><\/div>\n\n<div class=\"wp-block-group has-global-color-6-background-color has-background\"><div class=\"wp-block-group__inner-container is-layout-constrained wp-block-group-is-layout-constrained\">\n<h2 class=\"wp-block-heading has-global-color-2-color has-text-color\">Co konkretnie robimy?<\/h2>\n\n\n\n<h3 class=\"wp-block-heading has-global-color-2-color has-text-color\">1. Mniej papieru, wi\u0119cej digitalizacji<\/h3>\n\n\n\n<p>W ramach naszych wysi\u0142k\u00f3w na rzecz zr\u00f3wnowa\u017conego rozwoju w coraz wi\u0119kszym stopniu polegamy na cyfryzacji i technologiach chmurowych, aby zminimalizowa\u0107 zu\u017cycie papieru w naszym codziennym \u017cyciu biurowym. Przyjmuj\u0105c dokumenty cyfrowe i wykorzystuj\u0105c chmur\u0119 do przechowywania i wsp\u00f3\u0142pracy, mo\u017cemy zmniejszy\u0107 zapotrzebowanie na fizyczne kopie. To nie tylko oszcz\u0119dza zasoby, ale tak\u017ce poprawia efektywno\u015b\u0107 naszych proces\u00f3w pracy. W ten spos\u00f3b aktywnie przyczyniamy si\u0119 do ochrony naszego \u015brodowiska i sprawiamy, \u017ce nasza codzienna praca jest zr\u00f3wnowa\u017cona.<\/p>\n\n\n\n<h3 class=\"wp-block-heading has-global-color-2-color has-text-color\">2. Pude\u0142ka zero waste z wybrze\u017ca kawy Laboe<\/h3>\n\n\n\n<p>Do naszego biura pozyskujemy nasz\u0105 kaw\u0119 z wybrze\u017ca kawy Laboe w zr\u00f3wnowa\u017conych pojemnikach zero waste. Ten system pozwala nam uzyska\u0107 dok\u0142adnie tak\u0105 ilo\u015b\u0107 kawy organicznej i pochodz\u0105cej ze Sprawiedliwego Handlu, jakiej potrzebujemy, jednocze\u015bnie aktywnie unikaj\u0105c marnotrawstwa. Pude\u0142ka s\u0105 wymieniane po zu\u017cyciu, czyszczone i ponownie wykorzystywane, co oszcz\u0119dza odpady opakowaniowe i przyczynia si\u0119 do zr\u00f3wnowa\u017conego rozwoju.<\/p>\n\n\n\n<h3 class=\"wp-block-heading has-global-color-2-color has-text-color\">3. Kr\u00f3tkie odleg\u0142o\u015bci i networking<\/h3>\n\n\n\n<p>W naszych wysi\u0142kach na rzecz zr\u00f3wnowa\u017conego dzia\u0142ania przywi\u0105zujemy du\u017c\u0105 wag\u0119 do utrzymywania kr\u00f3tkich odleg\u0142o\u015bci. Nasi pracownicy maj\u0105 r\u00f3wnie\u017c mo\u017cliwo\u015b\u0107 dojazdu do pracy naszymi samochodami s\u0142u\u017cbowymi. Ponadto celowo utrzymujemy ma\u0142y obszar zasi\u0119gu, aby unikn\u0105\u0107 d\u0142ugich podr\u00f3\u017cy, a tym samym zmniejszy\u0107 emisj\u0119 CO2. Dzi\u0119ki tym \u015brodkom aktywnie przyczyniamy si\u0119 do redukcji emisji i promujemy zr\u00f3wnowa\u017con\u0105 mobilno\u015b\u0107.<\/p>\n\n\n\n<h3 class=\"wp-block-heading has-global-color-2-color has-text-color\">4. Nowoczesna flota pojazd\u00f3w<\/h3>\n\n\n\n<p>Nasza flota sk\u0142ada si\u0119 wy\u0142\u0105cznie z nowych, przyjaznych dla \u015brodowiska pojazd\u00f3w o niskiej emisji spalin. Cz\u0119\u015b\u0107 naszych pojazd\u00f3w zast\u0105pili\u015bmy ju\u017c modelem hybrydowym i sze\u015bcioma samochodami w pe\u0142ni elektrycznymi, aby wnie\u015b\u0107 sw\u00f3j wk\u0142ad w redukcj\u0119 emisji CO2.<\/p>\n\n\n\n<h3 class=\"wp-block-heading has-global-color-2-color has-text-color\">5. Lokalne organiczne owoce i warzywa<\/h3>\n\n\n\n<p>Kolejnym krokiem w naszej strategii zr\u00f3wnowa\u017conego rozwoju jest wykorzystanie skrzynki subskrypcyjnej firmy Hof Wischhof. Co tydzie\u0144 otrzymujemy \u015bwie\u017ce organiczne owoce i warzywa z regionu, kt\u00f3re dostarczane s\u0105 bezpo\u015brednio do naszego biura. To nie tylko wspiera lokalnych rolnik\u00f3w i promuje regionaln\u0105 gospodark\u0119, ale tak\u017ce zapewnia zdrowe i zr\u00f3wnowa\u017cone od\u017cywianie w naszym zespole. W ten spos\u00f3b aktywnie przyczyniamy si\u0119 do tworzenia bardziej ekologicznego i zdrowszego \u015brodowiska pracy.<\/p>\n\n\n\n<h3 class=\"wp-block-heading has-global-color-2-color has-text-color\">6. Z rowerem e-cargo do pracy<\/h3>\n\n\n\n<figure class=\"wp-block-image size-full\"><img loading=\"lazy\" decoding=\"async\" width=\"600\" height=\"846\" src=\"https:\/\/www.bthuus.de\/wp-content\/uploads\/2022\/12\/MiBu_Emma.jpg\" alt=\"\" class=\"wp-image-398\" srcset=\"https:\/\/www.bthuus.de\/wp-content\/uploads\/2022\/12\/MiBu_Emma.jpg 600w, https:\/\/www.bthuus.de\/wp-content\/uploads\/2022\/12\/MiBu_Emma-213x300.webp 213w\" sizes=\"auto, (max-width: 600px) 100vw, 600px\" \/><\/figure><\/div><\/div>\n","protected":false},"excerpt":{"rendered":"<p>Co oznacza dla nas zr\u00f3wnowa\u017cony rozw\u00f3j? Zr\u00f3wnowa\u017cony rozw\u00f3j, zgodnie z definicj\u0105 Federalnego Ministerstwa Wsp\u00f3\u0142pracy Gospodarczej i Rozwoju , oznacza zaspokajanie potrzeb tera\u017aniejszo\u015bci bez ograniczania mo\u017cliwo\u015bci przysz\u0142ych pokole\u0144. Wymaga to r\u00f3wnego uwzgl\u0119dnienia trzech wymiar\u00f3w zr\u00f3wnowa\u017conego rozwoju: efektywno\u015bci ekonomicznej, sprawiedliwo\u015bci spo\u0142ecznej i zr\u00f3wnowa\u017conego rozwoju ekologicznego. Zr\u00f3wnowa\u017cony rozw\u00f3j powinien by\u0107 podstaw\u0105 wszystkich decyzji politycznych w celu zachowania \u015bwiatowych &#8230; <\/p>\n<p class=\"read-more-container\"><a title=\"zr\u00f3wnowa\u017cony rozw\u00f3j\" class=\"read-more button\" href=\"https:\/\/www.bthuus.de\/pl\/ueber-uns\/zrownowazony-rozwoj\/#more-1924\" aria-label=\"Dowiedz si\u0119 wi\u0119cej o zr\u00f3wnowa\u017cony rozw\u00f3j\">Czytaj dalej<\/a><\/p>\n","protected":false},"author":1,"featured_media":0,"parent":1820,"menu_order":0,"comment_status":"closed","ping_status":"closed","template":"","meta":{"iawp_total_views":1,"footnotes":""},"class_list":{"0":"post-1924","1":"page","2":"type-page","3":"status-publish","5":"infinite-scroll-item"},"jetpack_sharing_enabled":true,"_links":{"self":[{"href":"https:\/\/www.bthuus.de\/pl\/wp-json\/wp\/v2\/pages\/1924","targetHints":{"allow":["GET"]}}],"collection":[{"href":"https:\/\/www.bthuus.de\/pl\/wp-json\/wp\/v2\/pages"}],"about":[{"href":"https:\/\/www.bthuus.de\/pl\/wp-json\/wp\/v2\/types\/page"}],"author":[{"embeddable":true,"href":"https:\/\/www.bthuus.de\/pl\/wp-json\/wp\/v2\/users\/1"}],"replies":[{"embeddable":true,"href":"https:\/\/www.bthuus.de\/pl\/wp-json\/wp\/v2\/comments?post=1924"}],"version-history":[{"count":0,"href":"https:\/\/www.bthuus.de\/pl\/wp-json\/wp\/v2\/pages\/1924\/revisions"}],"up":[{"embeddable":true,"href":"https:\/\/www.bthuus.de\/pl\/wp-json\/wp\/v2\/pages\/1820"}],"wp:attachment":[{"href":"https:\/\/www.bthuus.de\/pl\/wp-json\/wp\/v2\/media?parent=1924"}],"curies":[{"name":"wp","href":"https:\/\/api.w.org\/{rel}","templated":true}]}}