{"id":1922,"date":"2022-11-04T14:44:17","date_gmt":"2022-11-04T13:44:17","guid":{"rendered":"https:\/\/www.bthuus.de\/nasze-uslugi\/opieka\/"},"modified":"2023-07-11T12:04:43","modified_gmt":"2023-07-11T10:04:43","slug":"opieka","status":"publish","type":"page","link":"https:\/\/www.bthuus.de\/pl\/nasze-uslugi\/opieka\/","title":{"rendered":"Opieka"},"content":{"rendered":"\n<div class=\"wp-block-group has-global-color-6-background-color has-background\"><div class=\"wp-block-group__inner-container is-layout-constrained wp-block-group-is-layout-constrained\">\n<h2 class=\"wp-block-heading\">Oferty opieki og\u00f3lnej<\/h2>\n\n\n\n<p>Od 1 stycznia 2015 r. wszyscy ubezpieczeni wymagaj\u0105cy opieki maj\u0105 <strong>prawo do dodatkowych \u015bwiadcze\u0144 opieku\u0144czo-dora\u017anych<\/strong> , kt\u00f3re do tej pory by\u0142y dost\u0119pne tylko dla ubezpieczonych ze znacznie ograniczonymi zdolno\u015bciami do wykonywania codziennych czynno\u015bci (demencja). Teraz us\u0142ugi te mog\u0105 by\u0107 r\u00f3wnie\u017c wykorzystywane do <strong>us\u0142ug pomocy humanitarnej (np. us\u0142ugi domowe, us\u0142ugi transportowe itp.)<\/strong> Opr\u00f3cz ofert opieki.<\/p>\n\n\n\n<p>Zw\u0142aszcza je\u015bli chodzi o wsparcie, wymiana mi\u0119dzy naszymi pracownikami jest kluczowa. Zauwa\u017calne s\u0105 r\u00f3\u017cnorodne i zr\u00f3\u017cnicowane kwalifikacje naszego zespo\u0142u.  <strong>Wszyscy nasi pracownicy nadzoru s\u0105 do tego specjalnie wykwalifikowani zgodnie z \u00a745 SGB.<\/strong><\/p>\n\n\n\n<div class=\"wp-block-buttons is-layout-flex wp-block-buttons-is-layout-flex\">\n<div class=\"wp-block-button has-custom-width wp-block-button__width-100\"><a class=\"wp-block-button__link wp-element-button\" href=\"https:\/\/www.bthuus.de\/pl\/o-nas\/\" style=\"border-radius:0px\">Dowiedz si\u0119 wi\u0119cej o zespole<\/a><\/div>\n<\/div>\n<\/div><\/div>\n\n<div style=\"height:50px\" aria-hidden=\"true\" class=\"wp-block-spacer no-mobile\"><\/div>\n\n<div class=\"wp-block-group has-global-color-6-background-color has-background\"><div class=\"wp-block-group__inner-container is-layout-constrained wp-block-group-is-layout-constrained\">\n<h2 class=\"wp-block-heading\">opieka nad osobami z demencj\u0105<\/h2>\n\n\n\n<p>W Niemczech oko\u0142o dwie trzecie os\u00f3b z demencj\u0105 mieszka obecnie we w\u0142asnych czterech \u015bcianach. Liczba ta odzwierciedla pragnienie wi\u0119kszo\u015bci ludzi, aby na staro\u015b\u0107 pozosta\u0107 w swoim znajomym otoczeniu.<\/p>\n\n\n\n<p>Im bardziej demencja post\u0119puje, tym trudniejsze staj\u0105 si\u0119 nawet najprostsze czynno\u015bci. B\u0142\u0119dy zdarzaj\u0105 si\u0119 przy ubieraniu, poranna toaleta trwa d\u0142u\u017cej ni\u017c dotychczas, a droga na poczt\u0119 przypomina labirynt.<br\/>Pomoc dla samopomocy to nasze motto. Pomaga osobom z demencj\u0105 zachowa\u0107 niezale\u017cno\u015b\u0107 na d\u0142u\u017cej.<br\/>Nasi specjalnie przeszkoleni opiekunowie pomagaj\u0105 osobom cierpi\u0105cym na demencj\u0119 w ich codziennym \u017cyciu.<\/p>\n\n\n\n<p>Oferty piel\u0119gnacyjne obejmuj\u0105 np.:<\/p>\n\n\n\n<ul class=\"wp-block-list\">\n<li>trening pami\u0119ci<\/li>\n\n\n\n<li>Gry<\/li>\n\n\n\n<li>Wsp\u00f3lne prace domowe<\/li>\n\n\n\n<li>spacery<\/li>\n\n\n\n<li>Towarzysz\u0105ce wyjazdy do urz\u0119d\u00f3w, lekarzy itp.<\/li>\n<\/ul>\n<\/div><\/div>\n\n<div style=\"height:50px\" aria-hidden=\"true\" class=\"wp-block-spacer no-mobile\"><\/div>\n\n<div data-aos-delay=\"1000\" data-aos-duration=\"1500\" data-aos-once=\"true\" data-aos=\"fade-up\" class=\"wp-block-group has-global-color-6-background-color has-background\"><div class=\"wp-block-group__inner-container is-layout-constrained wp-block-group-is-layout-constrained\">\n<h2 class=\"wp-block-heading\">Ch\u0119tnie pomo\u017cemy!<\/h2>\n\n\n\n<p>Po obszernych dyskusjach opracujemy z Pa\u0144stwem <strong>indywidualn\u0105 koncepcj\u0119<\/strong> , kt\u00f3ra b\u0119dzie <strong>optymalnie dostosowana do Pa\u0144stwa potrzeb<\/strong> .<\/p>\n\n\n\n<p><strong>Osobiste spotkanie w celu wzajemnego poznania<\/strong> jest niezast\u0105pione w przypadku opieki ambulatoryjnej. Zapraszamy do um\u00f3wienia si\u0119 z nami na rozmow\u0119!<\/p>\n\n\n\n<div class=\"wp-block-buttons is-layout-flex wp-block-buttons-is-layout-flex\">\n<div class=\"wp-block-button has-custom-width wp-block-button__width-100\"><a class=\"wp-block-button__link wp-element-button\" href=\"tel:04316473730\" style=\"border-radius:0px\" target=\"_blank\" rel=\"noreferrer noopener\">\u2192 Zadzwo\u0144<\/a><\/div>\n\n\n\n<div class=\"wp-block-button has-custom-width wp-block-button__width-100\"><a class=\"wp-block-button__link wp-element-button\" href=\"https:\/\/www.bthuus.de\/pl\/kontakt\/#formular\" style=\"border-radius:0px\">Aby skontaktowa\u0107 si\u0119 z formularzem<\/a><\/div>\n\n\n\n<div class=\"wp-block-button has-custom-width wp-block-button__width-100\"><a class=\"wp-block-button__link wp-element-button\" href=\"mailto:info@bthuus.de\" style=\"border-radius:0px\" target=\"_blank\" rel=\"noreferrer noopener\">\u2192 Napisz e-mail<\/a><\/div>\n<\/div>\n<\/div><\/div>\n","protected":false},"excerpt":{"rendered":"<p>Oferty opieki og\u00f3lnej Od 1 stycznia 2015 r. wszyscy ubezpieczeni wymagaj\u0105cy opieki maj\u0105 prawo do dodatkowych \u015bwiadcze\u0144 opieku\u0144czo-dora\u017anych , kt\u00f3re do tej pory by\u0142y dost\u0119pne tylko dla ubezpieczonych ze znacznie ograniczonymi zdolno\u015bciami do wykonywania codziennych czynno\u015bci (demencja). Teraz us\u0142ugi te mog\u0105 by\u0107 r\u00f3wnie\u017c wykorzystywane do us\u0142ug pomocy humanitarnej (np. us\u0142ugi domowe, us\u0142ugi transportowe itp.) Opr\u00f3cz &#8230; <\/p>\n<p class=\"read-more-container\"><a title=\"Opieka\" class=\"read-more button\" href=\"https:\/\/www.bthuus.de\/pl\/nasze-uslugi\/opieka\/#more-1922\" aria-label=\"Dowiedz si\u0119 wi\u0119cej o Opieka\">Czytaj dalej<\/a><\/p>\n","protected":false},"author":1,"featured_media":0,"parent":1761,"menu_order":0,"comment_status":"closed","ping_status":"closed","template":"","meta":{"iawp_total_views":10,"footnotes":""},"class_list":{"0":"post-1922","1":"page","2":"type-page","3":"status-publish","5":"infinite-scroll-item"},"jetpack_sharing_enabled":true,"_links":{"self":[{"href":"https:\/\/www.bthuus.de\/pl\/wp-json\/wp\/v2\/pages\/1922","targetHints":{"allow":["GET"]}}],"collection":[{"href":"https:\/\/www.bthuus.de\/pl\/wp-json\/wp\/v2\/pages"}],"about":[{"href":"https:\/\/www.bthuus.de\/pl\/wp-json\/wp\/v2\/types\/page"}],"author":[{"embeddable":true,"href":"https:\/\/www.bthuus.de\/pl\/wp-json\/wp\/v2\/users\/1"}],"replies":[{"embeddable":true,"href":"https:\/\/www.bthuus.de\/pl\/wp-json\/wp\/v2\/comments?post=1922"}],"version-history":[{"count":0,"href":"https:\/\/www.bthuus.de\/pl\/wp-json\/wp\/v2\/pages\/1922\/revisions"}],"up":[{"embeddable":true,"href":"https:\/\/www.bthuus.de\/pl\/wp-json\/wp\/v2\/pages\/1761"}],"wp:attachment":[{"href":"https:\/\/www.bthuus.de\/pl\/wp-json\/wp\/v2\/media?parent=1922"}],"curies":[{"name":"wp","href":"https:\/\/api.w.org\/{rel}","templated":true}]}}