{"id":1820,"date":"2022-11-04T14:39:57","date_gmt":"2022-11-04T13:39:57","guid":{"rendered":"https:\/\/www.bthuus.de\/o-nas\/"},"modified":"2023-09-26T16:00:02","modified_gmt":"2023-09-26T14:00:02","slug":"ueber-uns","status":"publish","type":"page","link":"https:\/\/www.bthuus.de\/pl\/ueber-uns\/","title":{"rendered":"O nas"},"content":{"rendered":"\n<div class=\"wp-block-group has-global-color-6-background-color has-background\"><div class=\"wp-block-group__inner-container is-layout-constrained wp-block-group-is-layout-constrained\">\n<h2 class=\"wp-block-heading\">Ambulatoryjna opieka piel\u0119gniarska w Kilonii i Bredenbek<\/h2>\n\n\n\n<p>Od 1994 roku, z <strong>biurami w Kilonii i Bredenbek<\/strong> , umo\u017cliwiamy naszym klientom i pacjentom pozostanie w domu iw znanym im otoczeniu, nawet je\u015bli s\u0105 zale\u017cni od opieki piel\u0119gniarskiej i\/lub pomocy w gospodarstwie domowym. Ch\u0119tnie udzielimy Pa\u0144stwu wyczerpuj\u0105cych informacji na temat mo\u017cliwo\u015bci opieki ambulatoryjnej.<\/p>\n\n\n\n<p>Po obszernych rozmowach z osob\u0105 potrzebuj\u0105c\u0105 pomocy i\/lub jej bliskimi opracowujemy z Pa\u0144stwem <strong>indywidualn\u0105 koncepcj\u0119<\/strong> , kt\u00f3ra jest optymalnie dostosowana do Pa\u0144stwa potrzeb. Dotyczy to r\u00f3wnie\u017c sytuacji, gdy jeste\u015b zale\u017cny od pomocy tylko tymczasowo, jak na przyk\u0142ad w trakcie lub po chorobie, lub w celu tymczasowego zwolnienia lub zast\u0105pienia opiekuj\u0105cych si\u0119 krewnych.<\/p>\n\n\n\n<p>Pocz\u0105wszy od pomocy domowej, poprzez zapewnienie system\u00f3w wzywania pomocy, normaln\u0105 opiek\u0119 nad osobami starszymi i chorymi, a\u017c po opiek\u0119 paliatywn\u0105, oferujemy Pa\u0144stwu mo\u017cliwo\u015b\u0107 pozostania w \u015brodowisku domowym przy naszym wsparciu.<\/p>\n\n\n\n<p>Wi\u0119c je\u015bli nie mo\u017cesz ju\u017c sobie poradzi\u0107 samodzielnie &#8211; i nadal chcesz zosta\u0107 w domu, skontaktuj si\u0119 z nami, <strong>swoim zespo\u0142em opieki ambulatoryjnej w Bliev to Huus<\/strong> .<\/p>\n\n\n\n<p>Jeste\u015bmy tutaj, aby pom\u00f3c!<\/p>\n<\/div><\/div>\n\n<div style=\"height:50px\" aria-hidden=\"true\" class=\"wp-block-spacer\"><\/div>\n\n<div class=\"wp-block-group has-global-color-6-background-color has-background\"><div class=\"wp-block-group__inner-container is-layout-constrained wp-block-group-is-layout-constrained\">\n<h2 class=\"wp-block-heading\">Administracja<\/h2>\n\n\n<div class=\"tmm tmm_verwaltung\"><div class=\"tmm_3_columns tmm_wrap tmm_plugin_f\"><span class=\"tmm_two_containers_tablet\"><\/span><div class=\"tmm_container\"><div class=\"tmm_member\" style=\"border-top:#019bdd solid 5px;\"><div class=\"tmm_photo tmm_pic_verwaltung_0\" style=\"background: url(https:\/\/www.bthuus.de\/wp-content\/uploads\/2023\/01\/Gaby-Joehnk.webp); margin-left: auto; margin-right:auto; background-size:cover !important;\"><\/div><div class=\"tmm_textblock\"><div class=\"tmm_names\"><span class=\"tmm_fname\">Gaby<\/span> <span class=\"tmm_lname\">J\u00f6hnk<\/span><\/div><div class=\"tmm_job\">Industriekaufmann, Leitung Verwaltung &amp; Personal<\/div><div class=\"tmm_scblock\"><\/div><\/div><\/div><div class=\"tmm_member\" style=\"border-top:#019bdd solid 5px;\"><div class=\"tmm_photo tmm_pic_verwaltung_1\" style=\"background: url(https:\/\/www.bthuus.de\/wp-content\/uploads\/2023\/01\/Nadine_Herrmann-jpg.webp); margin-left: auto; margin-right:auto; background-size:cover !important;\"><\/div><div class=\"tmm_textblock\"><div class=\"tmm_names\"><span class=\"tmm_fname\">Nadine<\/span> <span class=\"tmm_lname\">Roth<\/span><\/div><div class=\"tmm_job\">Kauffrau im Gesundheitswesen, Verwaltung Kiel<\/div><div class=\"tmm_scblock\"><\/div><\/div><\/div><span class=\"tmm_two_containers_tablet\"><\/span><div class=\"tmm_member\" style=\"border-top:#019bdd solid 5px;\"><div class=\"tmm_photo tmm_pic_verwaltung_2\" style=\"background: url(https:\/\/www.bthuus.de\/wp-content\/uploads\/2024\/11\/Fatima_Zaghloul.jpg); margin-left: auto; margin-right:auto; background-size:cover !important;\"><\/div><div class=\"tmm_textblock\"><div class=\"tmm_names\"><span class=\"tmm_fname\">Fatima<\/span> <span class=\"tmm_lname\">Zaghloul<\/span><\/div><div class=\"tmm_job\">Verwaltungsangestellte<\/div><div class=\"tmm_scblock\"><\/div><\/div><\/div><div style=\"clear:both;\"><\/div><\/div><\/div><\/div>\n<\/div><\/div>\n\n<div style=\"height:50px\" aria-hidden=\"true\" class=\"wp-block-spacer\"><\/div>\n\n<div class=\"wp-block-group has-global-color-6-background-color has-background\"><div class=\"wp-block-group__inner-container is-layout-constrained wp-block-group-is-layout-constrained\">\n<h2 class=\"wp-block-heading\">Zarz\u0105dzanie piel\u0119gniarstwem<\/h2>\n\n\n<div class=\"tmm tmm_pflegedienstleitung\"><div class=\"tmm_3_columns tmm_wrap tmm_theme_f\"><span class=\"tmm_two_containers_tablet\"><\/span><div class=\"tmm_container\"><div class=\"tmm_member\" style=\"border-top:#019bdd solid 5px;\"><div class=\"tmm_photo tmm_pic_pflegedienstleitung_0\" style=\"background: url(https:\/\/www.bthuus.de\/wp-content\/uploads\/2022\/11\/Michael_Burkel.jpg); margin-left: auto; margin-right:auto; background-size:cover !important;\"><\/div><div class=\"tmm_textblock\"><div class=\"tmm_names\"><span class=\"tmm_fname\">Michael<\/span> <span class=\"tmm_lname\">Burkel<\/span><\/div><div class=\"tmm_job\">Krankenpfleger, Pflegedienstleitung, Palliative Care Pflegefachkraft, Supervisor<\/div><div class=\"tmm_scblock\"><\/div><\/div><\/div><div class=\"tmm_member\" style=\"border-top:#019bdd solid 5px;\"><div class=\"tmm_photo tmm_pic_pflegedienstleitung_1\" style=\"background: url(https:\/\/www.bthuus.de\/wp-content\/uploads\/2023\/01\/Sven_Stuhr_Pflegedienstleitung-jpg.webp); margin-left: auto; margin-right:auto; background-size:cover !important;\"><\/div><div class=\"tmm_textblock\"><div class=\"tmm_names\"><span class=\"tmm_fname\">Sven<\/span> <span class=\"tmm_lname\">Stuhr<\/span><\/div><div class=\"tmm_job\">Altenpfleger, Pflegedienstleitung, Palliative Care Pflegefachkraft, Heimleiter<\/div><div class=\"tmm_scblock\"><\/div><\/div><\/div><span class=\"tmm_two_containers_tablet\"><\/span><div class=\"tmm_member\" style=\"border-top:#019bdd solid 5px;\"><div class=\"tmm_photo tmm_pic_pflegedienstleitung_2\" style=\"background: url(https:\/\/www.bthuus.de\/wp-content\/uploads\/2024\/11\/asta_burkel.jpg); margin-left: auto; margin-right:auto; background-size:cover !important;\"><\/div><div class=\"tmm_textblock\"><div class=\"tmm_names\"><span class=\"tmm_fname\">Asta<\/span> <span class=\"tmm_lname\">Burkel<\/span><\/div><div class=\"tmm_job\">Krankenschwester, Fachkraft f\u00fcr An\u00e4sthesie &amp; Intensivmedizin, QM Beauftragte, BA Sozial- &amp; Gesundheitsmangement, Stellvertretende Pflegedienstleitung<\/div><div class=\"tmm_scblock\"><\/div><\/div><\/div><div style=\"clear:both;\"><\/div><\/div><\/div><\/div>\n<\/div><\/div>\n\n<div style=\"height:50px\" aria-hidden=\"true\" class=\"wp-block-spacer\"><\/div>\n\n<div class=\"wp-block-group has-global-color-6-background-color has-background\"><div class=\"wp-block-group__inner-container is-layout-constrained wp-block-group-is-layout-constrained\">\n<h2 class=\"wp-block-heading\">Opieka<\/h2>\n\n\n<div class=\"tmm tmm_pflege\"><div class=\"tmm_3_columns tmm_wrap tmm_theme_f\"><span class=\"tmm_two_containers_tablet\"><\/span><div class=\"tmm_container\"><div class=\"tmm_member\" style=\"border-top:#019bdd solid 5px;\"><div class=\"tmm_photo tmm_pic_pflege_0\" style=\"background: url(https:\/\/www.bthuus.de\/wp-content\/uploads\/2023\/01\/ueber_uns_portrait_platzhalter-jpg.webp); margin-left: auto; margin-right:auto; background-size:cover !important;\"><\/div><div class=\"tmm_textblock\"><div class=\"tmm_names\"><span class=\"tmm_fname\">Faka<\/span> <span class=\"tmm_lname\">Rasmussen<\/span><\/div><div class=\"tmm_job\">Pflegehelferin<\/div><div class=\"tmm_scblock\"><\/div><\/div><\/div><div class=\"tmm_member\" style=\"border-top:#019bdd solid 5px;\"><div class=\"tmm_photo tmm_pic_pflege_1\" style=\"background: url(https:\/\/www.bthuus.de\/wp-content\/uploads\/2023\/01\/ueber_uns_portrait_platzhalter-jpg.webp); margin-left: auto; margin-right:auto; background-size:cover !important;\"><\/div><div class=\"tmm_textblock\"><div class=\"tmm_names\"><span class=\"tmm_fname\">Inken<\/span> <span class=\"tmm_lname\">Thiedemann<\/span><\/div><div class=\"tmm_job\">Krankenschwester<\/div><div class=\"tmm_scblock\"><\/div><\/div><\/div><span class=\"tmm_two_containers_tablet\"><\/span><div class=\"tmm_member\" style=\"border-top:#019bdd solid 5px;\"><div class=\"tmm_photo tmm_pic_pflege_2\" style=\"background: url(https:\/\/www.bthuus.de\/wp-content\/uploads\/2023\/01\/Jaquline_Kriegel_Krankenschwester_Parkinson_Fachschwester-jpg.webp); margin-left: auto; margin-right:auto; background-size:cover !important;\"><\/div><div class=\"tmm_textblock\"><div class=\"tmm_names\"><span class=\"tmm_fname\">Jacqueline<\/span> <span class=\"tmm_lname\">Kriegel<\/span><\/div><div class=\"tmm_job\">Krankenschwester, Parkinson Fachschwester<\/div><div class=\"tmm_scblock\"><\/div><\/div><\/div><\/div><span class=\"tmm_columns_containers_desktop\"><\/span><div class=\"tmm_container\"><div class=\"tmm_member\" style=\"border-top:#019bdd solid 5px;\"><div class=\"tmm_photo tmm_pic_pflege_3\" style=\"background: url(https:\/\/www.bthuus.de\/wp-content\/uploads\/2023\/01\/Joanna_Franszak.webp); margin-left: auto; margin-right:auto; background-size:cover !important;\"><\/div><div class=\"tmm_textblock\"><div class=\"tmm_names\"><span class=\"tmm_fname\">Joanna<\/span> <span class=\"tmm_lname\">Franczak<\/span><\/div><div class=\"tmm_job\">Pflegehelferin<\/div><div class=\"tmm_scblock\"><\/div><\/div><\/div><span class=\"tmm_two_containers_tablet\"><\/span><div class=\"tmm_member\" style=\"border-top:#019bdd solid 5px;\"><div class=\"tmm_photo tmm_pic_pflege_4\" style=\"background: url(https:\/\/www.bthuus.de\/wp-content\/uploads\/2023\/01\/Oliver_Berthold_Altenpfleger_Palliativpflegekraft-jpg.webp); margin-left: auto; margin-right:auto; background-size:cover !important;\"><\/div><div class=\"tmm_textblock\"><div class=\"tmm_names\"><span class=\"tmm_fname\">Oliver<\/span> <span class=\"tmm_lname\">Berthold<\/span><\/div><div class=\"tmm_job\">Altenpfleger, Palliative Care Pflegefachkraft<\/div><div class=\"tmm_scblock\"><\/div><\/div><\/div><div class=\"tmm_member\" style=\"border-top:#019bdd solid 5px;\"><div class=\"tmm_photo tmm_pic_pflege_5\" style=\"background: url(https:\/\/www.bthuus.de\/wp-content\/uploads\/2023\/01\/ueber_uns_portrait_platzhalter-jpg.webp); margin-left: auto; margin-right:auto; background-size:cover !important;\"><\/div><div class=\"tmm_textblock\"><div class=\"tmm_names\"><span class=\"tmm_fname\">Sabine<\/span> <span class=\"tmm_lname\">Kehring<\/span><\/div><div class=\"tmm_job\">Altenpflegerin<\/div><div class=\"tmm_scblock\"><\/div><\/div><\/div><span class=\"tmm_two_containers_tablet\"><\/span><\/div><span class=\"tmm_columns_containers_desktop\"><\/span><div class=\"tmm_container\"><div class=\"tmm_member\" style=\"border-top:#019bdd solid 5px;\"><div class=\"tmm_photo tmm_pic_pflege_6\" style=\"background: url(https:\/\/www.bthuus.de\/wp-content\/uploads\/2023\/01\/Sabine_Steinhoff.webp); margin-left: auto; margin-right:auto; background-size:cover !important;\"><\/div><div class=\"tmm_textblock\"><div class=\"tmm_names\"><span class=\"tmm_fname\">Sabine<\/span> <span class=\"tmm_lname\">Steinhoff<\/span><\/div><div class=\"tmm_job\">Altenpflegerin, Palliative Care Pflegefachkraft<\/div><div class=\"tmm_scblock\"><\/div><\/div><\/div><div class=\"tmm_member\" style=\"border-top:#019bdd solid 5px;\"><div class=\"tmm_photo tmm_pic_pflege_7\" style=\"background: url(https:\/\/www.bthuus.de\/wp-content\/uploads\/2024\/11\/Julia_Schulz.jpg); margin-left: auto; margin-right:auto; background-size:cover !important;\"><\/div><div class=\"tmm_textblock\"><div class=\"tmm_names\"><span class=\"tmm_fname\">Julia<\/span> <span class=\"tmm_lname\">Schulz<\/span><\/div><div class=\"tmm_job\">Fachkraft f\u00fcr Hauswirtschaft und Sozialpflege<\/div><div class=\"tmm_scblock\"><\/div><\/div><\/div><span class=\"tmm_two_containers_tablet\"><\/span><div class=\"tmm_member\" style=\"border-top:#019bdd solid 5px;\"><div class=\"tmm_photo tmm_pic_pflege_8\" style=\"background: url(https:\/\/www.bthuus.de\/wp-content\/uploads\/2023\/01\/ueber_uns_portrait_platzhalter-jpg.webp); margin-left: auto; margin-right:auto; background-size:cover !important;\"><\/div><div class=\"tmm_textblock\"><div class=\"tmm_names\"><span class=\"tmm_fname\">Katarzyna<\/span> <span class=\"tmm_lname\">Rose<\/span><\/div><div class=\"tmm_job\">Pflegehelferin<\/div><div class=\"tmm_scblock\"><\/div><\/div><\/div><\/div><span class=\"tmm_columns_containers_desktop\"><\/span><div class=\"tmm_container\"><div class=\"tmm_member\" style=\"border-top:#019bdd solid 5px;\"><div class=\"tmm_photo tmm_pic_pflege_9\" style=\"background: url(https:\/\/www.bthuus.de\/wp-content\/uploads\/2023\/01\/ueber_uns_portrait_platzhalter-jpg.webp); margin-left: auto; margin-right:auto; background-size:cover !important;\"><\/div><div class=\"tmm_textblock\"><div class=\"tmm_names\"><span class=\"tmm_fname\">Ute<\/span> <span class=\"tmm_lname\">Br\u00fcgmann<\/span><\/div><div class=\"tmm_job\">Arzthelferin, Hauswirtschaft<\/div><div class=\"tmm_scblock\"><\/div><\/div><\/div><span class=\"tmm_two_containers_tablet\"><\/span><div class=\"tmm_member\" style=\"border-top:#019bdd solid 5px;\"><div class=\"tmm_textblock\"><div class=\"tmm_names\"><span class=\"tmm_fname\">Kathrin<\/span> <span class=\"tmm_lname\">Andresen<\/span><\/div><div class=\"tmm_job\">Altenpflegerin<\/div><div class=\"tmm_scblock\"><\/div><\/div><\/div><div class=\"tmm_member\" style=\"border-top:#019bdd solid 5px;\"><div class=\"tmm_textblock\"><div class=\"tmm_names\"><span class=\"tmm_fname\">Michele<\/span> <span class=\"tmm_lname\">Prowasnik<\/span><\/div><div class=\"tmm_job\">Pflegehelferin<\/div><div class=\"tmm_scblock\"><\/div><\/div><\/div><div style=\"clear:both;\"><\/div><\/div><\/div><\/div>\n<\/div><\/div>\n\n<div style=\"height:50px\" aria-hidden=\"true\" class=\"wp-block-spacer\"><\/div>\n\n<div class=\"wp-block-group has-global-color-6-background-color has-background\"><div class=\"wp-block-group__inner-container is-layout-constrained wp-block-group-is-layout-constrained\">\n<h2 class=\"wp-block-heading\">Opieka<\/h2>\n\n\n<div class=\"tmm tmm_betreuung\"><div class=\"tmm_3_columns tmm_wrap tmm_plugin_f\"><span class=\"tmm_two_containers_tablet\"><\/span><div class=\"tmm_container\"><div class=\"tmm_member\" style=\"border-top:#019bdd solid 5px;\"><div class=\"tmm_photo tmm_pic_betreuung_0\" style=\"background: url(https:\/\/www.bthuus.de\/wp-content\/uploads\/2024\/11\/elle_hidde.jpg); margin-left: auto; margin-right:auto; background-size:cover !important;\"><\/div><div class=\"tmm_textblock\"><div class=\"tmm_names\"><span class=\"tmm_fname\">Ellen<\/span> <span class=\"tmm_lname\">Hidde<\/span><\/div><div class=\"tmm_job\">Schwesternhelferin, Betreuungsassistentin (\u00a745 SGB11), Hauswirtschaft<\/div><div class=\"tmm_scblock\"><\/div><\/div><\/div><div class=\"tmm_member\" style=\"border-top:#019bdd solid 5px;\"><div class=\"tmm_photo tmm_pic_betreuung_1\" style=\"background: url(https:\/\/www.bthuus.de\/wp-content\/uploads\/2023\/01\/ueber_uns_portrait_platzhalter-jpg.webp); margin-left: auto; margin-right:auto; background-size:cover !important;\"><\/div><div class=\"tmm_textblock\"><div class=\"tmm_names\"><span class=\"tmm_fname\">Marlies<\/span> <span class=\"tmm_lname\">Knoll<\/span><\/div><div class=\"tmm_job\">Pflegehelferin, Betreuungsassistentin (\u00a745 SGB11), Hauswirtschaft, Vertretung Hauswirtschaftsleitung<\/div><div class=\"tmm_scblock\"><\/div><\/div><\/div><span class=\"tmm_two_containers_tablet\"><\/span><div class=\"tmm_member\" style=\"border-top:#019bdd solid 5px;\"><div class=\"tmm_photo tmm_pic_betreuung_2\" style=\"background: url(https:\/\/www.bthuus.de\/wp-content\/uploads\/2023\/01\/Marina_Schwanebeck_Hauswirtschaft_Betreuungskraft-jpg.webp); margin-left: auto; margin-right:auto; background-size:cover !important;\"><\/div><div class=\"tmm_textblock\"><div class=\"tmm_names\"><span class=\"tmm_fname\">Marina<\/span> <span class=\"tmm_lname\">Schwanebeck<\/span><\/div><div class=\"tmm_job\">Pflegehelferin, Betreuungskraft (\u00a745 SGB11), Hauswirtschaft<\/div><div class=\"tmm_scblock\"><\/div><\/div><\/div><\/div><span class=\"tmm_columns_containers_desktop\"><\/span><div class=\"tmm_container\"><div class=\"tmm_member\" style=\"border-top:#019bdd solid 5px;\"><div class=\"tmm_photo tmm_pic_betreuung_3\" style=\"background: url(https:\/\/www.bthuus.de\/wp-content\/uploads\/2023\/01\/ueber_uns_portrait_platzhalter-jpg.webp); margin-left: auto; margin-right:auto; background-size:cover !important;\"><\/div><div class=\"tmm_textblock\"><div class=\"tmm_names\"><span class=\"tmm_fname\">Gaby<\/span> <span class=\"tmm_lname\">Herpertz<\/span><\/div><div class=\"tmm_job\">Betreuungsassistentin (\u00a745 SGB11), Hauswirtschaft<\/div><div class=\"tmm_scblock\"><\/div><\/div><\/div><span class=\"tmm_two_containers_tablet\"><\/span><div class=\"tmm_member\" style=\"border-top:#019bdd solid 5px;\"><div class=\"tmm_photo tmm_pic_betreuung_4\" style=\"background: url(https:\/\/www.bthuus.de\/wp-content\/uploads\/2023\/01\/ueber_uns_portrait_platzhalter-jpg.webp); margin-left: auto; margin-right:auto; background-size:cover !important;\"><\/div><div class=\"tmm_textblock\"><div class=\"tmm_names\"><span class=\"tmm_fname\">Tim<\/span> <span class=\"tmm_lname\">Polley<\/span><\/div><div class=\"tmm_job\">Betreuungskraft nach \u00a753b SGB XI, Pflegehelfer<\/div><div class=\"tmm_scblock\"><\/div><\/div><\/div><div style=\"clear:both;\"><\/div><\/div><\/div><\/div>\n<\/div><\/div>\n\n<div style=\"height:50px\" aria-hidden=\"true\" class=\"wp-block-spacer\"><\/div>\n\n<div class=\"wp-block-group has-global-color-6-background-color has-background\"><div class=\"wp-block-group__inner-container is-layout-constrained wp-block-group-is-layout-constrained\">\n<h2 class=\"wp-block-heading\">gospodarowanie<\/h2>\n\n\n<div class=\"tmm tmm_hauswirtschaft\"><div class=\"tmm_3_columns tmm_wrap tmm_theme_f\"><span class=\"tmm_two_containers_tablet\"><\/span><div class=\"tmm_container\"><div class=\"tmm_member\" style=\"border-top:#019bdd solid 5px;\"><div class=\"tmm_photo tmm_pic_hauswirtschaft_0\" style=\"background: url(https:\/\/www.bthuus.de\/wp-content\/uploads\/2023\/01\/Carmen_von_Hadel_Leitung_Hauswirtschaft-jpg.webp); margin-left: auto; margin-right:auto; background-size:cover !important;\"><\/div><div class=\"tmm_textblock\"><div class=\"tmm_names\"><span class=\"tmm_fname\">Carmen<\/span> <span class=\"tmm_lname\">von Hadel<\/span><\/div><div class=\"tmm_job\">Leitung Hauswirtschaft &amp; Betreuungsabteilung<\/div><div class=\"tmm_scblock\"><\/div><\/div><\/div><div class=\"tmm_member\" style=\"border-top:#019bdd solid 5px;\"><div class=\"tmm_photo tmm_pic_hauswirtschaft_1\" style=\"background: url(https:\/\/www.bthuus.de\/wp-content\/uploads\/2023\/01\/ueber_uns_portrait_platzhalter-jpg.webp); margin-left: auto; margin-right:auto; background-size:cover !important;\"><\/div><div class=\"tmm_textblock\"><div class=\"tmm_names\"><span class=\"tmm_fname\">Ulrike<\/span> <span class=\"tmm_lname\">Schneekloth<\/span><\/div><div class=\"tmm_job\">Hauswirtschaft<\/div><div class=\"tmm_scblock\"><\/div><\/div><\/div><span class=\"tmm_two_containers_tablet\"><\/span><div class=\"tmm_member\" style=\"border-top:#019bdd solid 5px;\"><div class=\"tmm_photo tmm_pic_hauswirtschaft_2\" style=\"background: url(https:\/\/www.bthuus.de\/wp-content\/uploads\/2023\/01\/ueber_uns_portrait_platzhalter-jpg.webp); margin-left: auto; margin-right:auto; background-size:cover !important;\"><\/div><div class=\"tmm_textblock\"><div class=\"tmm_names\"><span class=\"tmm_fname\">Valentina<\/span> <span class=\"tmm_lname\">Reiter<\/span><\/div><div class=\"tmm_job\">Hauswirtschaft<\/div><div class=\"tmm_scblock\"><\/div><\/div><\/div><\/div><span class=\"tmm_columns_containers_desktop\"><\/span><div class=\"tmm_container\"><div class=\"tmm_member\" style=\"border-top:#019bdd solid 5px;\"><div class=\"tmm_photo tmm_pic_hauswirtschaft_3\" style=\"background: url(https:\/\/www.bthuus.de\/wp-content\/uploads\/2023\/01\/ueber_uns_portrait_platzhalter-jpg.webp); margin-left: auto; margin-right:auto; background-size:cover !important;\"><\/div><div class=\"tmm_textblock\"><div class=\"tmm_names\"><span class=\"tmm_fname\">Sabrina<\/span> <span class=\"tmm_lname\">Stegelmann<\/span><\/div><div class=\"tmm_job\">Hauswirtschaft<\/div><div class=\"tmm_scblock\"><\/div><\/div><\/div><div style=\"clear:both;\"><\/div><\/div><\/div><\/div>\n<\/div><\/div>\n","protected":false},"excerpt":{"rendered":"<p>Ambulatoryjna opieka piel\u0119gniarska w Kilonii i Bredenbek Od 1994 roku, z biurami w Kilonii i Bredenbek , umo\u017cliwiamy naszym klientom i pacjentom pozostanie w domu iw znanym im otoczeniu, nawet je\u015bli s\u0105 zale\u017cni od opieki piel\u0119gniarskiej i\/lub pomocy w gospodarstwie domowym. Ch\u0119tnie udzielimy Pa\u0144stwu wyczerpuj\u0105cych informacji na temat mo\u017cliwo\u015bci opieki ambulatoryjnej. Po obszernych rozmowach z &#8230; <\/p>\n<p class=\"read-more-container\"><a title=\"Hauswirtschaft\" class=\"read-more button\" href=\"https:\/\/www.bthuus.de\/pl\/tmm\/hauswirtschaft\/#more-2514\" aria-label=\"Dowiedz si\u0119 wi\u0119cej o Hauswirtschaft\">Czytaj dalej<\/a><\/p>\n","protected":false},"author":1,"featured_media":0,"parent":0,"menu_order":0,"comment_status":"closed","ping_status":"closed","template":"","meta":{"iawp_total_views":16,"footnotes":""},"class_list":["post-1820","page","type-page","status-publish","hentry","infinite-scroll-item"],"jetpack_sharing_enabled":true,"_links":{"self":[{"href":"https:\/\/www.bthuus.de\/pl\/wp-json\/wp\/v2\/pages\/1820","targetHints":{"allow":["GET"]}}],"collection":[{"href":"https:\/\/www.bthuus.de\/pl\/wp-json\/wp\/v2\/pages"}],"about":[{"href":"https:\/\/www.bthuus.de\/pl\/wp-json\/wp\/v2\/types\/page"}],"author":[{"embeddable":true,"href":"https:\/\/www.bthuus.de\/pl\/wp-json\/wp\/v2\/users\/1"}],"replies":[{"embeddable":true,"href":"https:\/\/www.bthuus.de\/pl\/wp-json\/wp\/v2\/comments?post=1820"}],"version-history":[{"count":6,"href":"https:\/\/www.bthuus.de\/pl\/wp-json\/wp\/v2\/pages\/1820\/revisions"}],"predecessor-version":[{"id":2917,"href":"https:\/\/www.bthuus.de\/pl\/wp-json\/wp\/v2\/pages\/1820\/revisions\/2917"}],"wp:attachment":[{"href":"https:\/\/www.bthuus.de\/pl\/wp-json\/wp\/v2\/media?parent=1820"}],"curies":[{"name":"wp","href":"https:\/\/api.w.org\/{rel}","templated":true}]}}