{"id":2175,"date":"2022-08-26T13:38:49","date_gmt":"2022-08-26T11:38:49","guid":{"rendered":"https:\/\/www.bthuus.de\/parastina-daneyan\/"},"modified":"2023-07-11T12:19:02","modified_gmt":"2023-07-11T10:19:02","slug":"parastina-daneyan","status":"publish","type":"page","link":"https:\/\/www.bthuus.de\/ku\/parastina-daneyan\/","title":{"rendered":"Parastina daneyan"},"content":{"rendered":"\n<p>Di j\u00ear\u00een de em we di derbar\u00ea berhevkirin \u00fb hilan\u00eena daney\u00ean kesane de dema ku malpera xwe bikar t\u00eenin agahdar dikin.<\/p>\n\n<h2 class=\"wp-block-heading\">1. Agahdariya gelemper\u00ee \u00fb agahdariya mecb\u00fbr\u00ee<\/h2>\n\n<p>parastina daneyan<br\/>Operator\u00ean van r\u00fbpelan parastina daney\u00ean we pir cidd\u00ee digirin. Em daney\u00ean weya kesane bi nepen\u00ee \u00fb li gor\u00ee r\u00eazik\u00ean qan\u00fbn\u00ee y\u00ean parastina daney\u00ea \u00fb v\u00ea danezana parastina daney\u00ea digirin dest.<\/p>\n\n<p>Em dixwazin destn\u00ee\u015fan bikin ku veguheztina daney\u00ea li ser \u00centernet\u00ea (m\u00eenak dema ku bi e-namey\u00ea t\u00ea ragihandin) dikare k\u00eamasiy\u00ean ewlehiy\u00ea hebe. Parastina b\u00eak\u00eamas\u00ee ya daneyan li hember gih\u00ee\u015ftina aliy\u00ean s\u00eayem\u00een ne gengaz e.<\/p>\n\n<p>T\u00eab\u00een\u00ee li ser la\u015f\u00ea berpirsiyar<br\/>Dezgeha berpirsiyar ji bo dan\u00fbstandina daney\u00ean li ser v\u00ea malper\u00ea ev e:<\/p>\n\n<p>T\u00eema l\u00ean\u00ear\u00eena derve &#8211; Bliev ji Huus re<br\/>Michael Burkel<\/p>\n\n<p>Telefon: 0431-6473730<br\/>Faks: 0431-6473731<br\/>Email: <a href=\"mailto:info@bthuus.de\">info@bthuus.de<\/a><\/p>\n\n<p><strong>N\u00ee\u015fe li ser karmend\u00ea me y\u00ea parastina daneyan<\/strong><br\/>Me karmendek parastina daney\u00ean parg\u00eedan\u00ee destn\u00ee\u015fan kir. H\u00fbn dikarin di bin h\u00fbrguliy\u00ean t\u00eakiliy\u00ea y\u00ean j\u00ear\u00een de bi efser\u00ea me y\u00ea parastina daneyan re bigih\u00eejin:<\/p>\n\n<p>Karmend\u00ea Parastina Daney\u00ean<br\/>Torben Vullriede<br\/>Klopstockstr. 11<br\/>24103 Kiel<br\/>Telefon: 0431-64748448<br\/>Email: <a href=\"mailto:mail@dsb-nord.de\">mail@dsb-nord.de<\/a><br\/><a href=\"http:\/\/www.datenschutzbeauftragter-in-norddeutschland.de\/\">www.datenschutzbeauftragter-in-norddeutschland.de<\/a><\/p>\n\n<h2 class=\"wp-block-heading\">2. Maf\u00ean we<\/h2>\n\n<p>Li gor\u00ee zagona parastina daney\u00ea ya guncan, nemaze li gor\u00ee R\u00eaziknameya Parastina Daney\u00ean Gi\u015ft\u00ee ya Yek\u00eetiya Ewrop\u00ee (GDPR), li hember kes\u00ea berpirsiyar di derheq\u00ea hilan\u00eena daney\u00ean we y\u00ean kesane de, maf\u00ean we y\u00ean berfireh \u00ean mijara daney\u00ea hene. dixwazim li j\u00ear we agahdar bikim. Maf\u00ea we heye:<\/p>\n\n<ul class=\"wp-block-list\">\n<li>ji bo agahdariya li ser daney\u00ean wey\u00ean kesane y\u00ean ku ji h\u00eala me ve li gor\u00ee Hunera 15-\u00ea GDPR hatine hilberandin bixwazin. Bi taybet\u00ee, h\u00fbn dikarin di derheq\u00ea armanc\u00ean p\u00eavajoy\u00ea de, kategoriy\u00ean daney\u00ean kesane, kategoriy\u00ean wergir\u00ean ku daney\u00ean we ji wan re hatine e\u015fkere kirin an d\u00ea b\u00eane e\u015fkere kirin, heyama hilan\u00een\u00ea ya plansazkir\u00ee, heb\u00fbna maf\u00ea rastkirin, j\u00eabirin, s\u00eenordarkirina p\u00eavajoy\u00ea de agahdar\u00ee bist\u00eenin. an \u00eet\u00eeraz, heb\u00fbna Maf\u00ea gil\u00eekirin\u00ea, daxwazkirina esl\u00ea daney\u00ean we, heke ji me nehatibe berhev kirin, \u00fb heb\u00fbna biryargirtin\u00ea ya otomat\u00eek, tev\u00ee prof\u00eelkirin \u00fb, ger hewce bike, agahdariya watedar di derheq\u00ea h\u00fbrguliy\u00ean wan de;<\/li>\n\n\n\n<li>li gor\u00ee Bend 16 GDPR, ku tavil\u00ea rastkirina daney\u00ean kesane y\u00ean nerast an netemam \u00ean ku ji h\u00eala me ve hatine hilan\u00een daxwaz bikin;<\/li>\n\n\n\n<li>Li gor\u00ee Xala 17 GDPR, ji bo daxwaza j\u00eabirina daney\u00ean wey\u00ean kesane y\u00ean ku ji h\u00eala me ve hatine hilan\u00een, j\u00eabirin, heya ku p\u00eavajo ji bo karan\u00eena maf\u00ea azadiya derbir\u00een\u00ea \u00fb agahdarkirin\u00ea, bicihan\u00eena erkek qan\u00fbn\u00ee, ji ber sedem\u00ean berjewendiya gi\u015ft\u00ee an j\u00ee ji bo \u00eedd\u00eeakirin\u00ea p\u00eaw\u00eest be, p\u00eakan\u00eena an parastina daxwaz\u00ean qan\u00fbn\u00ee p\u00eaw\u00eest e;<\/li>\n\n\n\n<li>li gor\u00ee Hunera 18 GDPR ji bo s\u00eenordarkirina hilan\u00eena daney\u00ean we y\u00ean kesane daxwaz bikin ger h\u00fbn rastb\u00fbna daneyan n\u00eeqa\u015f bikin, p\u00eavajo neqan\u00fbn\u00ee ye, l\u00ea h\u00fbn j\u00eabirina w\u00ea red dikin \u00fb \u00ead\u00ee hewcedariya me bi daneyan tune, l\u00ea h\u00fbn wan bikar t\u00eenin ji bo \u00eed\u00eeay\u00ean qan\u00fbn\u00ee \u00eed\u00eea bikin, bikar b\u00eenin an j\u00ee berevaniy\u00ea bikin an we li gor\u00ee Hunera 21 GDPR li hember p\u00eavajoy\u00ea \u00eet\u00eeraz kir;<\/li>\n\n\n\n<li>li gor\u00ee Bend 20 GDPR, ji bo wergirtina daney\u00ean wey\u00ean kesane y\u00ean ku we ji me re di formek sazkir\u00ee, hevpar \u00fb bi mak\u00eene-xwendin\u00ea de p\u00ea\u015fk\u00ea\u015f\u00ee me kirine an j\u00ee ji bo veguheztin\u00ea ji berpirsiyarek din re daxwaz bikin;<\/li>\n\n\n\n<li>li gor\u00ee Art 7 para. 3 GDPR ji bo betalkirina raz\u00eeb\u00fbna we ku carek\u00ea ji me re hat\u00ee day\u00een di her k\u00ealiy\u00ea de. Wek\u00ee encamek, em \u00ead\u00ee dest\u00fbr nadin ku li ser bingeha v\u00ea raz\u00eeb\u00fbn\u00ea ji bo p\u00ea\u015feroj\u00ea \u00fb<\/li>\n\n\n\n<li>li gor\u00ee Hunera 77 GDPR giliy\u00ea saziyek \u00e7avd\u00eariy\u00ea bikin. Wek\u00ee qa\u00eedeyek, h\u00fbn dikarin bi desthilatdariya \u00e7avd\u00eariy\u00ea ya c\u00eeh\u00ea r\u00fbni\u015ftina xwe ya adet\u00ee an kar\u00ea xwe an navenda parg\u00eedaniya me re t\u00eakil\u00ee daynin. L\u00eesteya rayedar\u00ean \u00e7avd\u00eariy\u00ea \u00fb h\u00fbrguliy\u00ean p\u00eawendiya wan dikarin li ser l\u00eenka j\u00ear\u00een bib\u00eenin:<br\/><a href=\"https:\/\/www.bfdi.bund.de\/DE\/Infothek\/Anschriften_Links\/anschriften_links-node.html\">https:\/\/www.bfdi.bund.de\/DE\/Infothek\/Anschriften_Links\/anschriften_links-node.html<\/a> .<\/li>\n\n\n\n<li>Ger daney\u00ean weya kesane li gor\u00ee berjewend\u00eey\u00ean rewa li gor\u00ee bend\u00ea 6-\u00ea be. 1 p. 1 l\u00eetre. f DSGVO t\u00eane p\u00eavajo kirin, maf\u00ea we heye ku h\u00fbn li gor\u00ee Hunera 21 DSGVO li hember hilan\u00eena daney\u00ean xwe y\u00ean kesane neraz\u00ee bin, bi \u015fert\u00ea ku sedem\u00ean v\u00ea yek\u00ea hebin ku ji rew\u015fa weya taybet\u00ee derdikevin an \u00eet\u00eeraz li dij\u00ee reklama rasterast be. Di rew\u015fa pa\u015f\u00een de, we mafek gi\u015ft\u00ee heye ku h\u00fbn \u00eet\u00eeraz bikin, ku em \u00ea b\u00eay\u00ee ku rew\u015fek taybet\u00ee diyar bikin bic\u00eeh b\u00eenin. Heke h\u00fbn dixwazin maf\u00ea xwe y\u00ea betalkirin\u00ea an \u00eet\u00eeraz\u00ea bikar b\u00eenin, e-nameyek ji <a href=\"mailto:info@bthuus.de\">info@bthuus.de<\/a> re bes e.<\/li>\n<\/ul>\n\n<h2 class=\"wp-block-heading\">3. Komkirina daneyan dema ku serdana malpera me dike<\/h2>\n\n<p><strong>a) Pel\u00ean t\u00eaketina server\u00ea<\/strong><br\/>Dema ku h\u00fbn malpera me bikar t\u00eenin, em daney\u00ean kesane y\u00ean ku geroka we ji servera me re vediguhez\u00eene berhev dikin (bi nav\u00ea pel\u00ean t\u00eaketin\u00ea y\u00ean server\u00ea). Dema ku h\u00fbn serdana malpera me dikin, em daney\u00ean j\u00ear\u00een berhev dikin ku ji h\u00eala tekn\u00eek\u00ee ve p\u00eadiv\u00ee ye ku em malpera xwe ji we re n\u00ee\u015fan bidin \u00fb aram\u00ee \u00fb ewlehiy\u00ea misoger bikin:<\/p>\n\n<ul class=\"wp-block-list\">\n<li>Navn\u00ee\u015fana IP&#8217;y\u00ea<\/li>\n\n\n\n<li>D\u00eerok \u00fb dema daxwaz\u00ea<\/li>\n\n\n\n<li>C\u00fbdahiya devera demjim\u00ear heya dema Greenwich Mean (GMT)<\/li>\n\n\n\n<li>Naveroka daxwaz\u00ea \u200b\u200b(r\u00fbpelek taybet\u00ee)<\/li>\n\n\n\n<li>Gih\u00ee\u015ftina Rew\u015fa \/ Koda Rew\u015fa HTTP<\/li>\n\n\n\n<li>m\u00eeqdara daney\u00ean veguhestin<\/li>\n\n\n\n<li>Malpera ku daxwaz j\u00ea t\u00ea<\/li>\n\n\n\n<li>gerok\u00ean<\/li>\n\n\n\n<li>Pergala xebitandin\u00ea \u00fb p\u00eawendiya w\u00ea<\/li>\n\n\n\n<li>Ziman \u00fb guhertoya nermalava gerok\u00ea.<\/li>\n<\/ul>\n\n<p>Bingeha qan\u00fbn\u00ee ya ji bo dan\u00fbstandina daneyan xala 6-an e. 1 p. 1 l\u00eetre. f GDPR. Berjewendiya me ya rewa ji armanc\u00ean berhevkirina daneyan ku li jor hatine destn\u00ee\u015fan kirin peyda dibe. Di tu \u015fert \u00fb mercan de em daney\u00ean berhevkir\u00ee bikar naynin da ku di derheq\u00ea kes\u00ea we de encaman derx\u00eenin.<\/p>\n\n<p><strong>b) bi e-namey\u00ea t\u00eakil\u00ee daynin<\/strong><br\/>Ger h\u00fbn bi e-namey\u00ea bi me re t\u00eakil\u00ee daynin, daney\u00ean ku h\u00fbn didin (navn\u00ee\u015fana e-nameya we, dibe ku nav \u00fb jimareya telefona we an daney\u00ean din \u00ean hatine peyda kirin) ji h\u00eala me ve werin hilan\u00een da ku em bersiv\u00ea bidin pirs\u00ean we. Em daney\u00ean ku di v\u00ea \u00e7ar\u00e7ovey\u00ea de \u00e7\u00eadibin pi\u015ft\u00ee ku hilan\u00een \u00ead\u00ee ne hewce ye j\u00eabirin, an heke erk\u00ean hilan\u00een\u00ea y\u00ean qan\u00fbn\u00ee hebin, p\u00eavajoy\u00ea s\u00eenordar dikin. P\u00eavajoya daney\u00ea ji bo mebesta t\u00eakil\u00ee bi me re li gor\u00ee Hunera 6 Para. 1 p. 1 l\u00eetre. GDPR li ser bingeha raz\u00eeb\u00fbna weya dilxwaz\u00ee.<\/p>\n\n<p><strong>c) forma t\u00eakiliy\u00ea<\/strong><\/p>\n\n<p>Wek\u00ee be\u015fek ji karan\u00eena forma p\u00eawendiya meya serh\u00eal, hin daney\u00ean kesane t\u00eane berhev kirin, ku \u00e7ar\u00e7oveya wan ji maskeya t\u00eaketin\u00ea t\u00ea d\u00eetin. Ev dane bi taybet\u00ee ji bo bersiva daxwaza we an j\u00ee ji bo sazkirina t\u00eakil\u00ee \u00fb r\u00eaveberiya tekn\u00eek\u00ee ya t\u00eakildar t\u00eane hilan\u00een \u00fb bikar an\u00een. Bingeha qan\u00fbn\u00ee ya ji bo hilan\u00eena van daneyan berjewendiya me ya rewa ye ku em bersiva daxwaza we li gor\u00ee Hunera 6 Para. 1 l\u00eetre. f GDPR. Ger p\u00eawendiya we bi mebesta gir\u00eadana peymanek\u00ea be, bingeha qan\u00fbn\u00ee ya z\u00eade ji bo p\u00eavajoyiy\u00ea Huner 6 para ye. 1 l\u00eetre. b GDPR. Dema ku daxwaza we hat p\u00eavajo kirin d\u00ea daney\u00ean we werin j\u00eabirin. Ev rew\u015f heke ji \u015fert \u00fb mercan were f\u00eahm kirin ku rastiy\u00ean navbor\u00ee di dawiy\u00ea de hatine ron\u00ee kirin \u00fb bi \u015fert\u00ea ku berevaj\u00ee v\u00ea yek\u00ea berpirsiyariy\u00ean hilan\u00eena qan\u00fbn\u00ee nebin. Hem\u00ee form\u00ean p\u00eawendiy\u00ea y\u00ean li ser malpera me bi prens\u00eeb\u00ean veqetandin\u00ea \u00fb aboriya daney\u00ea re t\u00eakildar in. Ten\u00ea navn\u00ee\u015fana e-namey\u00ea zeviyek mecb\u00fbr\u00ee ye \u00fb ji bo t\u00eakil\u00ee bi we re t\u00ea bikar an\u00een. Hem\u00ee qad\u00ean din agahdariya dilxwaz in.<\/p>\n\n<h2 class=\"wp-block-heading\">4. Parvekirina Daney\u00ean<\/h2>\n\n<p>Daney\u00ean weya kesane d\u00ea ji aliy\u00ean s\u00eayem\u00een re ji bo mebest\u00ean din \u00ean ku li j\u00ear an di v\u00ea danezana parastina daney\u00ea de hatine destn\u00ee\u015fan kirin ney\u00ean \u015fandin. Em ten\u00ea daney\u00ean weya kesane ji aliy\u00ean s\u00eayem\u00een re derbas dikin heke:<\/p>\n\n<ul class=\"wp-block-list\">\n<li>H\u00fbn li gor\u00ee Hunera 6 para. 1 p. 1 l\u00eetre. GDPR raz\u00eeb\u00fbna xwe ya e\u015fkere daye,<\/li>\n\n\n\n<li>veguheztina li gor\u00ee Hunera 6 para. 1 p. 1 l\u00eetre. f DSGVO p\u00eadiv\u00ee ye ku \u00eed\u00eeay\u00ean qan\u00fbn\u00ee bipejir\u00eene, bixebite an bipar\u00eaze \u00fb tu sedemek tune ku h\u00fbn texm\u00een bikin ku we berjewendiyek rewa ya serdest heye ku daney\u00ean we e\u015fkere nekin,<\/li>\n\n\n\n<li>di b\u00fbyera ku ji bo veguheztin\u00ea li gor\u00ee Hunera 6 para. 1 p. 1 l\u00eetre. c DSGVO erkek qan\u00fbn\u00ee heye, her weha<\/li>\n\n\n\n<li>ev bi qan\u00fbn\u00ee dest\u00fbr e \u00fb li gor\u00ee bend\u00ea 6. 1 p. 1 l\u00eetre. b GDPR ji bo p\u00eavekirina t\u00eakiliy\u00ean peyman\u00ea y\u00ean bi we re hewce ye.<\/li>\n<\/ul>\n\n<h2 class=\"wp-block-heading\">5. Ewlekariya Daney\u00ean<\/h2>\n\n<p>Ev malper ji ber sedem\u00ean ewlehiy\u00ea \u00fb ji bo parastina veguhestina naverok\u00ea \u015f\u00eefrekirina SSL an TLS bikar t\u00eene. H\u00fbn dikarin p\u00eawendiyek \u015f\u00eefrekir\u00ee bi rastiya ku r\u00eaza navn\u00ee\u015fana gerok\u00ea ji &#8220;http:\/\/&#8221; berbi &#8220;https:\/\/&#8221; diguhere \u00fb bi sembola qefil\u00ea ya di xeta geroka we de nas bikin. Ger \u015f\u00eefrekirina SSL an TLS were \u00e7alak kirin, ne mimk\u00fbn e ku daney\u00ean hatine \u015fandin ji h\u00eala aliy\u00ean s\u00eayem\u00een ve werin xwendin.<\/p>\n\n<h2 class=\"wp-block-heading\">6. Mijara guhertin\u00ea<\/h2>\n\n<p>Ji kerema xwe bala xwe bidin ku em maf\u00ea xwe dipar\u00eazin ku dem bi dem li gor\u00ee qan\u00fbn\u00ean derbasdar v\u00ea danezana parastina daney\u00ea biguhez\u00eenin an biguhez\u00eenin.<\/p>\n\n<p><strong>Rew\u015f: T\u00eermeh 2018<\/strong><\/p>\n\n<p>Kan\u00ee:<br\/>Karmend\u00ea Parastina Daney\u00ean<br\/>Torben Vullriede<br\/>otobana Hamburg\u00ea 4<br\/>24114 Kiel<br\/>Telefon: 0431-64748448<br\/>Email: <a href=\"mailto:mail@dsb-nord.de\">mail@dsb-nord.de<\/a><br\/><a href=\"http:\/\/www.datenschutzbeauftragter-in-norddeutschland.de\/\">www.datenschutzbeauftragter-in-norddeutschland.de<\/a><\/p>\n","protected":false},"excerpt":{"rendered":"<p>Di j\u00ear\u00een de em we di derbar\u00ea berhevkirin \u00fb hilan\u00eena daney\u00ean kesane de dema ku malpera xwe bikar t\u00eenin agahdar dikin. 1. Agahdariya gelemper\u00ee \u00fb agahdariya mecb\u00fbr\u00ee parastina daneyanOperator\u00ean van r\u00fbpelan parastina daney\u00ean we pir cidd\u00ee digirin. Em daney\u00ean weya kesane bi nepen\u00ee \u00fb li gor\u00ee r\u00eazik\u00ean qan\u00fbn\u00ee y\u00ean parastina daney\u00ea \u00fb v\u00ea danezana parastina &#8230; <\/p>\n<p class=\"read-more-container\"><a title=\"Parastina daneyan\" class=\"read-more button\" href=\"https:\/\/www.bthuus.de\/ku\/parastina-daneyan\/#more-2175\" aria-label=\"Read more about Parastina daneyan\">Read more<\/a><\/p>\n","protected":false},"author":1,"featured_media":0,"parent":0,"menu_order":0,"comment_status":"closed","ping_status":"closed","template":"","meta":{"iawp_total_views":2,"footnotes":""},"class_list":{"0":"post-2175","1":"page","2":"type-page","3":"status-publish","5":"infinite-scroll-item"},"jetpack_sharing_enabled":true,"_links":{"self":[{"href":"https:\/\/www.bthuus.de\/ku\/wp-json\/wp\/v2\/pages\/2175","targetHints":{"allow":["GET"]}}],"collection":[{"href":"https:\/\/www.bthuus.de\/ku\/wp-json\/wp\/v2\/pages"}],"about":[{"href":"https:\/\/www.bthuus.de\/ku\/wp-json\/wp\/v2\/types\/page"}],"author":[{"embeddable":true,"href":"https:\/\/www.bthuus.de\/ku\/wp-json\/wp\/v2\/users\/1"}],"replies":[{"embeddable":true,"href":"https:\/\/www.bthuus.de\/ku\/wp-json\/wp\/v2\/comments?post=2175"}],"version-history":[{"count":0,"href":"https:\/\/www.bthuus.de\/ku\/wp-json\/wp\/v2\/pages\/2175\/revisions"}],"wp:attachment":[{"href":"https:\/\/www.bthuus.de\/ku\/wp-json\/wp\/v2\/media?parent=2175"}],"curies":[{"name":"wp","href":"https:\/\/api.w.org\/{rel}","templated":true}]}}