{"id":2105,"date":"2023-01-04T14:33:44","date_gmt":"2023-01-04T13:33:44","guid":{"rendered":"https:\/\/www.bthuus.de\/cuna-nava\/hevkaren-me\/"},"modified":"2023-07-11T12:05:46","modified_gmt":"2023-07-11T10:05:46","slug":"hevkaren-me","status":"publish","type":"page","link":"https:\/\/www.bthuus.de\/ku\/ueber-uns\/hevkaren-me\/","title":{"rendered":"Hevkar\u00ean me"},"content":{"rendered":"\n<div class=\"wp-block-group has-global-color-6-background-color has-background\"><div class=\"wp-block-group__inner-container is-layout-constrained wp-block-group-is-layout-constrained\">\n<h2 class=\"wp-block-heading\">l\u00ean\u00ear\u00eena paliative<\/h2>\n\n\n\n<div class=\"wp-block-media-text is-stacked-on-mobile is-vertically-aligned-center\" style=\"grid-template-columns:25% auto\"><figure class=\"wp-block-media-text__media\"><a href=\"https:\/\/www.sapv-team-kiel.de\/\" target=\"_blank\" rel=\"noreferrer noopener\"><img loading=\"lazy\" decoding=\"async\" width=\"250\" height=\"90\" src=\"https:\/\/www.bthuus.de\/wp-content\/uploads\/2023\/01\/SAPV_Spezialisierte_Ambulante_Palliative-Versorgung_Kiel_und_Umgebung-1.png\" alt=\"\" class=\"wp-image-905 size-full\"\/><\/a><\/figure><div class=\"wp-block-media-text__content\">\n<h5 class=\"wp-block-heading\">SAPV L\u00ean\u00ear\u00eena Palliat\u00eef a Dervey\u00ee Pispor\u00ee<\/h5>\n\n\n\n<p>Wek\u00ee kar\u00fbbarek hem\u015f\u00eere ya dervey\u00ee nexwe\u015f, em hevkarek hevkariy\u00ea ya <a rel=\"noreferrer noopener\" href=\"https:\/\/www.sapv-team-kiel.de\/\" data-type=\"URL\" data-id=\"https:\/\/www.sapv-team-kiel.de\/\" target=\"_blank\">t\u00eem\u00ea SAPV li Kiel<\/a> in. Be\u015fek ji t\u00eem\u00ea me bi serfiraz\u00ee kal\u00eeteya p\u00eavek &#8220;L\u00eanih\u00ear\u00eena Palliat\u00eef ji bo Hem\u015f\u00eereyan&#8221; qedand &#8211; ku ji h\u00eala <a rel=\"noreferrer noopener\" href=\"https:\/\/www.dgpalliativmedizin.de\/\" data-type=\"URL\" data-id=\"https:\/\/www.dgpalliativmedizin.de\/\" target=\"_blank\">Civaka Alman ji bo Derman\u00ea Palliative<\/a> ve hat\u00ee pejirandin.<\/p>\n<\/div><\/div>\n\n\n\n<div class=\"wp-block-media-text is-stacked-on-mobile is-vertically-aligned-center\" style=\"grid-template-columns:25% auto\"><figure class=\"wp-block-media-text__media\"><a href=\"https:\/\/www.hpvsh.de\/\" target=\"_blank\" rel=\"noreferrer noopener\"><img loading=\"lazy\" decoding=\"async\" width=\"346\" height=\"131\" src=\"https:\/\/www.bthuus.de\/wp-content\/uploads\/2023\/01\/HPVSH_Logo.png\" alt=\"\" class=\"wp-image-910 size-full\" srcset=\"https:\/\/www.bthuus.de\/wp-content\/uploads\/2023\/01\/HPVSH_Logo.png 346w, https:\/\/www.bthuus.de\/wp-content\/uploads\/2023\/01\/HPVSH_Logo-300x114.png 300w\" sizes=\"auto, (max-width: 346px) 100vw, 346px\" \/><\/a><\/figure><div class=\"wp-block-media-text__content\">\n<h5 class=\"wp-block-heading\">Komeleya L\u00ean\u00ear\u00eena Hospice \u00fb Palliative<br\/>Komeleya qeydkir\u00ee ya Schleswig-Holstein<\/h5>\n\n\n\n<p>Em <a href=\"https:\/\/www.hpvsh.de\/hilfsangebote\/bliev-to-huus-ambulantes-pflegeteam-kiel-und-bredenbek\" data-type=\"URL\" data-id=\"https:\/\/www.hpvsh.de\/hilfsangebote\/bliev-to-huus-ambulantes-pflegeteam-kiel-und-bredenbek\" target=\"_blank\" rel=\"noreferrer noopener\">endam\u00ea HPVSH&#8217;\u00ea<\/a> ne<\/p>\n<\/div><\/div>\n<\/div><\/div>\n\n<div style=\"height:50px\" aria-hidden=\"true\" class=\"wp-block-spacer no-mobile\"><\/div>\n\n<div class=\"wp-block-group has-global-color-6-background-color has-background\"><div class=\"wp-block-group__inner-container is-layout-constrained wp-block-group-is-layout-constrained\">\n<h2 class=\"wp-block-heading\">firotgeh\u00ean peydakirina bij\u00ee\u015fk\u00ee<\/h2>\n\n\n\n<div class=\"wp-block-media-text is-stacked-on-mobile is-vertically-aligned-center\" style=\"grid-template-columns:25% auto\"><figure class=\"wp-block-media-text__media\"><a href=\"https:\/\/www.hausderhilfe.de\/\" target=\"_blank\" rel=\"noreferrer noopener\"><img loading=\"lazy\" decoding=\"async\" width=\"400\" height=\"75\" src=\"https:\/\/www.bthuus.de\/wp-content\/uploads\/2022\/12\/Haus_der_Hilfe.webp\" alt=\"Sanit\u00e4tshaus Haus der Hilfe Logo\" class=\"wp-image-369 size-medium\" srcset=\"https:\/\/www.bthuus.de\/wp-content\/uploads\/2022\/12\/Haus_der_Hilfe.webp 400w, https:\/\/www.bthuus.de\/wp-content\/uploads\/2022\/12\/Haus_der_Hilfe-300x56.webp 300w\" sizes=\"auto, (max-width: 400px) 100vw, 400px\" \/><\/a><\/figure><div class=\"wp-block-media-text__content\">\n<h5 class=\"wp-block-heading\">Mala al\u00eekariy\u00ea ya peydakirina bij\u00ee\u015fk\u00ee<\/h5>\n\n\n\n<p><a rel=\"noreferrer noopener\" href=\"https:\/\/www.hausderhilfe.de\/\" data-type=\"URL\" data-id=\"https:\/\/www.hausderhilfe.de\/\" target=\"_blank\">Firo\u015fgeha kel\u00fbpel\u00ean bij\u00eejk\u00ee Haus der Hilfe<\/a> di peydakirina hilber \u00fb al\u00eekariy\u00ean bij\u00eejk\u00ee y\u00ean nexwe\u015f\u00ean xwe de pi\u015ftgir\u00ee dide me. Hevkariya bi firotgehek peydakirina bij\u00eejk\u00ee re ji bo peydakirina l\u00eanih\u00ear\u00eena \u00e7\u00eatir \u00fb domdar ji nexwe\u015f\u00ean me re xizmet dike.<\/p>\n<\/div><\/div>\n\n\n\n<div class=\"wp-block-media-text is-stacked-on-mobile is-vertically-aligned-center\" style=\"grid-template-columns:25% auto\"><figure class=\"wp-block-media-text__media\"><a href=\"https:\/\/kurda.de\/\" target=\"_blank\" rel=\"noreferrer noopener\"><img loading=\"lazy\" decoding=\"async\" width=\"400\" height=\"80\" src=\"https:\/\/www.bthuus.de\/wp-content\/uploads\/2023\/01\/Sanitaetshaus-Kurda-Logo.png\" alt=\"\" class=\"wp-image-764 size-medium\" srcset=\"https:\/\/www.bthuus.de\/wp-content\/uploads\/2023\/01\/Sanitaetshaus-Kurda-Logo.png 400w, https:\/\/www.bthuus.de\/wp-content\/uploads\/2023\/01\/Sanitaetshaus-Kurda-Logo-300x60.png 300w\" sizes=\"auto, (max-width: 400px) 100vw, 400px\" \/><\/a><\/figure><div class=\"wp-block-media-text__content\">\n<h5 class=\"wp-block-heading\">Firo\u015fgeha dermanan Kurda<\/h5>\n<\/div><\/div>\n\n\n\n<div style=\"height:25px\" aria-hidden=\"true\" class=\"wp-block-spacer\"><\/div>\n\n\n\n<div class=\"wp-block-media-text is-stacked-on-mobile is-vertically-aligned-center\" style=\"grid-template-columns:25% auto\"><figure class=\"wp-block-media-text__media\"><a href=\"https:\/\/www.assmann-kiel.de\/\" target=\"_blank\" rel=\"noreferrer noopener\"><img loading=\"lazy\" decoding=\"async\" width=\"400\" height=\"82\" src=\"https:\/\/www.bthuus.de\/wp-content\/uploads\/2023\/01\/Assmann_Logo_Kiel.png\" alt=\"\" class=\"wp-image-765 size-medium\" srcset=\"https:\/\/www.bthuus.de\/wp-content\/uploads\/2023\/01\/Assmann_Logo_Kiel.png 400w, https:\/\/www.bthuus.de\/wp-content\/uploads\/2023\/01\/Assmann_Logo_Kiel-300x62.png 300w\" sizes=\"auto, (max-width: 400px) 100vw, 400px\" \/><\/a><\/figure><div class=\"wp-block-media-text__content\">\n<h5 class=\"wp-block-heading\">Assman Kiel<\/h5>\n<\/div><\/div>\n<\/div><\/div>\n\n<div style=\"height:50px\" aria-hidden=\"true\" class=\"wp-block-spacer no-mobile\"><\/div>\n\n<div class=\"wp-block-group has-global-color-6-background-color has-background\"><div class=\"wp-block-group__inner-container is-layout-constrained wp-block-group-is-layout-constrained\">\n<h2 class=\"wp-block-heading\">dermanxane<\/h2>\n\n\n\n<div class=\"wp-block-media-text is-stacked-on-mobile is-vertically-aligned-center\" style=\"grid-template-columns:25% auto\"><figure class=\"wp-block-media-text__media\"><a href=\"https:\/\/www.plazaapotheke.de\/\" target=\"_blank\" rel=\"noreferrer noopener\"><img loading=\"lazy\" decoding=\"async\" width=\"500\" height=\"151\" src=\"https:\/\/www.bthuus.de\/wp-content\/uploads\/2022\/12\/Apotheke_im_Plaza.webp\" alt=\"\" class=\"wp-image-365 size-medium\" srcset=\"https:\/\/www.bthuus.de\/wp-content\/uploads\/2022\/12\/Apotheke_im_Plaza.webp 500w, https:\/\/www.bthuus.de\/wp-content\/uploads\/2022\/12\/Apotheke_im_Plaza-300x91.webp 300w\" sizes=\"auto, (max-width: 500px) 100vw, 500px\" \/><\/a><\/figure><div class=\"wp-block-media-text__content\">\n<h5 class=\"wp-block-heading\">Plaza pharmacy<\/h5>\n\n\n\n<p><a rel=\"noreferrer noopener\" href=\"https:\/\/www.plazaapotheke.de\/\" data-type=\"URL\" data-id=\"https:\/\/www.plazaapotheke.de\/\" target=\"_blank\">Plaza Apotheke<\/a> \u015fir\u00eek\u00ea me y\u00ea p\u00eabawer e dema ku ew t\u00eate peydakirina dermanan ji bo bir\u00eavebirina dermanan wek\u00ee be\u015fek ji l\u00eanih\u00ear\u00eena dervey\u00ee nexwe\u015fan.<\/p>\n<\/div><\/div>\n\n\n\n<div class=\"wp-block-media-text is-stacked-on-mobile is-vertically-aligned-center\" style=\"grid-template-columns:25% auto\"><figure class=\"wp-block-media-text__media\"><a href=\"https:\/\/apotheke-kiel.de\/\" target=\"_blank\" rel=\"noreferrer noopener\"><img loading=\"lazy\" decoding=\"async\" width=\"1024\" height=\"341\" src=\"https:\/\/www.bthuus.de\/wp-content\/uploads\/2023\/01\/Apotheke_Ruedel-1024x341.webp\" alt=\"\" class=\"wp-image-768 size-medium\" srcset=\"https:\/\/www.bthuus.de\/wp-content\/uploads\/2023\/01\/Apotheke_Ruedel-1024x341.webp 1024w, https:\/\/www.bthuus.de\/wp-content\/uploads\/2023\/01\/Apotheke_Ruedel-300x100.webp 300w, https:\/\/www.bthuus.de\/wp-content\/uploads\/2023\/01\/Apotheke_Ruedel-768x256.webp 768w, https:\/\/www.bthuus.de\/wp-content\/uploads\/2023\/01\/Apotheke_Ruedel-jpg.webp 1500w\" sizes=\"auto, (max-width: 1024px) 100vw, 1024px\" \/><\/a><\/figure><div class=\"wp-block-media-text__content\">\n<h5 class=\"wp-block-heading\">dermanxane pak bikin<\/h5>\n<\/div><\/div>\n\n\n\n<div style=\"height:25px\" aria-hidden=\"true\" class=\"wp-block-spacer\"><\/div>\n\n\n\n<div class=\"wp-block-media-text is-stacked-on-mobile is-vertically-aligned-center\" style=\"grid-template-columns:25% auto\"><figure class=\"wp-block-media-text__media\"><a href=\"https:\/\/www.roland-apotheke-kiel.de\/\" target=\"_blank\" rel=\"noreferrer noopener\"><img loading=\"lazy\" decoding=\"async\" width=\"408\" height=\"200\" src=\"https:\/\/www.bthuus.de\/wp-content\/uploads\/2023\/01\/Roland_Apotheke_Kiel.png\" alt=\"\" class=\"wp-image-761 size-medium\" srcset=\"https:\/\/www.bthuus.de\/wp-content\/uploads\/2023\/01\/Roland_Apotheke_Kiel.png 408w, https:\/\/www.bthuus.de\/wp-content\/uploads\/2023\/01\/Roland_Apotheke_Kiel-300x147.png 300w\" sizes=\"auto, (max-width: 408px) 100vw, 408px\" \/><\/a><\/figure><div class=\"wp-block-media-text__content\">\n<h5 class=\"wp-block-heading\">Dermanxaneya Roland<\/h5>\n<\/div><\/div>\n<\/div><\/div>\n\n<div style=\"height:50px\" aria-hidden=\"true\" class=\"wp-block-spacer no-mobile\"><\/div>\n\n<div class=\"wp-block-group has-global-color-6-background-color has-background\"><div class=\"wp-block-group__inner-container is-layout-constrained wp-block-group-is-layout-constrained\">\n<h2 class=\"wp-block-heading\">Li ser \u00fb b\u00eatir<\/h2>\n\n\n\n<div class=\"wp-block-media-text is-stacked-on-mobile is-vertically-aligned-center\" style=\"grid-template-columns:25% auto\"><figure class=\"wp-block-media-text__media\"><a href=\"http:\/\/wischhof.com\/index.html\" target=\"_blank\" rel=\"noreferrer noopener\"><img loading=\"lazy\" decoding=\"async\" width=\"243\" height=\"90\" src=\"https:\/\/www.bthuus.de\/wp-content\/uploads\/2022\/12\/Wischhof_frisches-_aus_Sehestedt-jpg.webp\" alt=\"Wischhof Sehestedt\" class=\"wp-image-368 size-full\"\/><\/a><\/figure><div class=\"wp-block-media-text__content\">\n<h5 class=\"wp-block-heading\">Wischhof Sehestedt<\/h5>\n\n\n\n<p><a rel=\"noreferrer noopener\" href=\"http:\/\/wischhof.com\/index.html\" data-type=\"URL\" data-id=\"http:\/\/wischhof.com\/index.html\" target=\"_blank\">Wischhof<\/a> ji bo of\u00ees\u00ea heftey\u00ea carek\u00ea f\u00eak\u00ee \u00fb sebzey\u00ean organ\u00eek \u00ean teze y\u00ean her\u00eam\u00ea ji me re peyda dike.<\/p>\n<\/div><\/div>\n\n\n\n<div class=\"wp-block-media-text is-stacked-on-mobile is-vertically-aligned-center\" style=\"grid-template-columns:25% auto\"><figure class=\"wp-block-media-text__media\"><img loading=\"lazy\" decoding=\"async\" width=\"858\" height=\"755\" src=\"https:\/\/www.bthuus.de\/wp-content\/uploads\/2022\/11\/Logo-Kaffeekueste-4c.webp\" alt=\"Coffee coast Laboe logo\" class=\"wp-image-139 size-medium\" srcset=\"https:\/\/www.bthuus.de\/wp-content\/uploads\/2022\/11\/Logo-Kaffeekueste-4c.webp 858w, https:\/\/www.bthuus.de\/wp-content\/uploads\/2022\/11\/Logo-Kaffeekueste-4c-300x264.webp 300w, https:\/\/www.bthuus.de\/wp-content\/uploads\/2022\/11\/Logo-Kaffeekueste-4c-768x676.webp 768w\" sizes=\"auto, (max-width: 858px) 100vw, 858px\" \/><\/figure><div class=\"wp-block-media-text__content\">\n<h5 class=\"wp-block-heading\">Kaffeekueste roastery taybet Laboe GmbH<\/h5>\n\n\n\n<p>Em qehweya xwe ji bo of\u00eesa xwe ji <a rel=\"noreferrer noopener\" href=\"https:\/\/kaffeekueste.de\/\" data-type=\"URL\" data-id=\"https:\/\/kaffeekueste.de\/\" target=\"_blank\">roastery taybet a qehwey\u00ea li Laboe<\/a> digirin. Bi saya qutiy\u00ean radestkirina Zero Waste, em ji bermahiy\u00ean plast\u00eek \u00fb bermahiy\u00ean nehewce d\u00fbr dikevin. Wek\u00ee din, ew qehweya Fairtrade bi sert\u00eef\u00eekayek organ\u00eek e. Em k\u00eafxwe\u015f in ku di Kaffeekueste Laboe de hevalbendek d\u00eet, ji bo ku domdar\u00ee bi qas\u00ee ku be\u015fek ji felsefeya parg\u00eedaniya wan gir\u00eeng e.<\/p>\n<\/div><\/div>\n\n\n\n<div class=\"wp-block-media-text is-stacked-on-mobile is-vertically-aligned-center\" style=\"grid-template-columns:25% auto\"><figure class=\"wp-block-media-text__media\"><a href=\"https:\/\/www.sueverkruep.de\/\" target=\"_blank\" rel=\"noreferrer noopener\"><img loading=\"lazy\" decoding=\"async\" width=\"1024\" height=\"299\" src=\"https:\/\/www.bthuus.de\/wp-content\/uploads\/2023\/01\/Sueverkruep_Logo_rgb_meta_mit_Claim_v01_RZ-1024x299.png\" alt=\"\" class=\"wp-image-904 size-medium\" srcset=\"https:\/\/www.bthuus.de\/wp-content\/uploads\/2023\/01\/Sueverkruep_Logo_rgb_meta_mit_Claim_v01_RZ-1024x299.png 1024w, https:\/\/www.bthuus.de\/wp-content\/uploads\/2023\/01\/Sueverkruep_Logo_rgb_meta_mit_Claim_v01_RZ-300x88.png 300w, https:\/\/www.bthuus.de\/wp-content\/uploads\/2023\/01\/Sueverkruep_Logo_rgb_meta_mit_Claim_v01_RZ-768x224.png 768w, https:\/\/www.bthuus.de\/wp-content\/uploads\/2023\/01\/Sueverkruep_Logo_rgb_meta_mit_Claim_v01_RZ.png 1134w\" sizes=\"auto, (max-width: 1024px) 100vw, 1024px\" \/><\/a><\/figure><div class=\"wp-block-media-text__content\">\n<h5 class=\"wp-block-heading\">Bazirganiya otomob\u00eel\u00ean S\u00fcverkr\u00fcp<\/h5>\n\n\n\n<p>Me di <a href=\"https:\/\/www.sueverkruep.de\/\" data-type=\"URL\" data-id=\"https:\/\/www.sueverkruep.de\/\" target=\"_blank\" rel=\"noreferrer noopener\">Autohaus S\u00fcverkr\u00fcp<\/a> de ji bo domdar\u00ee \u00fb p\u00ea\u015fb\u00eeniya p\u00eaw\u00eest di f\u00eeloya xwe de hevkarek dilsoz d\u00eet. \u00c7i h\u00eebr\u00eed, \u00e7i bi ten\u00ea elektr\u00eek, hevsengiya avheway\u00ea ji me re qet ne gir\u00eeng e. Patron naha bis\u00eekl\u00eata meya e-kargoy\u00ea bikar t\u00eene da ku dema ku gengaz be piraniya r\u00eaw\u00eetiy\u00ean xwe bigire.<\/p>\n<\/div><\/div>\n<\/div><\/div>\n\n<div style=\"height:50px\" aria-hidden=\"true\" class=\"wp-block-spacer no-mobile\"><\/div>\n\n<div class=\"wp-block-group has-global-color-6-background-color has-background\"><div class=\"wp-block-group__inner-container is-layout-constrained wp-block-group-is-layout-constrained\">\n<h2 class=\"wp-block-heading\">sponsorgeriy\u00ea<\/h2>\n\n\n\n<div class=\"wp-block-media-text is-stacked-on-mobile is-vertically-aligned-center\" style=\"grid-template-columns:25% auto\"><figure class=\"wp-block-media-text__media\"><img loading=\"lazy\" decoding=\"async\" width=\"500\" height=\"500\" src=\"https:\/\/www.bthuus.de\/wp-content\/uploads\/2023\/01\/Logo_Bredenbek_Felde.png\" alt=\"\" class=\"wp-image-823 size-full\" srcset=\"https:\/\/www.bthuus.de\/wp-content\/uploads\/2023\/01\/Logo_Bredenbek_Felde.png 500w, https:\/\/www.bthuus.de\/wp-content\/uploads\/2023\/01\/Logo_Bredenbek_Felde-300x300.png 300w, https:\/\/www.bthuus.de\/wp-content\/uploads\/2023\/01\/Logo_Bredenbek_Felde-150x150.png 150w\" sizes=\"auto, (max-width: 500px) 100vw, 500px\" \/><\/figure><div class=\"wp-block-media-text__content\">\n<h5 class=\"wp-block-heading\"><a href=\"http:\/\/www.tusfelde.de\/index.php\/sport\/fussball\">SG<\/a> Felde \/ Bredenbeck<\/h5>\n\n\n\n<p>Em sponsor\u00ea kiras\u00ea t\u00eem\u00ea futbol\u00ea ya m\u00earan a SG Felde\/Bredenbek ne.<\/p>\n<\/div><\/div>\n<\/div><\/div>\n","protected":false},"excerpt":{"rendered":"<p>l\u00ean\u00ear\u00eena paliative SAPV L\u00ean\u00ear\u00eena Palliat\u00eef a Dervey\u00ee Pispor\u00ee Wek\u00ee kar\u00fbbarek hem\u015f\u00eere ya dervey\u00ee nexwe\u015f, em hevkarek hevkariy\u00ea ya t\u00eem\u00ea SAPV li Kiel in. Be\u015fek ji t\u00eem\u00ea me bi serfiraz\u00ee kal\u00eeteya p\u00eavek &#8220;L\u00eanih\u00ear\u00eena Palliat\u00eef ji bo Hem\u015f\u00eereyan&#8221; qedand &#8211; ku ji h\u00eala Civaka Alman ji bo Derman\u00ea Palliative ve hat\u00ee pejirandin. Komeleya L\u00ean\u00ear\u00eena Hospice \u00fb PalliativeKomeleya &#8230; <\/p>\n<p class=\"read-more-container\"><a title=\"Hevkar\u00ean me\" class=\"read-more button\" href=\"https:\/\/www.bthuus.de\/ku\/ueber-uns\/hevkaren-me\/#more-2105\" aria-label=\"Read more about Hevkar\u00ean me\">Read more<\/a><\/p>\n","protected":false},"author":1,"featured_media":0,"parent":1813,"menu_order":0,"comment_status":"closed","ping_status":"closed","template":"","meta":{"iawp_total_views":2,"footnotes":""},"class_list":{"0":"post-2105","1":"page","2":"type-page","3":"status-publish","5":"infinite-scroll-item"},"jetpack_sharing_enabled":true,"_links":{"self":[{"href":"https:\/\/www.bthuus.de\/ku\/wp-json\/wp\/v2\/pages\/2105","targetHints":{"allow":["GET"]}}],"collection":[{"href":"https:\/\/www.bthuus.de\/ku\/wp-json\/wp\/v2\/pages"}],"about":[{"href":"https:\/\/www.bthuus.de\/ku\/wp-json\/wp\/v2\/types\/page"}],"author":[{"embeddable":true,"href":"https:\/\/www.bthuus.de\/ku\/wp-json\/wp\/v2\/users\/1"}],"replies":[{"embeddable":true,"href":"https:\/\/www.bthuus.de\/ku\/wp-json\/wp\/v2\/comments?post=2105"}],"version-history":[{"count":0,"href":"https:\/\/www.bthuus.de\/ku\/wp-json\/wp\/v2\/pages\/2105\/revisions"}],"up":[{"embeddable":true,"href":"https:\/\/www.bthuus.de\/ku\/wp-json\/wp\/v2\/pages\/1813"}],"wp:attachment":[{"href":"https:\/\/www.bthuus.de\/ku\/wp-json\/wp\/v2\/media?parent=2105"}],"curies":[{"name":"wp","href":"https:\/\/api.w.org\/{rel}","templated":true}]}}