{"id":2099,"date":"2022-12-10T13:19:51","date_gmt":"2022-12-10T12:19:51","guid":{"rendered":"https:\/\/www.bthuus.de\/lenerina-palliatif-a-derveyi-nexwesiya-pispor-sapv\/"},"modified":"2023-07-11T12:06:47","modified_gmt":"2023-07-11T10:06:47","slug":"lenerina-palliatif-a-derveyi-nexwesiya-pispor-sapv","status":"publish","type":"page","link":"https:\/\/www.bthuus.de\/ku\/xizmeten-me\/lenerina-paliative\/lenerina-palliatif-a-derveyi-nexwesiya-pispor-sapv\/","title":{"rendered":"L\u00ean\u00ear\u00eena palliat\u00eef a dervey\u00ee nexwe\u015fiya pispor (SAPV)"},"content":{"rendered":"\n<div class=\"wp-block-group has-global-color-6-background-color has-background\"><div class=\"wp-block-group__inner-container is-layout-constrained wp-block-group-is-layout-constrained\">\n<p><strong>L\u00ean\u00ear\u00eena palyat\u00eef a dervey\u00ee nexwe\u015f a pispor (SAPV)<\/strong> celebek l\u00eanih\u00ear\u00eena pispor e ku ji bo mirov\u00ean bi nexwe\u015fiyek p\u00ea\u015fkeft\u00ee, b\u00eadermandar t\u00ea armanc kirin, bi mebesta ba\u015fkirina kal\u00eeteya jiyan\u00ea \u00fb xwe\u015fb\u00fbna van nexwe\u015fan. Kar\u00fbbar\u00ean SAPV ji h\u00eala t\u00eemek navd\u00ees\u00eepl\u00een\u00ee ya bij\u00eejk, hem\u015f\u00eere, ps\u00eekolog \u00fb pispor\u00ean din ve t\u00eane p\u00ea\u015fk\u00ea\u015f kirin \u00fb li gor\u00ee hewcedariy\u00ean kesane y\u00ean nexwe\u015f t\u00eane \u00e7\u00eakirin.<\/p>\n\n\n\n<p>Em <strong>\u015fir\u00eek\u00ea hevkariy\u00ea y\u00ea taybet\u00ee j\u00eahat\u00ee y\u00ea <a rel=\"noreferrer noopener\" href=\"https:\/\/www.sapv-team-kiel.de\/\" data-type=\"URL\" data-id=\"https:\/\/www.sapv-team-kiel.de\/\" target=\"_blank\">T\u00eema SAPV Kiel<\/a><\/strong> in \u00fb di heman dem\u00ea de bi hezkiriy\u00ean xwe re <strong>xebata<\/strong> <strong>l\u00ean\u00ear\u00eena term\u00eenal\u00ea<\/strong> \u00fb xemg\u00eeniy\u00ea j\u00ee p\u00ea\u015fk\u00ea\u015f dikin.<\/p>\n<\/div><\/div>\n\n<div style=\"height:50px\" aria-hidden=\"true\" class=\"wp-block-spacer no-mobile\"><\/div>\n\n<div class=\"wp-block-group has-global-color-6-background-color has-background\"><div class=\"wp-block-group__inner-container is-layout-constrained wp-block-group-is-layout-constrained\">\n<h2 class=\"wp-block-heading\">L\u00ean\u00ear\u00eena paliative ya pispor a dervey\u00ee nexwe\u015f (SAPV) \u00e7i vedigire?<\/h2>\n\n\n\n<p>L\u00ean\u00ear\u00eena paliat\u00eef a dervey\u00ee nexwe\u015f a pispor (SAPV) l\u00eanih\u00ear\u00een \u00fb pi\u015ftgir\u00eeya berfireh ji bo nexwe\u015f\u00ean bi nexwe\u015fiyek p\u00ea\u015fkeft\u00ee, b\u00eaderman \u00fb xizm\u00ean wan re vedihew\u00eene. Ev di nav y\u00ean din de hene:<\/p>\n\n\n\n<ul class=\"wp-block-list\">\n<li><strong>R\u00eavebiriya \u00ca\u015f\u00ea<\/strong> : Aliyek gir\u00eeng a SAPV rehetkirina \u00ea\u015f\u00ea ye. T\u00eema SAPV dikare bi r\u00eavebirina derman\u00ea \u00ea\u015f\u00ea \u00fb \u00e7\u00eakirina plansaziy\u00ean r\u00eaveberiya \u00ea\u015f\u00ea re bibe al\u00eekar.<\/li>\n\n\n\n<li><strong>Kontrolkirina N\u00ee\u015fan\u00ea<\/strong> : Balk\u00ea\u015fek din a SAPV kontrolkirina n\u00ee\u015fan\u00ean wek\u00ee nausea, vere\u015f\u00een, dijwariya nefes\u00ea, an qeb\u00eelb\u00fbn\u00ea ye. T\u00eema SAPV dikare bi r\u00eavebirina derman an j\u00ee tedb\u00eer\u00ean paliat\u00eef \u00ean wek\u00ee t\u00eaxistina l\u00fbley\u00ean m\u00eedey\u00ea an kateter\u00ean m\u00eez\u00ea re al\u00eekariyek armancdar peyda bike.<\/li>\n\n\n\n<li><strong>Pi\u015ftgiriya ps\u00eekoloj\u00eek \u00fb hestyar\u00ee<\/strong> : Par\u00e7eyek bingeh\u00een a SAPV di heman dem\u00ea de pi\u015ftgir\u00eeya der\u00fbn\u00ee \u00fb hestyar\u00ee ya nexwe\u015f \u00fb xizm\u00ean wan e. T\u00eema SAPV dikare li vir rolek gir\u00eeng bil\u00eeze, m\u00eenak\u00ee bi axaftin \u00fb guhdar\u00eekirin\u00ea.<\/li>\n\n\n\n<li><strong>\u015e\u00eawirdar\u00ee \u00fb pi\u015ftgir\u00ee ji bo xizm\u00ean xwe<\/strong> : SAPV pi\u015ftgir\u00ee dide xizm\u00ean nexwe\u015fan di l\u00ean\u00ear\u00een \u00fb l\u00eanih\u00ear\u00eena hezkiriy\u00ean xwe de \u00fb \u015f\u00eeret \u00fb pi\u015ftgir\u00ee p\u00ea\u015fk\u00ea\u015f\u00ee wan dike.<\/li>\n\n\n\n<li><strong>L\u00ean\u00ear\u00eena nexwe\u015fxan\u00ea<\/strong> : SAPV di heman dem\u00ea de dikare l\u00eanih\u00ear\u00eena nexwe\u015fxan\u00ea p\u00ea\u015fk\u00ea\u015f\u00ee bike da ku di qonaxa daw\u00ee ya jiyana wan de pi\u015ftgir\u00ee bide nexwe\u015fan.<\/li>\n<\/ul>\n\n\n\n<p>L\u00ean\u00ear\u00eena paliat\u00eef ya pispor (SAPV) ji h\u00eala parg\u00eedaniy\u00ean b\u00eemeya tenduristiy\u00ea ve t\u00ea f\u00eenanse kirin \u00fb ji bo nexwe\u015fan bela\u015f e. Tevl\u00eab\u00fbna di SAPV de ji h\u00eala bij\u00eejk ve t\u00ea destp\u00eakirin \u00fb bi gelemper\u00ee raz\u00eeb\u00fbna parg\u00eedaniya b\u00eemeya tenduristiy\u00ea hewce dike. SAPV bi gelemper\u00ee li mal\u00ea an li sazgehek dervey\u00ee nexwe\u015fan p\u00eak t\u00ea.<\/p>\n<\/div><\/div>\n\n<div style=\"height:50px\" aria-hidden=\"true\" class=\"wp-block-spacer no-mobile\"><\/div>\n\n<div class=\"wp-block-group has-global-color-6-background-color has-background\"><div class=\"wp-block-group__inner-container is-layout-constrained wp-block-group-is-layout-constrained\">\n<h2 class=\"wp-block-heading\">L\u00ean\u00ear\u00eena paliative ya pispor a dervey\u00ee nexwe\u015f (SAPV) ji k\u00ea re t\u00ea armanc kirin?<\/h2>\n\n\n\n<p>L\u00ean\u00ear\u00eena palliat\u00eef a dervey\u00ee nexwe\u015f a pispor (SAPV) ji bo <strong>nexwe\u015f\u00ean bi nexwe\u015fiya p\u00ea\u015fkeft\u00ee, nedermankir\u00ee y\u00ean ku bi taybet\u00ee hewcedar\u00ee \u00fb n\u00ee\u015faney\u00ean wan \u00ean tevlihev hene \u00fb hewcey\u00ea l\u00eanih\u00ear\u00eena paliat\u00eef a berfireh in t\u00ea<\/strong> armanc kirin. SAPV armanc dike ku qal\u00eeteya jiyana nexwe\u015f \u00fb xizm\u00ean wan ba\u015ftir bike \u00fb bih\u00eale ku ew bi qas\u00ee ku gengaz bij\u00een \u00fb bimirin.<\/p>\n\n\n\n<p>SAPV formek pispor a l\u00eanih\u00ear\u00eena paliat\u00eef a derve ye ku ji h\u00eala t\u00eemek navd\u00ees\u00eepl\u00een a bij\u00eejk, hem\u015f\u00eere, ps\u00eekolog \u00fb xebatkar\u00ean civak\u00ee ve t\u00ea peyda kirin. Bi gelemper\u00ee, SAPV ji bo nexwe\u015f\u00ean bi hewcedar\u00ee \u00fb n\u00ee\u015fan\u00ean taybet\u00ee y\u00ean tevlihev \u00ean ku ji <a href=\"https:\/\/www.bthuus.de\/ku\/xizmeten-me\/lenerina-paliative\/lenerina-palliatif-a-derveyi-gisti-aapv\/\" data-type=\"page\" data-id=\"56\">l\u00eanih\u00ear\u00eena paliative ya gi\u015ft\u00ee ya dervey\u00ee nexwe\u015f (AAPV)<\/a> b\u00eatir l\u00eanih\u00ear\u00eena paliat\u00eef hewce dike armanc dike. Bij\u00eejk li gor\u00ee hewcedar\u00ee \u00fb n\u00ee\u015faney\u00ean takekes\u00ee y\u00ean nexwe\u015f biryar\u00ea dide ka k\u00eejan forma l\u00ean\u00ear\u00eena paliat\u00eef ji bo nexwe\u015fek minasib e.<\/p>\n<\/div><\/div>\n\n<div style=\"height:50px\" aria-hidden=\"true\" class=\"wp-block-spacer no-mobile\"><\/div>\n\n<div class=\"wp-block-group has-global-color-6-background-color has-background\"><div class=\"wp-block-group__inner-container is-layout-constrained wp-block-group-is-layout-constrained\">\n<h2 class=\"wp-block-heading\">Li Kiel \u00fb Bredenbek kar\u00fbbar\u00ea hem\u015f\u00eere ya dervey\u00ee Bliev ji Huus re \u00e7i kar\u00fbbaran p\u00ea\u015fk\u00ea\u015f\u00ee dike?<\/h2>\n\n\n\n<p>Wek\u00ee be\u015fek ji l\u00eanih\u00ear\u00eena paliative ya pispor (SAPV), em bi gelemper\u00ee kar\u00fbbar\u00ean j\u00ear\u00een p\u00ea\u015fk\u00ea\u015f dikin:<\/p>\n\n\n\n<ul class=\"wp-block-list\">\n<li>Tedawiya n\u00ee\u015fankir\u00ee ya \u00ea\u015f \u00fb nexwe\u015fiy\u00ean din<\/li>\n\n\n\n<li>r\u00eaveberiya derman \u00fb derman\u00ean din<\/li>\n\n\n\n<li>Bibal\u00ee<\/li>\n\n\n\n<li>Pi\u015ftgiriya xwer\u00eaveberiy\u00ea \u00fb jiyana rojane<\/li>\n\n\n\n<li>Pi\u015ftgir\u00ee di dan\u00fbstandin \u00fb mij\u00fblb\u00fbna bi nexwe\u015fiy\u00ea re<\/li>\n\n\n\n<li>\u015e\u00eawirmend\u00ee \u00fb pi\u015ftgir\u00ee ji bo xizm\u00ean<\/li>\n\n\n\n<li>Koord\u00eenasyon \u00fb hevkar\u00ee bi bij\u00eejk\u00ean dermanker \u00fb be\u015fdar\u00ean din re<\/li>\n<\/ul>\n\n\n\n<p>Li gor hewcedar\u00ee \u00fb daxwaz\u00ean takekes\u00ee y\u00ean nexwe\u015f \u00fb xizm\u00ean wan, xizmet\u00ean din j\u00ee dikarin b\u00eane p\u00ea\u015fk\u00ea\u015f kirin, wek nim\u00fbne di forma pi\u015ftgir\u00eeya der\u00fbn\u00ee \u00fb civak\u00ee de.<\/p>\n\n\n\n<p>Ji ber ezm\u00fbna me ya gelek salan, <strong>xweseriya nexwe\u015f<\/strong> \u00fb <strong>ragihandina vekir\u00ee ya bi hev re<\/strong> ji bo me bi taybet\u00ee gir\u00eeng e!<\/p>\n\n\n\n<p>Em h\u00eaza xwe ya her\u00ee mezin di v\u00ea <strong>adaptasyona li gor\u00ee hewcedariy\u00ean kesane y\u00ean nexwe\u015f\u00ean xwe \u00fb malbat\u00ean wan de<\/strong> dib\u00eenin.<\/p>\n\n\n\n<p>Em pir k\u00eafxwe\u015f in ku <strong>hem\u015f\u00eerey\u00ean j\u00eahat\u00ee di t\u00eem\u00ea w\u00ee de ne, nemaze ji bo l\u00eanih\u00ear\u00eena paliat\u00eef a dervey\u00ee nexwe\u015fxaneya gi\u015ft\u00ee \u00fb pispor<\/strong> .<\/p>\n<\/div><\/div>\n\n<div style=\"height:50px\" aria-hidden=\"true\" class=\"wp-block-spacer no-mobile\"><\/div>\n\n<div class=\"wp-block-group has-global-color-6-background-color has-background\"><div class=\"wp-block-group__inner-container is-layout-constrained wp-block-group-is-layout-constrained\">\n<h2 class=\"wp-block-heading\">L\u00ean\u00ear\u00eena paliat\u00eef a dervey\u00ee nexwe\u015fiya pispor \u00e7awa dixebite?<\/h2>\n\n\n\n<p>SAPV ji h\u00eala t\u00eemek navd\u00ees\u00eepl\u00een\u00ee ya bij\u00eejk, hem\u015f\u00eere, ps\u00eekolog \u00fb xebatkar\u00ean civak\u00ee ve, ku bi taybet\u00ee li gor\u00ee hewcedariy\u00ean nexwe\u015f\u00ean bi nexwe\u015fiyek p\u00ea\u015fkeft\u00ee ve hat\u00ee adapte kirin, t\u00eate kirin. L\u00ean\u00ear\u00een dikare li mal\u00ea an j\u00ee li navendek dervey\u00ee nexwe\u015fxaneyek wek\u00ee xaniyek an yek\u00eeneya l\u00eanih\u00ear\u00eena paliat\u00eef were peyda kirin.<\/p>\n\n\n\n<p>SAPV bal\u00ea diki\u015f\u00eene ser dermankirina semptomat\u00eek a \u00ea\u015f \u00fb nexwe\u015fiy\u00ean din, pi\u015ftgir\u00ee bi l\u00ean\u00ear\u00eena xwe \u00fb pi\u015ftgiriya ps\u00eekoloj\u00eek \u00fb civak\u00ee ya ji bo nexwe\u015f \u00fb xizm\u00ean wan. Armanc ew e ku kal\u00eeteya jiyana nexwe\u015f \u00fb xizm\u00ean wan ba\u015ftir bibe \u00fb ew bikaribin li derdor\u00ean nas heta ku dibe bila bibe serbixwe bij\u00een \u00fb bimirin.<\/p>\n<\/div><\/div>\n\n<div style=\"height:50px\" aria-hidden=\"true\" class=\"wp-block-spacer no-mobile\"><\/div>\n\n<div class=\"wp-block-group has-global-color-6-background-color has-background\"><div class=\"wp-block-group__inner-container is-layout-constrained wp-block-group-is-layout-constrained\">\n<h2 class=\"wp-block-heading\">Pirs\u00ean ku pir caran t\u00eane pirs\u00een<\/h2>\n\n\n<div class=\"saswp-faq-block-section\"><ol style=\"list-style-type:none\"><li style=\"list-style-type: none\"><h4 class=\"\">Was ist die SAPV?<\/h4><p class=\"saswp-faq-answer-text\">Die SAPV ist eine spezialisierte Form der ambulanten Palliativversorgung, die sich an Patient:innen mit fortgeschrittener, nicht heilbarer Erkrankung richtet.<\/p><li style=\"list-style-type: none\"><h4 class=\"\">Wie wird die SAPV finanziert?<\/h4><p class=\"saswp-faq-answer-text\">Die SAPV wird von den Krankenkassen finanziert und ist f\u00fcr die Patient:innen kostenfrei.<\/p><li style=\"list-style-type: none\"><h4 class=\"\">Welche Leistungen werden in der SAPV angeboten?<\/h4><p class=\"saswp-faq-answer-text\">In der SAPV werden umfassende Leistungen angeboten, wie zum Beispiel: Schmerztherapie, Symptomkontrolle, Psychologische Unterst\u00fctzung, Beratung und Unterst\u00fctzung von Angeh\u00f6rigen, Hospizliche Betreuung.<br><\/p><li style=\"list-style-type: none\"><h4 class=\"\">Wer kann in die SAPV aufgenommen werden?<\/h4><p class=\"saswp-faq-answer-text\">In die SAPV k\u00f6nnen Patient:innen mit fortgeschrittener, nicht heilbarer Erkrankung aufgenommen werden, die palliative Versorgung ben\u00f6tigen. Die Aufnahme in die SAPV wird von einer \u00c4rztin, oder einem Arzt veranlasst und bedarf in der Regel einer Zustimmung der Krankenkasse.<\/p><li style=\"list-style-type: none\"><h4 class=\"\">Wo findet die SAPV statt?<\/h4><p class=\"saswp-faq-answer-text\">Die SAPV findet in der Regel zu Hause oder in einer ambulanten Einrichtung statt. In manchen F\u00e4llen kann die SAPV auch in einem Hospiz oder einer Klinik durchgef\u00fchrt werden.<\/p><li style=\"list-style-type: none\"><h4 class=\"\">Was unterscheidet die SAPV von der AAPV?<\/h4><p class=\"saswp-faq-answer-text\">Die SAPV wird von einem interdisziplin\u00e4ren Team aus \u00c4rzt:innen, Pflegekr\u00e4ften, Psycholog:innen und Sozialarbeiter:innen durchgef\u00fchrt und bietet ein umfassendes Angebot an Leistungen wie Schmerztherapie, Symptomkontrolle und psychologische Unterst\u00fctzung. Speziell qualifiziertes Fachpersonal des ambulanten Pflegedienstes und \u00e4rztliches Fachpersonal sind 24h erreichbar.<br><br><\/p><\/ul><\/div><\/div><\/div>\n\n<div style=\"height:50px\" aria-hidden=\"true\" class=\"wp-block-spacer no-mobile\"><\/div>\n\n<div data-aos-delay=\"1000\" data-aos-duration=\"1500\" data-aos-once=\"true\" data-aos=\"fade-up\" class=\"wp-block-group has-global-color-6-background-color has-background\"><div class=\"wp-block-group__inner-container is-layout-constrained wp-block-group-is-layout-constrained\">\n<h2 class=\"wp-block-heading\">Em k\u00eafxwe\u015f in ku al\u00eekariy\u00ea bikin!<\/h2>\n\n\n\n<p>Pi\u015ft\u00ee n\u00eeqa\u015f\u00ean berfireh, em \u00ea bi we re <strong>konseptek kesane<\/strong> bixebitin, ku <strong>bi rengek \u00e7\u00eatir\u00een li gor\u00ee hewcedariy\u00ean we hat\u00ee \u00e7\u00eakirin<\/strong> .<\/p>\n\n\n\n<p><strong>Hevd\u00eetina kesane ya ji bo naskirina hev<\/strong> di war\u00ea l\u00ean\u00ear\u00eena dervey\u00ee nexwe\u015fan de b\u00ea guh\u00earbar e. Bi dilxwaz\u00ee \u200b\u200bbi me re dan\u00fbstendinek saz bikin!<\/p>\n\n\n\n<div class=\"wp-block-buttons is-layout-flex wp-block-buttons-is-layout-flex\">\n<div class=\"wp-block-button has-custom-width wp-block-button__width-100\"><a class=\"wp-block-button__link wp-element-button\" href=\"tel:04316473730\" style=\"border-radius:0px\" target=\"_blank\" rel=\"noreferrer noopener\">\u2192 Bang<\/a><\/div>\n\n\n\n<div class=\"wp-block-button has-custom-width wp-block-button__width-100\"><a class=\"wp-block-button__link wp-element-button\" href=\"https:\/\/www.bthuus.de\/ku\/tekeli\/#formular\" style=\"border-radius:0px\">Ji bo forma t\u00eakiliy\u00ea<\/a><\/div>\n\n\n\n<div class=\"wp-block-button has-custom-width wp-block-button__width-100\"><a class=\"wp-block-button__link wp-element-button\" href=\"mailto:info@bthuus.de\" style=\"border-radius:0px\" target=\"_blank\" rel=\"noreferrer noopener\">\u2192 E-nameyek biniv\u00eesin<\/a><\/div>\n<\/div>\n<\/div><\/div>\n","protected":false},"excerpt":{"rendered":"<p>L\u00ean\u00ear\u00eena palyat\u00eef a dervey\u00ee nexwe\u015f a pispor (SAPV) celebek l\u00eanih\u00ear\u00eena pispor e ku ji bo mirov\u00ean bi nexwe\u015fiyek p\u00ea\u015fkeft\u00ee, b\u00eadermandar t\u00ea armanc kirin, bi mebesta ba\u015fkirina kal\u00eeteya jiyan\u00ea \u00fb xwe\u015fb\u00fbna van nexwe\u015fan. Kar\u00fbbar\u00ean SAPV ji h\u00eala t\u00eemek navd\u00ees\u00eepl\u00een\u00ee ya bij\u00eejk, hem\u015f\u00eere, ps\u00eekolog \u00fb pispor\u00ean din ve t\u00eane p\u00ea\u015fk\u00ea\u015f kirin \u00fb li gor\u00ee hewcedariy\u00ean kesane y\u00ean &#8230; <\/p>\n<p class=\"read-more-container\"><a title=\"L\u00ean\u00ear\u00eena palliat\u00eef a dervey\u00ee nexwe\u015fiya pispor (SAPV)\" class=\"read-more button\" href=\"https:\/\/www.bthuus.de\/ku\/xizmeten-me\/lenerina-paliative\/lenerina-palliatif-a-derveyi-nexwesiya-pispor-sapv\/#more-2099\" aria-label=\"Read more about L\u00ean\u00ear\u00eena palliat\u00eef a dervey\u00ee nexwe\u015fiya pispor (SAPV)\">Read more<\/a><\/p>\n","protected":false},"author":1,"featured_media":0,"parent":2133,"menu_order":0,"comment_status":"closed","ping_status":"closed","template":"","meta":{"iawp_total_views":1,"footnotes":""},"class_list":{"0":"post-2099","1":"page","2":"type-page","3":"status-publish","5":"infinite-scroll-item"},"jetpack_sharing_enabled":true,"_links":{"self":[{"href":"https:\/\/www.bthuus.de\/ku\/wp-json\/wp\/v2\/pages\/2099","targetHints":{"allow":["GET"]}}],"collection":[{"href":"https:\/\/www.bthuus.de\/ku\/wp-json\/wp\/v2\/pages"}],"about":[{"href":"https:\/\/www.bthuus.de\/ku\/wp-json\/wp\/v2\/types\/page"}],"author":[{"embeddable":true,"href":"https:\/\/www.bthuus.de\/ku\/wp-json\/wp\/v2\/users\/1"}],"replies":[{"embeddable":true,"href":"https:\/\/www.bthuus.de\/ku\/wp-json\/wp\/v2\/comments?post=2099"}],"version-history":[{"count":0,"href":"https:\/\/www.bthuus.de\/ku\/wp-json\/wp\/v2\/pages\/2099\/revisions"}],"up":[{"embeddable":true,"href":"https:\/\/www.bthuus.de\/ku\/wp-json\/wp\/v2\/pages\/2133"}],"wp:attachment":[{"href":"https:\/\/www.bthuus.de\/ku\/wp-json\/wp\/v2\/media?parent=2099"}],"curies":[{"name":"wp","href":"https:\/\/api.w.org\/{rel}","templated":true}]}}