{"id":1916,"date":"2022-11-04T14:44:17","date_gmt":"2022-11-04T13:44:17","guid":{"rendered":"https:\/\/www.bthuus.de\/xizmeten-me\/bibali\/"},"modified":"2023-07-11T12:04:43","modified_gmt":"2023-07-11T10:04:43","slug":"bibali","status":"publish","type":"page","link":"https:\/\/www.bthuus.de\/ku\/xizmeten-me\/bibali\/","title":{"rendered":"Bibal\u00ee"},"content":{"rendered":"\n<div class=\"wp-block-group has-global-color-6-background-color has-background\"><div class=\"wp-block-group__inner-container is-layout-constrained wp-block-group-is-layout-constrained\">\n<h2 class=\"wp-block-heading\">L\u00ean\u00ear\u00eena gelemper\u00ee p\u00ea\u015fk\u00ea\u015f dike<\/h2>\n\n\n\n<p>Ji 1 \u00c7ile 2015 de, hem\u00ee kes\u00ean b\u00eemekir\u00ee y\u00ean ku hewcedar\u00ea l\u00ean\u00ear\u00een\u00ea ne, <strong>maf\u00ea wan \u00ea l\u00eanih\u00ear\u00een \u00fb kar\u00fbbar\u00ean al\u00eekariy\u00ea y\u00ean z\u00eade<\/strong> hene, ku heya w\u00ea dem\u00ea ten\u00ea ji kes\u00ean b\u00eemekir\u00ee re ku j\u00eahat\u00eeb\u00fbn\u00ean rojane y\u00ean pir bis\u00eenor (dementia) re peyda b\u00fbne. Naha ev kar\u00fbbar dikarin ji bil\u00ee p\u00ea\u015fniyar\u00ean l\u00ean\u00ear\u00een\u00ea ji bo <strong>kar\u00fbbar\u00ean al\u00eekariy\u00ea (m\u00eenak kar\u00fbbar\u00ean navmal\u00ee, kar\u00fbbar\u00ean veguhestin\u00ea, hwd.)<\/strong> werin bikar an\u00een.<\/p>\n\n\n\n<p>Bi taybet\u00ee dema ku ew pi\u015ftgir\u00ee t\u00ea, dan\u00fbstendina di navbera xebatkar\u00ean me de pir gir\u00eeng e. Taybetmendiy\u00ean cih\u00eareng \u00fb cih\u00eareng \u00ean t\u00eem\u00ea me diyar in.  <strong>Hem\u00ee karmend\u00ean me y\u00ean \u00e7avd\u00eariy\u00ea li gor\u00ee \u00a745 SGB bi taybet\u00ee ji bo v\u00ea yek\u00ea qay\u00eem in.<\/strong><\/p>\n\n\n\n<div class=\"wp-block-buttons is-layout-flex wp-block-buttons-is-layout-flex\">\n<div class=\"wp-block-button has-custom-width wp-block-button__width-100\"><a class=\"wp-block-button__link wp-element-button\" href=\"https:\/\/www.bthuus.de\/ku\/cuna-nava\/\" style=\"border-radius:0px\">Di derbar\u00ea t\u00eem\u00ea de b\u00eatir f\u00ear bibin<\/a><\/div>\n<\/div>\n<\/div><\/div>\n\n<div style=\"height:50px\" aria-hidden=\"true\" class=\"wp-block-spacer no-mobile\"><\/div>\n\n<div class=\"wp-block-group has-global-color-6-background-color has-background\"><div class=\"wp-block-group__inner-container is-layout-constrained wp-block-group-is-layout-constrained\">\n<h2 class=\"wp-block-heading\">l\u00ean\u00ear\u00eena mirov\u00ean bi dementia<\/h2>\n\n\n\n<p>Li Almanyay\u00ea, ji s\u00ea kes\u00ean bi dementia dora du kes niha di \u00e7ar d\u00eewar\u00ean xwe de dij\u00een. Ev hejmar daxwaza piraniya mirovan n\u00ee\u015fan dide ku di p\u00eerb\u00fbn\u00ea de li derdora xwe ya nas bim\u00eenin.<\/p>\n\n\n\n<p>Dementia her ku p\u00ea\u015fve di\u00e7e, \u00e7alakiy\u00ean her\u00ee h\u00easan j\u00ee dijwartir dibin. Di dema lixwekirina cil \u00fb bergan de \u015fa\u015f\u00ee \u00e7\u00eadibin, tuwaleta sib\u00ea ji ber\u00ea dir\u00eajtir dibe \u00fb r\u00eaya postexaney\u00ea wek lab\u00eerentek\u00ea xuya dike.<br\/>Al\u00eekariya mirovan ku al\u00eekariya xwe bikin dir\u00fb\u015fmeya me ye. Ew ji kes\u00ean bi dementia re dibe al\u00eekar ku demek dir\u00eajtir serbixwe bim\u00eenin.<br\/>N\u00ear\u00eener\u00ean me y\u00ean bi taybet\u00ee perwerdekir\u00ee di jiyana xwe ya rojane de r\u00eaberiya mirov\u00ean ku ji dementia diki\u015f\u00eenin.<\/p>\n\n\n\n<p>P\u00ea\u015fniyar\u00ean l\u00ean\u00ear\u00een\u00ea hene, wek nim\u00fbne:<\/p>\n\n\n\n<ul class=\"wp-block-list\">\n<li>perwerdeya b\u00eera<\/li>\n\n\n\n<li>games<\/li>\n\n\n\n<li>Kar\u00ean mal\u00ea y\u00ean hevpar<\/li>\n\n\n\n<li>dime\u015fe<\/li>\n\n\n\n<li>R\u00eaw\u00eetiy\u00ean digel rayedar, bij\u00eejk \u00fb \u200b\u200bhwd.<\/li>\n<\/ul>\n<\/div><\/div>\n\n<div style=\"height:50px\" aria-hidden=\"true\" class=\"wp-block-spacer no-mobile\"><\/div>\n\n<div data-aos-delay=\"1000\" data-aos-duration=\"1500\" data-aos-once=\"true\" data-aos=\"fade-up\" class=\"wp-block-group has-global-color-6-background-color has-background\"><div class=\"wp-block-group__inner-container is-layout-constrained wp-block-group-is-layout-constrained\">\n<h2 class=\"wp-block-heading\">Em k\u00eafxwe\u015f in ku al\u00eekariy\u00ea bikin!<\/h2>\n\n\n\n<p>Pi\u015ft\u00ee n\u00eeqa\u015f\u00ean berfireh, em \u00ea bi we re <strong>konseptek kesane<\/strong> bixebitin, ku <strong>bi rengek \u00e7\u00eatir\u00een li gor\u00ee hewcedariy\u00ean we hat\u00ee \u00e7\u00eakirin<\/strong> .<\/p>\n\n\n\n<p><strong>Hevd\u00eetina kesane ya ji bo naskirina hev<\/strong> di war\u00ea l\u00ean\u00ear\u00eena dervey\u00ee nexwe\u015fan de b\u00ea guh\u00earbar e. Bi dilxwaz\u00ee \u200b\u200bbi me re dan\u00fbstendinek saz bikin!<\/p>\n\n\n\n<div class=\"wp-block-buttons is-layout-flex wp-block-buttons-is-layout-flex\">\n<div class=\"wp-block-button has-custom-width wp-block-button__width-100\"><a class=\"wp-block-button__link wp-element-button\" href=\"tel:04316473730\" style=\"border-radius:0px\" target=\"_blank\" rel=\"noreferrer noopener\">\u2192 Bang<\/a><\/div>\n\n\n\n<div class=\"wp-block-button has-custom-width wp-block-button__width-100\"><a class=\"wp-block-button__link wp-element-button\" href=\"https:\/\/www.bthuus.de\/ku\/tekeli\/#formular\" style=\"border-radius:0px\">Ji bo forma t\u00eakiliy\u00ea<\/a><\/div>\n\n\n\n<div class=\"wp-block-button has-custom-width wp-block-button__width-100\"><a class=\"wp-block-button__link wp-element-button\" href=\"mailto:info@bthuus.de\" style=\"border-radius:0px\" target=\"_blank\" rel=\"noreferrer noopener\">\u2192 E-nameyek biniv\u00eesin<\/a><\/div>\n<\/div>\n<\/div><\/div>\n","protected":false},"excerpt":{"rendered":"<p>L\u00ean\u00ear\u00eena gelemper\u00ee p\u00ea\u015fk\u00ea\u015f dike Ji 1 \u00c7ile 2015 de, hem\u00ee kes\u00ean b\u00eemekir\u00ee y\u00ean ku hewcedar\u00ea l\u00ean\u00ear\u00een\u00ea ne, maf\u00ea wan \u00ea l\u00eanih\u00ear\u00een \u00fb kar\u00fbbar\u00ean al\u00eekariy\u00ea y\u00ean z\u00eade hene, ku heya w\u00ea dem\u00ea ten\u00ea ji kes\u00ean b\u00eemekir\u00ee re ku j\u00eahat\u00eeb\u00fbn\u00ean rojane y\u00ean pir bis\u00eenor (dementia) re peyda b\u00fbne. Naha ev kar\u00fbbar dikarin ji bil\u00ee p\u00ea\u015fniyar\u00ean l\u00ean\u00ear\u00een\u00ea ji &#8230; <\/p>\n<p class=\"read-more-container\"><a title=\"Bibal\u00ee\" class=\"read-more button\" href=\"https:\/\/www.bthuus.de\/ku\/xizmeten-me\/bibali\/#more-1916\" aria-label=\"Read more about Bibal\u00ee\">Read more<\/a><\/p>\n","protected":false},"author":1,"featured_media":0,"parent":1837,"menu_order":0,"comment_status":"closed","ping_status":"closed","template":"","meta":{"iawp_total_views":2,"footnotes":""},"class_list":{"0":"post-1916","1":"page","2":"type-page","3":"status-publish","5":"infinite-scroll-item"},"jetpack_sharing_enabled":true,"_links":{"self":[{"href":"https:\/\/www.bthuus.de\/ku\/wp-json\/wp\/v2\/pages\/1916","targetHints":{"allow":["GET"]}}],"collection":[{"href":"https:\/\/www.bthuus.de\/ku\/wp-json\/wp\/v2\/pages"}],"about":[{"href":"https:\/\/www.bthuus.de\/ku\/wp-json\/wp\/v2\/types\/page"}],"author":[{"embeddable":true,"href":"https:\/\/www.bthuus.de\/ku\/wp-json\/wp\/v2\/users\/1"}],"replies":[{"embeddable":true,"href":"https:\/\/www.bthuus.de\/ku\/wp-json\/wp\/v2\/comments?post=1916"}],"version-history":[{"count":0,"href":"https:\/\/www.bthuus.de\/ku\/wp-json\/wp\/v2\/pages\/1916\/revisions"}],"up":[{"embeddable":true,"href":"https:\/\/www.bthuus.de\/ku\/wp-json\/wp\/v2\/pages\/1837"}],"wp:attachment":[{"href":"https:\/\/www.bthuus.de\/ku\/wp-json\/wp\/v2\/media?parent=1916"}],"curies":[{"name":"wp","href":"https:\/\/api.w.org\/{rel}","templated":true}]}}