{"id":1914,"date":"2022-11-04T14:45:42","date_gmt":"2022-11-04T13:45:42","guid":{"rendered":"https:\/\/www.bthuus.de\/cuna-nava\/domdariya\/"},"modified":"2023-07-11T12:04:44","modified_gmt":"2023-07-11T10:04:44","slug":"domdariya","status":"publish","type":"page","link":"https:\/\/www.bthuus.de\/ku\/ueber-uns\/domdariya\/","title":{"rendered":"domdariya"},"content":{"rendered":"\n<div class=\"wp-block-group has-global-color-6-background-color has-background\"><div class=\"wp-block-group__inner-container is-layout-constrained wp-block-group-is-layout-constrained\">\n<h2 class=\"wp-block-heading has-global-color-2-color has-text-color\">domdar\u00ee ji bo me t\u00ea \u00e7i watey\u00ea?<\/h2>\n\n\n\n<p>Berdewam\u00ee, <a href=\"https:\/\/www.bmz.de\/de\/service\/lexikon\/nachhaltigkeit-nachhaltige-entwicklung-14700#:~:text=Nachhaltigkeit%20oder%20nachhaltige%20Entwicklung%20bedeutet,zuk%C3%BCnftiger%20Generationen%20nicht%20eingeschr%C3%A4nkt%20werden.\" data-type=\"URL\" data-id=\"https:\/\/www.bmz.de\/de\/service\/lexikon\/nachhaltigkeit-nachhaltige-entwicklung-14700#:~:text=Nachhaltigkeit%20oder%20nachhaltige%20Entwicklung%20bedeutet,zuk%C3%BCnftiger%20Generationen%20nicht%20eingeschr%C3%A4nkt%20werden.\" target=\"_blank\" rel=\"noreferrer noopener\">wek\u00ee ku ji h\u00eala Wezareta Federal a Hevkar\u00ee \u00fb P\u00ea\u015fketin\u00ea ya Abor\u00ee ve hat\u00ee destn\u00ee\u015fankirin<\/a> , t\u00ea wateya peydakirina hewcedariy\u00ean hey\u00ee b\u00eay\u00ee s\u00eenordarkirina derfet\u00ean nif\u015f\u00ean p\u00ea\u015feroj\u00ea. Ji bo v\u00ea yek\u00ea her s\u00ea be\u015f\u00ean domdariy\u00ea bi wekhev\u00ee ber\u00e7avgirtin hewce dike: kar\u00eegeriya abor\u00ee, dadmendiya civak\u00ee \u00fb domdariya ekoloj\u00eek. Ji bo parastina \u00e7avkaniy\u00ean gerd\u00fbn\u00ee di demek dir\u00eaj de div\u00ea domdar bingeha hem\u00ee biryar\u00ean siyas\u00ee be.<\/p>\n\n\n\n<p>Ji bo me li kar\u00fbbar\u00ea l\u00eanih\u00ear\u00eena mal\u00ea Bliev to Huus, ev t\u00ea v\u00ea watey\u00ea ku em di hem\u00ee war\u00ean xebata xwe de prat\u00eek\u00ean domdar bic\u00eeh t\u00eenin. Ev ji hilbijartina dab\u00eenker\u00ean me \u00fb karan\u00eena \u00e7avkaniyan bigire heya away\u00ea ku em kar\u00fbbar\u00ean xwe p\u00ea\u015fk\u00ea\u015f dikin diguhere. Bi p\u00eakan\u00eena prat\u00eek\u00ean domdar, em ji bo ba\u015ftirkirina kal\u00eeteya jiyan\u00ea hem ji bo nif\u015f\u00ean hey\u00ee hem j\u00ee y\u00ean p\u00ea\u015feroj\u00ea dibin al\u00eekar.<\/p>\n<\/div><\/div>\n\n<div style=\"height:50px\" aria-hidden=\"true\" class=\"wp-block-spacer no-mobile\"><\/div>\n\n<div class=\"wp-block-group has-global-color-6-background-color has-background\"><div class=\"wp-block-group__inner-container is-layout-constrained wp-block-group-is-layout-constrained\">\n<h2 class=\"wp-block-heading has-global-color-2-color has-text-color\">Pabendb\u00fbna me ji bo domdariy\u00ea<\/h2>\n\n\n\n<p>Haya me ji berpirsiyariya li hember nif\u015f\u00ean pa\u015feroj\u00ea heye, di nav de zarok \u00fb neviy\u00ean me. Armanca me ew e ku em ji we \u00fb xizm\u00ean nexwe\u015f\u00ean xwe re gerst\u00earkek saxlem \u00fb bij\u00fbndar bipar\u00eazin. Ji ber v\u00ea yek\u00ea, domdar\u00ee ji bo me ne ten\u00ea peyvek e, l\u00ea be\u015fek navend\u00ee ya felsefeya meya parg\u00eedan\u00ee \u00fb prat\u00eeka rojane ye.<\/p>\n<\/div><\/div>\n\n<div style=\"height:50px\" aria-hidden=\"true\" class=\"wp-block-spacer no-mobile\"><\/div>\n\n<div class=\"wp-block-group has-global-color-6-background-color has-background\"><div class=\"wp-block-group__inner-container is-layout-constrained wp-block-group-is-layout-constrained\">\n<h2 class=\"wp-block-heading has-global-color-2-color has-text-color\">Em bi taybet\u00ee \u00e7i dikin?<\/h2>\n\n\n\n<h3 class=\"wp-block-heading has-global-color-2-color has-text-color\">1. K\u00eamtir kaxez, d\u00eej\u00eetal\u00eezekirin<\/h3>\n\n\n\n<p>Wek\u00ee be\u015fek ji hewildan\u00ean mey\u00ean domdariy\u00ea, em her ku di\u00e7e xwe disp\u00earin d\u00eej\u00eetalkirin \u00fb teknolojiy\u00ean ewr da ku di jiyana niv\u00eesgeha meya rojane de xerckirina kaxez\u00ea k\u00eam bikin. Bi pejirandina belgey\u00ean d\u00eej\u00eetal \u00fb karan\u00eena ewr ji bo hilan\u00een \u00fb hevkariy\u00ea, em dikarin hewcedariya kopiy\u00ean la\u015f\u00ee k\u00eam bikin. Ev ne ten\u00ea \u00e7avkaniyan xilas dike, l\u00ea di heman dem\u00ea de karbidestiya p\u00eavajoy\u00ean xebata me j\u00ee ba\u015ftir dike. Bi v\u00ee away\u00ee, em bi awayek\u00ee \u00e7alak be\u015fdar\u00ee parastina j\u00eengeha xwe dikin \u00fb xebata xwe ya rojane domdar dikin.<\/p>\n\n\n\n<h3 class=\"wp-block-heading has-global-color-2-color has-text-color\">2. Sifir qutiy\u00ean \u00e7op\u00ea ji qehweya Laboe<\/h3>\n\n\n\n<p>Ji bo of\u00eesa xwe em qehweya xwe ji qehweya qehwe Laboe di qutiy\u00ean sifir\u00ea domdar de digirin. Ev pergal dih\u00eale ku em tam qehweya bazirganiya organ\u00eek \u00fb dadperwer ya ku em hewce ne bist\u00eenin dema ku bi awayek\u00ee \u00e7alak ji \u00e7op\u00ea d\u00fbr dikevin. Sindoq pi\u015ft\u00ee karan\u00eena t\u00eane guhertin, t\u00eane paqij kirin \u00fb ji n\u00fb ve t\u00eane bikar an\u00een, ku bermay\u00ean pakkirin\u00ea xilas dike \u00fb be\u015fdar\u00ee domdariy\u00ea dibe.<\/p>\n\n\n\n<h3 class=\"wp-block-heading has-global-color-2-color has-text-color\">3. D\u00fbr \u00fb tora kurt<\/h3>\n\n\n\n<p>Di hewildan\u00ean me y\u00ean ku em bi domdar\u00ee tevbigerin, em gir\u00eengiyek mezin didin kurtkirina d\u00fbr\u00ean xwe. Karmend\u00ean me di heman dem\u00ea de xwed\u00ee derfet in ku otomob\u00eel\u00ean parg\u00eedaniya me bikar b\u00eenin da ku bi\u00e7in ser kar. Wek\u00ee din, ji bo ku ji r\u00eaw\u00eetiy\u00ean d\u00fbr \u00fb dir\u00eaj d\u00fbr bikevin \u00fb bi v\u00ee reng\u00ee \u015fopa CO2-ya xwe k\u00eam bikin, em bi qest\u00ee qada xweya av\u00ea pi\u00e7\u00fbk dih\u00ealin. Bi van tedb\u00eeran, em bi awayek\u00ee akt\u00eef be\u015fdar\u00ee k\u00eamkirina emel\u00ea dibin \u00fb tevgeriya domdar p\u00ea\u015f dixin.<\/p>\n\n\n\n<h3 class=\"wp-block-heading has-global-color-2-color has-text-color\">4. Firokeya wesay\u00eeta n\u00fbjen<\/h3>\n\n\n\n<p>Firokeya me bi taybet\u00ee ji wesay\u00eet\u00ean n\u00fb y\u00ean hawirdorpar\u00eaz \u00fb bi emel\u00ean k\u00eam p\u00eak t\u00ea. Me ber\u00ea hin wesay\u00eet\u00ean xwe bi modelek h\u00eebr\u00eed \u00fb \u015fe\u015f otomob\u00eel\u00ean bi tevah\u00ee elektr\u00eek\u00ee veguhezand da ku tevkariya xwe di k\u00eamkirina em\u00eesyon\u00ean CO2 de bikin.<\/p>\n\n\n\n<h3 class=\"wp-block-heading has-global-color-2-color has-text-color\">5. F\u00eak\u00ee \u00fb sebzey\u00ean organ\u00eek \u00ean her\u00eam\u00ee<\/h3>\n\n\n\n<p>P\u00eangavek din di stratejiya meya domdariy\u00ea de karan\u00eena qutiya abonetiy\u00ea ji Hof \u200b\u200bWischhof e. Em her hefte f\u00eak\u00ee \u00fb sebzey\u00ean organ\u00eek \u00ean teze ji her\u00eam\u00ea werdigirin, ku rasterast radest\u00ee of\u00eesa me t\u00ea kirin. Ev ne ten\u00ea cotkar\u00ean her\u00eam\u00ee pi\u015ftgir\u00ee dike \u00fb aboriya her\u00eam\u00ea p\u00ea\u015fve dike, l\u00ea di heman dem\u00ea de di t\u00eem\u00ea me de xwarina tendurist \u00fb domdar j\u00ee misoger dike. Bi v\u00ee away\u00ee, em bi awayek\u00ee \u00e7alak be\u015fdar\u00ee j\u00eengehek xebat\u00ea ya kesktir \u00fb tendurist dibin.<\/p>\n\n\n\n<h3 class=\"wp-block-heading has-global-color-2-color has-text-color\">6. Bi e-cargo bike ji bo xebat\u00ea<\/h3>\n\n\n\n<figure class=\"wp-block-image size-full\"><img loading=\"lazy\" decoding=\"async\" width=\"600\" height=\"846\" src=\"https:\/\/www.bthuus.de\/wp-content\/uploads\/2022\/12\/MiBu_Emma.jpg\" alt=\"\" class=\"wp-image-398\" srcset=\"https:\/\/www.bthuus.de\/wp-content\/uploads\/2022\/12\/MiBu_Emma.jpg 600w, https:\/\/www.bthuus.de\/wp-content\/uploads\/2022\/12\/MiBu_Emma-213x300.webp 213w\" sizes=\"auto, (max-width: 600px) 100vw, 600px\" \/><\/figure><\/div><\/div>\n","protected":false},"excerpt":{"rendered":"<p>domdar\u00ee ji bo me t\u00ea \u00e7i watey\u00ea? Berdewam\u00ee, wek\u00ee ku ji h\u00eala Wezareta Federal a Hevkar\u00ee \u00fb P\u00ea\u015fketin\u00ea ya Abor\u00ee ve hat\u00ee destn\u00ee\u015fankirin , t\u00ea wateya peydakirina hewcedariy\u00ean hey\u00ee b\u00eay\u00ee s\u00eenordarkirina derfet\u00ean nif\u015f\u00ean p\u00ea\u015feroj\u00ea. Ji bo v\u00ea yek\u00ea her s\u00ea be\u015f\u00ean domdariy\u00ea bi wekhev\u00ee ber\u00e7avgirtin hewce dike: kar\u00eegeriya abor\u00ee, dadmendiya civak\u00ee \u00fb domdariya ekoloj\u00eek. Ji &#8230; <\/p>\n<p class=\"read-more-container\"><a title=\"domdariya\" class=\"read-more button\" href=\"https:\/\/www.bthuus.de\/ku\/ueber-uns\/domdariya\/#more-1914\" aria-label=\"Read more about domdariya\">Read more<\/a><\/p>\n","protected":false},"author":1,"featured_media":0,"parent":1813,"menu_order":0,"comment_status":"closed","ping_status":"closed","template":"","meta":{"iawp_total_views":0,"footnotes":""},"class_list":{"0":"post-1914","1":"page","2":"type-page","3":"status-publish","5":"infinite-scroll-item"},"jetpack_sharing_enabled":true,"_links":{"self":[{"href":"https:\/\/www.bthuus.de\/ku\/wp-json\/wp\/v2\/pages\/1914","targetHints":{"allow":["GET"]}}],"collection":[{"href":"https:\/\/www.bthuus.de\/ku\/wp-json\/wp\/v2\/pages"}],"about":[{"href":"https:\/\/www.bthuus.de\/ku\/wp-json\/wp\/v2\/types\/page"}],"author":[{"embeddable":true,"href":"https:\/\/www.bthuus.de\/ku\/wp-json\/wp\/v2\/users\/1"}],"replies":[{"embeddable":true,"href":"https:\/\/www.bthuus.de\/ku\/wp-json\/wp\/v2\/comments?post=1914"}],"version-history":[{"count":0,"href":"https:\/\/www.bthuus.de\/ku\/wp-json\/wp\/v2\/pages\/1914\/revisions"}],"up":[{"embeddable":true,"href":"https:\/\/www.bthuus.de\/ku\/wp-json\/wp\/v2\/pages\/1813"}],"wp:attachment":[{"href":"https:\/\/www.bthuus.de\/ku\/wp-json\/wp\/v2\/media?parent=1914"}],"curies":[{"name":"wp","href":"https:\/\/api.w.org\/{rel}","templated":true}]}}