{"id":1870,"date":"2022-11-04T14:41:45","date_gmt":"2022-11-04T13:41:45","guid":{"rendered":"https:\/\/www.bthuus.de\/xizmeten-me\/xizmeten-hemsire\/"},"modified":"2023-07-11T12:04:25","modified_gmt":"2023-07-11T10:04:25","slug":"xizmeten-hemsire","status":"publish","type":"page","link":"https:\/\/www.bthuus.de\/ku\/xizmeten-me\/xizmeten-hemsire\/","title":{"rendered":"xizmet\u00ean hem\u015f\u00eere"},"content":{"rendered":"\n<div class=\"wp-block-group has-global-color-6-background-color has-background\"><div class=\"wp-block-group__inner-container is-layout-constrained wp-block-group-is-layout-constrained\">\n<h2 class=\"wp-block-heading\">Feydey\u00ean b\u00eemeya l\u00ean\u00ear\u00eena dir\u00eaj-dir\u00eaj (SGB XI)<\/h2>\n\n\n\n<p>Ji h\u00eala me ve wek\u00ee feydey\u00ean l\u00eanih\u00ear\u00een\u00ea y\u00ean bi rengek\u00ee bi nav\u00ea kompleks\u00ean kar\u00fbbar\u00ea t\u00eane peyda kirin.<br\/>Di nav wan de, wek nim\u00fbne:<\/p>\n\n\n\n<ul class=\"wp-block-list\">\n<li>paqijiya \u015fexs\u00ee<\/li>\n\n\n\n<li>seferberiy\u00ea<\/li>\n\n\n\n<li>xwarin\u00ea amade dikin<\/li>\n\n\n\n<li>paqijkirina apartman\u00ea<\/li>\n\n\n\n<li>Kar\u00ean l\u00ean\u00ear\u00een\u00ea li gor\u00ee \u00a7 37.3 SGB XI<\/li>\n<\/ul>\n<\/div><\/div>\n\n<div style=\"height:50px\" aria-hidden=\"true\" class=\"wp-block-spacer no-mobile\"><\/div>\n\n<div class=\"wp-block-group has-global-color-6-background-color has-background\"><div class=\"wp-block-group__inner-container is-layout-constrained wp-block-group-is-layout-constrained\">\n<h2 class=\"wp-block-heading\">Feydey\u00ean b\u00eemeya tenduristiy\u00ea (SGB V)<\/h2>\n\n\n\n<p>Di nav wan de, wek nim\u00fbne:<\/p>\n\n\n\n<ul class=\"wp-block-list\">\n<li>Li xwe kirin \u00fb rakirina \u00e7ok\u00ean kompresyon\u00ea y\u00ean bij\u00eejk\u00ee<\/li>\n\n\n\n<li>derziy\u00ean ku ji h\u00eala doktor ve t\u00eane destn\u00ee\u015fan kirin<\/li>\n\n\n\n<li>r\u00eaveberiya dermanan<\/li>\n\n\n\n<li>Sazkirina qutiya derman<\/li>\n\n\n\n<li>guhertina cil\u00ea<\/li>\n<\/ul>\n\n\n\n<p>S\u00eegorteya tenduristiy\u00ea ya zagon\u00ee (GKV) di \u00e7ar\u00e7oveya l\u00ean\u00ear\u00eena dervey\u00ee nexwe\u015fan de, ku di \u00a7 37 ya Qan\u00fbna Ewlekariya Civak\u00ee V (SGB V) de hatine tert\u00eeb kirin, kar\u00fbbar\u00ean c\u00fbrbec\u00fbr p\u00ea\u015fk\u00ea\u015f\u00ee dike. Ev t\u00ea de:<\/p>\n\n\n\n<ul class=\"wp-block-list\">\n<li><strong>L\u00ean\u00ear\u00eena hem\u015f\u00eere<\/strong> : Ev l\u00ean\u00ear\u00eena kes\u00ean ku hewcedar\u00ea l\u00ean\u00ear\u00een\u00ea ne \u00fb di jiyana rojane de hewcedar\u00ea al\u00eekariy\u00ea ne. Ji bo nim\u00fbne, l\u00ean\u00ear\u00eena bingeh\u00een (m\u00eenak l\u00ean\u00ear\u00eena la\u015f, xwarin) \u00fb kar\u00ean mal\u00ea hene.<\/li>\n\n\n\n<li><strong>L\u00ean\u00ear\u00eena b\u00eahnvedan\u00ea<\/strong> : Ev feyde ji bo kes\u00ean ku ji ber hewcedariya wan bi l\u00ean\u00ear\u00een\u00ea ve gir\u00eaday\u00ee pi\u015ftgiriya l\u00ean\u00ear\u00een\u00ea ne \u00fb y\u00ean ku bi demk\u00ee nikaribin v\u00ea pi\u015ftgiriy\u00ea werbigirin, wek m\u00eenak ji ber ku l\u00eanih\u00earker nikare be\u015fdar bibe t\u00ea armanc kirin.<\/li>\n\n\n\n<li><strong>L\u00ean\u00ear\u00eena demkurt<\/strong> : Ev feyde ji bo kes\u00ean ku hewce ne bi awayek\u00ee demk\u00ee li sazgehek l\u00ean\u00ear\u00een\u00ea werin razandin t\u00eane armanc kirin, m\u00eenak\u00ee ji ber ku l\u00eanih\u00ear\u00eena mal\u00ea \u00ead\u00ee ne gengaz e an ji ber ku rehab\u00eel\u00eetasyon hewce ye.<\/li>\n\n\n\n<li><strong>Hem\u015f\u00eeretiya mal\u00ea<\/strong> : Van kar\u00fbbar l\u00eanih\u00ear\u00eena mirov\u00ean nexwe\u015f li mal\u00ea ji h\u00eala hem\u015f\u00eerey\u00ean j\u00eahat\u00ee ve, wek hem\u015f\u00eere, l\u00eanih\u00ear\u00eena bir\u00eenan, derz\u00ee \u00fb \u00eenfuzyon\u00ea vedihew\u00eene.<\/li>\n<\/ul>\n\n\n\n<p>L\u00eabel\u00ea, hin kar\u00fbbar j\u00ee hene ku ji h\u00eala GKV ve nay\u00ean vegirtin, wek mesref\u00ean ji bo al\u00eekariy\u00ean hem\u015f\u00eere y\u00ean ku ji h\u00eala bij\u00ee\u015fk\u00ee ve ne hewce ne.<\/p>\n<\/div><\/div>\n\n<div style=\"height:50px\" aria-hidden=\"true\" class=\"wp-block-spacer no-mobile\"><\/div>\n\n<div class=\"wp-block-group has-global-color-6-background-color has-background\"><div class=\"wp-block-group__inner-container is-layout-constrained wp-block-group-is-layout-constrained\">\n<h2 class=\"wp-block-heading\">pak\u00eata xizmet\u00ea<\/h2>\n\n\n\n<p>Ji bil\u00ee feydey\u00ean l\u00ean\u00ear\u00een\u00ea y\u00ean ku hatine destn\u00ee\u015fan kirin, em pak\u00eatek kar\u00fbbar\u00ea p\u00eavek j\u00ee p\u00ea\u015fk\u00ea\u015f dikin.<br\/>Ev pak\u00eata kar\u00fbbar\u00ea, m\u00eenak\u00ee:<\/p>\n\n\n\n<ul class=\"wp-block-list\">\n<li>Kir\u00eena dermanan<\/li>\n\n\n\n<li>T\u00eakiliya bi doktoran re<\/li>\n<\/ul>\n<\/div><\/div>\n\n<div style=\"height:50px\" aria-hidden=\"true\" class=\"wp-block-spacer no-mobile\"><\/div>\n\n<div class=\"wp-block-group has-global-color-6-background-color has-background\"><div class=\"wp-block-group__inner-container is-layout-constrained wp-block-group-is-layout-constrained\">\n<h2 class=\"wp-block-heading\">pergala alarm\u00ea ya mal\u00ea<\/h2>\n\n\n\n<p>Pergala banga ac\u00eel a mal\u00ea <strong>kar\u00fbbarek dervey\u00ee<\/strong> ye ku em k\u00eafxwe\u015f in ku saz dikin.<\/p>\n\n\n\n<p>Ma h\u00fbn dixwazin bi ewleh\u00ee li haw\u00eerdora mala xwe bij\u00een &#8211; tev\u00ee kalb\u00fbn, nexwe\u015f\u00ee an seqetiy\u00ea?<br\/>Div\u00ea endam\u00ea malbata we di dema neb\u00fbna we de j\u00ee &#8211; wek m\u00eenak. B. dema ku h\u00fbn li betlaney\u00ea ne &#8211; derfet heye ku h\u00fbn di rew\u015fa awarte de banga al\u00eekariy\u00ea bikin?<br\/>Bi <a rel=\"noreferrer noopener\" href=\"https:\/\/www.mebo.de\/\" data-type=\"URL\" data-id=\"https:\/\/www.mebo.de\/\" target=\"_blank\">banga ac\u00eel a hundur\u00een a ji MEBO Sicherheit re,<\/a> h\u00fbn ewleh\u00ee \u00fb kar\u00fbbar dist\u00eenin.<br\/>Navenda kontrol\u00ea ya kar\u00fbbar\u00ea 24 demjim\u00earan t\u00ea peywirdarkirin \u00fb heke bangek ac\u00eel hatibe kirin \u00fb pi\u015ftgir\u00ee hewce be me agahdar dike.<\/p>\n\n\n\n<p>Banga lezg\u00een a hundur\u00een ji MEBO Sicherheit <strong>p\u00ea\u015fn\u00eeyarek e ku ji kar\u00fbbar\u00ea meya t\u00ealefon\u00ea ya 24-saetan li dervey\u00ee demjim\u00ear\u00ean kargeh\u00ea serbixwe ye<\/strong> .<\/p>\n<\/div><\/div>\n\n<div style=\"height:50px\" aria-hidden=\"true\" class=\"wp-block-spacer no-mobile\"><\/div>\n\n<div data-aos-delay=\"1000\" data-aos-duration=\"1500\" data-aos-once=\"true\" data-aos=\"fade-up\" class=\"wp-block-group has-global-color-6-background-color has-background\"><div class=\"wp-block-group__inner-container is-layout-constrained wp-block-group-is-layout-constrained\">\n<h2 class=\"wp-block-heading\">Em k\u00eafxwe\u015f in ku al\u00eekariy\u00ea bikin!<\/h2>\n\n\n\n<p>Pi\u015ft\u00ee n\u00eeqa\u015f\u00ean berfireh, em \u00ea bi we re <strong>konseptek kesane<\/strong> bixebitin, ku <strong>bi rengek \u00e7\u00eatir\u00een li gor\u00ee hewcedariy\u00ean we hat\u00ee \u00e7\u00eakirin<\/strong> .<\/p>\n\n\n\n<p><strong>Hevd\u00eetina kesane ya ji bo naskirina hev<\/strong> di war\u00ea l\u00ean\u00ear\u00eena dervey\u00ee nexwe\u015fan de b\u00ea guh\u00earbar e. Bi dilxwaz\u00ee \u200b\u200bbi me re dan\u00fbstendinek saz bikin!<\/p>\n\n\n\n<div class=\"wp-block-buttons is-layout-flex wp-block-buttons-is-layout-flex\">\n<div class=\"wp-block-button has-custom-width wp-block-button__width-100\"><a class=\"wp-block-button__link wp-element-button\" href=\"tel:04316473730\" style=\"border-radius:0px\" target=\"_blank\" rel=\"noreferrer noopener\">\u2192 Bang<\/a><\/div>\n\n\n\n<div class=\"wp-block-button has-custom-width wp-block-button__width-100\"><a class=\"wp-block-button__link wp-element-button\" href=\"https:\/\/www.bthuus.de\/ku\/tekeli\/#formular\" style=\"border-radius:0px\">Ji bo forma t\u00eakiliy\u00ea<\/a><\/div>\n\n\n\n<div class=\"wp-block-button has-custom-width wp-block-button__width-100\"><a class=\"wp-block-button__link wp-element-button\" href=\"mailto:info@bthuus.de\" style=\"border-radius:0px\" target=\"_blank\" rel=\"noreferrer noopener\">\u2192 E-nameyek biniv\u00eesin<\/a><\/div>\n<\/div>\n<\/div><\/div>\n\n<p><\/p>\n","protected":false},"excerpt":{"rendered":"<p>Feydey\u00ean b\u00eemeya l\u00ean\u00ear\u00eena dir\u00eaj-dir\u00eaj (SGB XI) Ji h\u00eala me ve wek\u00ee feydey\u00ean l\u00eanih\u00ear\u00een\u00ea y\u00ean bi rengek\u00ee bi nav\u00ea kompleks\u00ean kar\u00fbbar\u00ea t\u00eane peyda kirin.Di nav wan de, wek nim\u00fbne: Feydey\u00ean b\u00eemeya tenduristiy\u00ea (SGB V) Di nav wan de, wek nim\u00fbne: S\u00eegorteya tenduristiy\u00ea ya zagon\u00ee (GKV) di \u00e7ar\u00e7oveya l\u00ean\u00ear\u00eena dervey\u00ee nexwe\u015fan de, ku di \u00a7 37 ya &#8230; <\/p>\n<p class=\"read-more-container\"><a title=\"xizmet\u00ean hem\u015f\u00eere\" class=\"read-more button\" href=\"https:\/\/www.bthuus.de\/ku\/xizmeten-me\/xizmeten-hemsire\/#more-1870\" aria-label=\"Read more about xizmet\u00ean hem\u015f\u00eere\">Read more<\/a><\/p>\n","protected":false},"author":1,"featured_media":0,"parent":1837,"menu_order":0,"comment_status":"closed","ping_status":"closed","template":"","meta":{"iawp_total_views":0,"footnotes":""},"class_list":{"0":"post-1870","1":"page","2":"type-page","3":"status-publish","5":"infinite-scroll-item"},"jetpack_sharing_enabled":true,"_links":{"self":[{"href":"https:\/\/www.bthuus.de\/ku\/wp-json\/wp\/v2\/pages\/1870","targetHints":{"allow":["GET"]}}],"collection":[{"href":"https:\/\/www.bthuus.de\/ku\/wp-json\/wp\/v2\/pages"}],"about":[{"href":"https:\/\/www.bthuus.de\/ku\/wp-json\/wp\/v2\/types\/page"}],"author":[{"embeddable":true,"href":"https:\/\/www.bthuus.de\/ku\/wp-json\/wp\/v2\/users\/1"}],"replies":[{"embeddable":true,"href":"https:\/\/www.bthuus.de\/ku\/wp-json\/wp\/v2\/comments?post=1870"}],"version-history":[{"count":0,"href":"https:\/\/www.bthuus.de\/ku\/wp-json\/wp\/v2\/pages\/1870\/revisions"}],"up":[{"embeddable":true,"href":"https:\/\/www.bthuus.de\/ku\/wp-json\/wp\/v2\/pages\/1837"}],"wp:attachment":[{"href":"https:\/\/www.bthuus.de\/ku\/wp-json\/wp\/v2\/media?parent=1870"}],"curies":[{"name":"wp","href":"https:\/\/api.w.org\/{rel}","templated":true}]}}