{"id":1856,"date":"2022-11-04T14:40:38","date_gmt":"2022-11-04T13:40:38","guid":{"rendered":"https:\/\/www.bthuus.de\/cuna-nava\/feylesofi\/"},"modified":"2023-07-11T12:04:18","modified_gmt":"2023-07-11T10:04:18","slug":"feylesofi","status":"publish","type":"page","link":"https:\/\/www.bthuus.de\/ku\/ueber-uns\/feylesofi\/","title":{"rendered":"feylesof\u00ee"},"content":{"rendered":"\n<div class=\"wp-block-group has-global-color-6-background-color has-background\"><div class=\"wp-block-group__inner-container is-layout-constrained wp-block-group-is-layout-constrained\">\n<h2 class=\"wp-block-heading\">felsefeya me<\/h2>\n\n\n\n<blockquote class=\"wp-block-quote has-medium-font-size is-layout-flow wp-block-quote-is-layout-flow\">\n<p>&#8221; <em>R\u00fbmeta mirovan nay\u00ea binp\u00eakirin.&#8221;<\/em><\/p>\n<cite><em>(Benda 1, Qan\u00fbna Bingeh\u00een a Alman)<\/em><\/cite><\/blockquote>\n\n\n\n<p>Bingeha kirin\u00ean me mirov di taybetiya xwe de ye.<\/p>\n<\/div><\/div>\n\n<div style=\"height:50px\" aria-hidden=\"true\" class=\"wp-block-spacer no-mobile\"><\/div>\n\n<div class=\"wp-block-group has-global-color-6-background-color has-background\"><div class=\"wp-block-group__inner-container is-layout-constrained wp-block-group-is-layout-constrained\">\n<h2 class=\"wp-block-heading\">Konsepta l\u00ean\u00ear\u00eena me<\/h2>\n\n\n\n<p>Em her yek ji nexwe\u015f\u00ean xwe fam dikin<\/p>\n\n\n\n<ul class=\"wp-block-list\">\n<li>wek yek\u00eetiyeke ku ji beden, hi\u015f \u00fb giyan nay\u00ea veqetandin<\/li>\n\n\n\n<li>wek ferdek\u00ee ku xwe ber bi \u00e7alakiy\u00ean jiyan\u00ea ve araste dike<\/li>\n<\/ul>\n\n\n\n<p>P\u00ea\u015fvebirina \u00e7avkaniyan beriya veguheztina \u00e7alak\u00ee \u00fb \u00e7alakiyan t\u00ea.<\/p>\n\n\n\n<ul class=\"wp-block-list\">\n<li><strong>Bawer\u00ee, zayend, netew \u00fb koka wan \u00e7i dibe bila bibe, em bi r\u00eazdar\u00ee li her kes\u00ee dinerin.<\/strong><\/li>\n\n\n\n<li>Em dixwazin hem qal\u00eeteya jiyana nexwe\u015f\/muwek\u00eel\u00ea xwe bipar\u00eazin \u00fb hem j\u00ee p\u00ea\u015fve bibin \u00fb bi v\u00ee reng\u00ee karibin wan heta ku gengaz be li mala xwe bim\u00eenin.<\/li>\n\n\n\n<li>Em nexwe\u015f\/mi\u015fter\u00ee \u00fb xizm\u00ean wan di biryar\u00ean hem\u015f\u00eerey\u00ea de digirin, \u00e7avkan\u00eeyan li ber \u00e7avan digirin.<\/li>\n\n\n\n<li>Di <strong>atmosferek naskir\u00ee de,<\/strong> em dixwazin li ser xwestek \u00fb hewcedariy\u00ean nexwe\u015f f\u00ear bibin \u00fb, heya ku gengaz be, wan bic\u00eeh b\u00eenin.<\/li>\n\n\n\n<li>Em li mal\u00ea bi mirinan re dibin \u00fb bi \u015fev \u00fb roj li cem wan \u00fb xizm\u00ean wan in. Em bi hem\u00ee kes\u00ean ku di l\u00eanih\u00ear\u00eena nexwe\u015f \/ xer\u00eedar de bi rengek p\u00eabawer dixebitin \u00fb p\u00ea\u015fniyar\u00ean xwe tor\u00ea dikin. Ev r\u00ea dide me ku em l\u00eanih\u00ear\u00eena mal\u00ea, \u00e7alakiy\u00ean dema vala, ge\u015ft\u00ean rojane \u00fb l\u00eanih\u00ear\u00een\u00ea, hevalbendiya bij\u00eejkan \u00fb dermanan ji \u00e7avkaniyek yekane p\u00ea\u015fk\u00ea\u015f bikin.<\/li>\n\n\n\n<li>Em q\u00eemet\u00ea didin karmend\u00ean j\u00eahat\u00ee \u00fb karmend\u00ean xwe li gor\u00ee j\u00eahat\u00eeb\u00fbn \u00fb j\u00eahat\u00eeb\u00fbna wan bi cih dikin.<\/li>\n\n\n\n<li>Em pi\u015ftrast dikin ku karmend\u00ean me perwerdehiya bir\u00eak\u00fbp\u00eak \u00fb perwerdehiya b\u00eatir bist\u00eenin.<\/li>\n\n\n\n<li>Em ji bo l\u00eanih\u00ear\u00eena kal\u00eeteya bilind dixebitin. \u015eert \u00fb merc\u00ea v\u00ea yek\u00ea li gor\u00ee r\u00eagez\u00ean p\u00eavajoya hem\u015f\u00eeretiy\u00ea xebat e.<\/li>\n\n\n\n<li>Em karmendan tevl\u00ee biryaran dikin \u00fb wan te\u015fw\u00eeq dikin ku raman \u00fb p\u00ea\u015fniyaran b\u00eenin.<\/li>\n\n\n\n<li>Em p\u00eawendiya vekir\u00ee te\u015fw\u00eeq dikin, pi\u015ftgiriy\u00ea didin hev, k\u00eamasiy\u00ean xwe, h\u00eaz \u00fb qelsiy\u00ean xwe qeb\u00fbl dikin. Ev r\u00ea dide me ku em atmosferek xebatek ba\u015f garant\u00ee bikin.<\/li>\n<\/ul>\n<\/div><\/div>\n","protected":false},"excerpt":{"rendered":"<p>felsefeya me &#8221; R\u00fbmeta mirovan nay\u00ea binp\u00eakirin.&#8221; Bingeha kirin\u00ean me mirov di taybetiya xwe de ye. Konsepta l\u00ean\u00ear\u00eena me Em her yek ji nexwe\u015f\u00ean xwe fam dikin P\u00ea\u015fvebirina \u00e7avkaniyan beriya veguheztina \u00e7alak\u00ee \u00fb \u00e7alakiyan t\u00ea.<\/p>\n","protected":false},"author":1,"featured_media":0,"parent":1813,"menu_order":0,"comment_status":"closed","ping_status":"closed","template":"","meta":{"iawp_total_views":0,"footnotes":""},"class_list":{"0":"post-1856","1":"page","2":"type-page","3":"status-publish","5":"infinite-scroll-item"},"jetpack_sharing_enabled":true,"_links":{"self":[{"href":"https:\/\/www.bthuus.de\/ku\/wp-json\/wp\/v2\/pages\/1856","targetHints":{"allow":["GET"]}}],"collection":[{"href":"https:\/\/www.bthuus.de\/ku\/wp-json\/wp\/v2\/pages"}],"about":[{"href":"https:\/\/www.bthuus.de\/ku\/wp-json\/wp\/v2\/types\/page"}],"author":[{"embeddable":true,"href":"https:\/\/www.bthuus.de\/ku\/wp-json\/wp\/v2\/users\/1"}],"replies":[{"embeddable":true,"href":"https:\/\/www.bthuus.de\/ku\/wp-json\/wp\/v2\/comments?post=1856"}],"version-history":[{"count":0,"href":"https:\/\/www.bthuus.de\/ku\/wp-json\/wp\/v2\/pages\/1856\/revisions"}],"up":[{"embeddable":true,"href":"https:\/\/www.bthuus.de\/ku\/wp-json\/wp\/v2\/pages\/1813"}],"wp:attachment":[{"href":"https:\/\/www.bthuus.de\/ku\/wp-json\/wp\/v2\/media?parent=1856"}],"curies":[{"name":"wp","href":"https:\/\/api.w.org\/{rel}","templated":true}]}}