{"id":1930,"date":"2022-11-04T14:00:00","date_gmt":"2022-11-04T13:00:00","guid":{"rendered":"https:\/\/www.bthuus.de\/emplois\/"},"modified":"2023-07-11T12:04:59","modified_gmt":"2023-07-11T10:04:59","slug":"emplois","status":"publish","type":"page","link":"https:\/\/www.bthuus.de\/fr\/emplois\/","title":{"rendered":"emplois"},"content":{"rendered":"\n<div class=\"wp-block-group no-padding has-global-color-4-background-color has-background\"><div class=\"wp-block-group__inner-container is-layout-constrained wp-block-group-is-layout-constrained\">\n<h1 class=\"wp-block-heading\">Bliev to Huus est \u00e0 la recherche d&#8217;employ\u00e9s formidables !<\/h1>\n\n\n\n<div style=\"height:25px\" aria-hidden=\"true\" class=\"wp-block-spacer\"><\/div>\n\n\n\n<p>Avez-vous une qualification li\u00e9e au sujet? Aucun probl\u00e8me. Nous sommes une \u00e9quipe diversifi\u00e9e avec de nombreux horizons diff\u00e9rents. N&#8217;h\u00e9sitez pas \u00e0 nous contacter.<\/p>\n\n\n\n<h3 class=\"wp-block-heading has-global-color-1-color has-text-color\">Les choses les plus importantes en un mot:<\/h3>\n\n\n\n<div style=\"height:25px\" aria-hidden=\"true\" class=\"wp-block-spacer\"><\/div>\n\n\n\n<div class=\"wp-block-columns is-layout-flex wp-container-core-columns-is-layout-9d6595d7 wp-block-columns-is-layout-flex\">\n<div class=\"wp-block-column kachel has-global-color-6-background-color has-background is-layout-flow wp-block-column-is-layout-flow\" data-aos=\"fade-right\" data-aos-duration=\"500\" data-aos-once=\"true\">\n<h4 class=\"wp-block-heading has-global-color-1-color has-text-color\">1. Paiement bas\u00e9 sur les tarifs<\/h4>\n\n\n\n<p>Nous attachons une grande importance \u00e0 la r\u00e9mun\u00e9ration de nos employ\u00e9s conform\u00e9ment \u00e0 la convention collective.<\/p>\n<\/div>\n\n\n\n<div class=\"wp-block-column kachel has-global-color-6-background-color has-background is-layout-flow wp-block-column-is-layout-flow\" data-aos=\"fade-left\" data-aos-delay=\"500\" data-aos-duration=\"500\" data-aos-once=\"true\">\n<h4 class=\"wp-block-heading has-global-color-1-color has-text-color\">2. Voiture \u00e0 usage priv\u00e9 en plus<\/h4>\n\n\n\n<p>De la maison \u00e0 l&#8217;entreprise, de sorte que vous puissiez ensuite continuer en voiture. Le chemin le plus court est souvent le meilleur &#8211; pour tout le monde. C&#8217;est pourquoi nos employ\u00e9s peuvent g\u00e9n\u00e9ralement emporter leur voiture de soci\u00e9t\u00e9 chez eux sur le chemin du travail. La r\u00e8gle du 1% s&#8217;applique (pour les voitures \u00e9lectriques 0,25%)<\/p>\n<\/div>\n<\/div>\n\n\n\n<div class=\"wp-block-columns is-layout-flex wp-container-core-columns-is-layout-9d6595d7 wp-block-columns-is-layout-flex\">\n<div class=\"wp-block-column kachel has-global-color-6-background-color has-background is-layout-flow wp-block-column-is-layout-flow\" data-aos=\"fade-right\" data-aos-duration=\"500\" data-aos-once=\"true\">\n<h4 class=\"wp-block-heading has-global-color-1-color has-text-color\">3. Les enfants sont sacr\u00e9s pour nous \/ compatibilit\u00e9 du travail et de la famille<\/h4>\n\n\n\n<p>Dans notre service de soins ambulatoires, nous sommes heureux si vous avez des enfants et nous nous effor\u00e7ons d&#8217;adapter vos horaires de travail de mani\u00e8re flexible \u00e0 votre situation familiale.<\/p>\n<\/div>\n\n\n\n<div class=\"wp-block-column kachel has-global-color-6-background-color has-background is-layout-flow wp-block-column-is-layout-flow\" data-aos=\"fade-left\" data-aos-duration=\"500\" data-aos-once=\"true\">\n<h4 class=\"wp-block-heading has-global-color-1-color has-text-color\" style=\"text-transform:none\">4. Pas de services en double<\/h4>\n\n\n\n<p>Nous savons \u00e0 quel point le double devoir est \u00e9puisant. C&#8217;est pourquoi nous essayons d&#8217;\u00e9viter autant que possible les doubles t\u00e2ches afin de permettre \u00e0 nos employ\u00e9s d&#8217;atteindre un bon \u00e9quilibre entre vie professionnelle et vie priv\u00e9e. Cependant, des exceptions sont connues pour confirmer la r\u00e8gle et, dans de rares cas, il peut y avoir double obligation.<\/p>\n<\/div>\n<\/div>\n\n\n\n<div class=\"wp-block-columns is-layout-flex wp-container-core-columns-is-layout-9d6595d7 wp-block-columns-is-layout-flex\">\n<div class=\"wp-block-column kachel has-global-color-6-background-color has-background is-layout-flow wp-block-column-is-layout-flow\" data-aos=\"fade-right\" data-aos-duration=\"500\" data-aos-once=\"true\">\n<h4 class=\"wp-block-heading has-global-color-1-color has-text-color\">5. Bonnes possibilit\u00e9s de formation et de perfectionnement<\/h4>\n\n\n\n<p>Dans notre service de soins infirmiers ambulatoires, nous offrons un large \u00e9ventail de possibilit\u00e9s de formation continue. Celles-ci comprennent une formation en soins palliatifs, un plan de formation annuel et des cours populaires de secourisme avec des exercices pratiques. De plus, nous proposons \u00e9galement des cours de formation en ligne qui peuvent \u00eatre suivis confortablement depuis chez vous.<\/p>\n<\/div>\n\n\n\n<div class=\"wp-block-column kachel has-global-color-6-background-color has-background is-layout-flow wp-block-column-is-layout-flow\" data-aos=\"fade-left\" data-aos-duration=\"500\" data-aos-once=\"true\">\n<h4 class=\"wp-block-heading has-global-color-1-color has-text-color\" style=\"text-transform:none\">6. Comp\u00e9tences sociales \u00e9lev\u00e9es, coop\u00e9ration appr\u00e9ciative et communication ouverte<\/h4>\n\n\n\n<p>Nous nous concentrons sur la communication ouverte, les comp\u00e9tences sociales \u00e9lev\u00e9es et la coop\u00e9ration appr\u00e9ciative. Nous attachons une grande importance \u00e0 \u00eatre \u00e0 l&#8217;\u00e9coute des probl\u00e8mes et \u00e0 favoriser une communication appr\u00e9ciative au sein de l&#8217;\u00e9quipe.<\/p>\n<\/div>\n<\/div>\n\n\n\n<div class=\"wp-block-columns is-layout-flex wp-container-core-columns-is-layout-9d6595d7 wp-block-columns-is-layout-flex\">\n<div class=\"wp-block-column kachel has-global-color-6-background-color has-background is-layout-flow wp-block-column-is-layout-flow\" data-aos=\"fade-right\" data-aos-duration=\"500\" data-aos-once=\"true\">\n<h4 class=\"wp-block-heading has-global-color-1-color has-text-color\">7. Fort esprit d&#8217;\u00e9quipe<\/h4>\n\n\n\n<p>Il y a un fort sentiment de solidarit\u00e9 dans notre \u00e9quipe. Par exemple, nous c\u00e9l\u00e9brons les adieux d&#8217;un coll\u00e8gue de longue date qui prend sa retraite ensemble et nous nous soutenons en rempla\u00e7ant ou en \u00e9changeant des quarts de travail. Nous prenons \u00e9galement suffisamment de temps pour une formation approfondie des nouveaux employ\u00e9s dans l&#8217;\u00e9quipe afin d&#8217;assurer un d\u00e9marrage en douceur.<\/p>\n<\/div>\n\n\n\n<div class=\"wp-block-column kachel has-global-color-6-background-color has-background is-layout-flow wp-block-column-is-layout-flow\" data-aos=\"fade-left\" data-aos-duration=\"500\" data-aos-once=\"true\">\n<h4 class=\"wp-block-heading has-global-color-1-color has-text-color\">8. On s&#8217;entra\u00eene !<\/h4>\n\n\n\n<p>En coop\u00e9ration avec des \u00e9coles partenaires, nous proposons une formation g\u00e9n\u00e9rale en soins infirmiers bien fond\u00e9e pour devenir un sp\u00e9cialiste en soins infirmiers. Nos instructeurs pratiques d\u00e9di\u00e9s soutiennent les stagiaires pendant les phases de formation pratique et assurent un soutien professionnel sur la voie de la r\u00e9ussite. Avec nous, vous avez la possibilit\u00e9 de suivre une formation solide dans un environnement favorable et ax\u00e9 sur l&#8217;\u00e9quipe.<\/p>\n<\/div>\n<\/div>\n<\/div><\/div>\n\n<div class=\"wp-block-group no-padding has-global-color-4-background-color has-background\"><div class=\"wp-block-group__inner-container is-layout-constrained wp-block-group-is-layout-constrained\">\n<h2 class=\"wp-block-heading\">Nous avons actuellement les postes suivants ouverts :<\/h2>\n\n\n\n<div class=\"wp-block-query is-layout-flow wp-block-query-is-layout-flow\">\n<div class=\"wp-block-group has-global-color-6-background-color has-background\"><div class=\"wp-block-group__inner-container is-layout-flow wp-block-group-is-layout-flow\"><ul class=\"is-flex-container columns-2 wp-block-post-template is-layout-flow wp-block-post-template-is-layout-flow\"><li class=\"wp-block-post post-3253 stellenangebote type-stellenangebote status-publish hentry infinite-scroll-item\">\n<h2 class=\"wp-block-post-title\"><a href=\"https:\/\/www.bthuus.de\/fr\/stellenangebote\/infirmier-specialiste-h-f-d-2\/\" target=\"_self\" >Infirmier sp\u00e9cialiste (h\/f\/d)<\/a><\/h2>\n\n\n\n<div class=\"wp-block-post-excerpt\"><p class=\"wp-block-post-excerpt__excerpt\">Nous serions ravis si vous \u00eates int\u00e9ress\u00e9 \u00e0 soutenir notre grande \u00e9quipe en tant qu&#8217;infirmi\u00e8re sp\u00e9cialis\u00e9e (m\/f\/d). Postulez en ligne, par mail ou par t\u00e9l\u00e9phone.<\/p><p class=\"wp-block-post-excerpt__more-text\"><a class=\"wp-block-post-excerpt__more-link\" href=\"https:\/\/www.bthuus.de\/fr\/stellenangebote\/infirmier-specialiste-h-f-d-2\/\">\u2192 <strong>En savoir plus &amp; postuler en ligne<\/strong><\/a><\/p><\/div>\n<\/li><li class=\"wp-block-post post-2997 stellenangebote type-stellenangebote status-publish hentry infinite-scroll-item\">\n<h2 class=\"wp-block-post-title\"><a href=\"https:\/\/www.bthuus.de\/fr\/stellenangebote\/aide-soignant-h-f-d-2\/\" target=\"_self\" >Aide-soignant (h\/f\/d)<\/a><\/h2>\n\n\n\n<div class=\"wp-block-post-excerpt\"><p class=\"wp-block-post-excerpt__excerpt\">\u00c0 propos de nous Unser ambulantes Pflegeteam Bliev to Huus gibt es seit mittlerweile fast 30 Jahren in Kiel. In dieser Zeit haben wir bereits sehr viel wertvolle Erfahrungen im Umgang mit unseren Kunden \u2013 aber auch im Umgang untereinander im Team \u2013 sammeln k\u00f6nnen. Uns liegt sehr viel an einem verst\u00e4ndnisvollen Umgang auf Augenh\u00f6he<\/p><p class=\"wp-block-post-excerpt__more-text\"><a class=\"wp-block-post-excerpt__more-link\" href=\"https:\/\/www.bthuus.de\/fr\/stellenangebote\/aide-soignant-h-f-d-2\/\">\u2192 <strong>En savoir plus &amp; postuler en ligne<\/strong><\/a><\/p><\/div>\n<\/li><li class=\"wp-block-post post-2609 stellenangebote type-stellenangebote status-publish hentry infinite-scroll-item\">\n<h2 class=\"wp-block-post-title\"><a href=\"https:\/\/www.bthuus.de\/fr\/stellenangebote\/aide-soignant-h-f-d\/\" target=\"_self\" >Aide-soignant (h\/f\/d)<\/a><\/h2>\n\n\n\n<div class=\"wp-block-post-excerpt\"><p class=\"wp-block-post-excerpt__excerpt\">\u00c0 propos de nous Notre \u00e9quipe de soins ambulatoires Bliev to Huus est \u00e0 Kiel et Bredenbek depuis 28 ans maintenant. Au cours de ces 28 ann\u00e9es, nous avons d\u00e9j\u00e0 pu acqu\u00e9rir une exp\u00e9rience pr\u00e9cieuse dans les relations avec nos clients &#8211; mais aussi dans les relations entre nous au sein de l&#8217;\u00e9quipe. Comprendre le<\/p><p class=\"wp-block-post-excerpt__more-text\"><a class=\"wp-block-post-excerpt__more-link\" href=\"https:\/\/www.bthuus.de\/fr\/stellenangebote\/aide-soignant-h-f-d\/\">\u2192 <strong>En savoir plus &amp; postuler en ligne<\/strong><\/a><\/p><\/div>\n<\/li><\/ul><\/div><\/div>\n<\/div>\n<\/div><\/div>\n","protected":false},"excerpt":{"rendered":"<p>Bliev to Huus est \u00e0 la recherche d&#8217;employ\u00e9s formidables ! Avez-vous une qualification li\u00e9e au sujet? Aucun probl\u00e8me. Nous sommes une \u00e9quipe diversifi\u00e9e avec de nombreux horizons diff\u00e9rents. N&#8217;h\u00e9sitez pas \u00e0 nous contacter. Les choses les plus importantes en un mot: 1. Paiement bas\u00e9 sur les tarifs Nous attachons une grande importance \u00e0 la r\u00e9mun\u00e9ration &#8230; <\/p>\n<p class=\"read-more-container\"><a title=\"emplois\" class=\"read-more button\" href=\"https:\/\/www.bthuus.de\/fr\/emplois\/#more-1930\" aria-label=\"En savoir plus sur emplois\">Lire plus<\/a><\/p>\n","protected":false},"author":1,"featured_media":0,"parent":0,"menu_order":0,"comment_status":"closed","ping_status":"closed","template":"","meta":{"iawp_total_views":0,"footnotes":""},"class_list":{"0":"post-1930","1":"page","2":"type-page","3":"status-publish","5":"infinite-scroll-item"},"jetpack_sharing_enabled":true,"_links":{"self":[{"href":"https:\/\/www.bthuus.de\/fr\/wp-json\/wp\/v2\/pages\/1930","targetHints":{"allow":["GET"]}}],"collection":[{"href":"https:\/\/www.bthuus.de\/fr\/wp-json\/wp\/v2\/pages"}],"about":[{"href":"https:\/\/www.bthuus.de\/fr\/wp-json\/wp\/v2\/types\/page"}],"author":[{"embeddable":true,"href":"https:\/\/www.bthuus.de\/fr\/wp-json\/wp\/v2\/users\/1"}],"replies":[{"embeddable":true,"href":"https:\/\/www.bthuus.de\/fr\/wp-json\/wp\/v2\/comments?post=1930"}],"version-history":[{"count":0,"href":"https:\/\/www.bthuus.de\/fr\/wp-json\/wp\/v2\/pages\/1930\/revisions"}],"wp:attachment":[{"href":"https:\/\/www.bthuus.de\/fr\/wp-json\/wp\/v2\/media?parent=1930"}],"curies":[{"name":"wp","href":"https:\/\/api.w.org\/{rel}","templated":true}]}}