{"id":1897,"date":"2022-11-04T14:44:17","date_gmt":"2022-11-04T13:44:17","guid":{"rendered":"https:\/\/www.bthuus.de\/nos-services\/se-soucier\/"},"modified":"2023-07-11T12:04:43","modified_gmt":"2023-07-11T10:04:43","slug":"se-soucier","status":"publish","type":"page","link":"https:\/\/www.bthuus.de\/fr\/nos-services\/se-soucier\/","title":{"rendered":"Se soucier"},"content":{"rendered":"\n<div class=\"wp-block-group has-global-color-6-background-color has-background\"><div class=\"wp-block-group__inner-container is-layout-constrained wp-block-group-is-layout-constrained\">\n<h2 class=\"wp-block-heading\">Offres de soins g\u00e9n\u00e9raux<\/h2>\n\n\n\n<p>Depuis le 1er janvier 2015, toutes les personnes assur\u00e9es n\u00e9cessitant des soins ont <strong>droit \u00e0 des prestations compl\u00e9mentaires de soins et d&#8217;aide<\/strong> qui n&#8217;\u00e9taient jusqu&#8217;alors accessibles qu&#8217;aux assur\u00e9s ayant des facult\u00e9s de la vie quotidienne fortement limit\u00e9es (d\u00e9mence). D\u00e9sormais, ces services peuvent \u00e9galement \u00eatre utilis\u00e9s pour <strong>des services de secours (ex. services domestiques, services de transport, etc.)<\/strong> en plus des offres de soins.<\/p>\n\n\n\n<p>Surtout en mati\u00e8re d&#8217;accompagnement, l&#8217;\u00e9change entre nos collaborateurs est crucial. Les qualifications diverses et diff\u00e9rentes de notre \u00e9quipe sont perceptibles.  <strong>Tous nos employ\u00e9s surveillants sont sp\u00e9cialement qualifi\u00e9s pour cela selon \u00a745 SGB.<\/strong><\/p>\n\n\n\n<div class=\"wp-block-buttons is-layout-flex wp-block-buttons-is-layout-flex\">\n<div class=\"wp-block-button has-custom-width wp-block-button__width-100\"><a class=\"wp-block-button__link wp-element-button\" href=\"https:\/\/www.bthuus.de\/fr\/a-propos-de-nous\/\" style=\"border-radius:0px\">En savoir plus sur l&#8217;\u00e9quipe<\/a><\/div>\n<\/div>\n<\/div><\/div>\n\n<div style=\"height:50px\" aria-hidden=\"true\" class=\"wp-block-spacer no-mobile\"><\/div>\n\n<div class=\"wp-block-group has-global-color-6-background-color has-background\"><div class=\"wp-block-group__inner-container is-layout-constrained wp-block-group-is-layout-constrained\">\n<h2 class=\"wp-block-heading\">soins aux personnes atteintes de d\u00e9mence<\/h2>\n\n\n\n<p>En Allemagne, environ deux personnes atteintes de d\u00e9mence sur trois vivent actuellement dans leurs propres murs. Ce nombre refl\u00e8te le d\u00e9sir de la plupart des gens de rester dans leur environnement familier pendant la vieillesse.<\/p>\n\n\n\n<p>Plus la d\u00e9mence progresse, plus les activit\u00e9s, m\u00eame les plus simples, deviennent difficiles. Des erreurs se produisent lors de l&#8217;habillage, la toilette du matin prend plus de temps qu&#8217;avant et le chemin vers la poste ressemble \u00e0 un labyrinthe.<br\/>L&#8217;aide \u00e0 l&#8217;entraide est notre devise. Il aide les personnes atteintes de d\u00e9mence \u00e0 rester ind\u00e9pendantes plus longtemps.<br\/>Nos soignants sp\u00e9cialement form\u00e9s accompagnent les personnes atteintes de d\u00e9mence dans leur quotidien.<\/p>\n\n\n\n<p>Les offres de soins comprennent par exemple :<\/p>\n\n\n\n<ul class=\"wp-block-list\">\n<li>entra\u00eenement de la m\u00e9moire<\/li>\n\n\n\n<li>Jeux<\/li>\n\n\n\n<li>T\u00e2ches m\u00e9nag\u00e8res courantes<\/li>\n\n\n\n<li>des promenades<\/li>\n\n\n\n<li>Accompagnement des d\u00e9placements aupr\u00e8s des autorit\u00e9s, m\u00e9decins, etc.<\/li>\n<\/ul>\n<\/div><\/div>\n\n<div style=\"height:50px\" aria-hidden=\"true\" class=\"wp-block-spacer no-mobile\"><\/div>\n\n<div data-aos-delay=\"1000\" data-aos-duration=\"1500\" data-aos-once=\"true\" data-aos=\"fade-up\" class=\"wp-block-group has-global-color-6-background-color has-background\"><div class=\"wp-block-group__inner-container is-layout-constrained wp-block-group-is-layout-constrained\">\n<h2 class=\"wp-block-heading\">Nous sommes heureux de vous aider!<\/h2>\n\n\n\n<p>Apr\u00e8s de longues discussions, nous \u00e9laborerons avec vous un <strong>concept individuel<\/strong> , <strong>parfaitement adapt\u00e9 \u00e0 vos besoins<\/strong> .<\/p>\n\n\n\n<p>La <strong>rencontre personnelle pour faire connaissance<\/strong> est irrempla\u00e7able en mati\u00e8re de soins ambulatoires. N&#8217;h\u00e9sitez pas \u00e0 organiser une conversation avec nous!<\/p>\n\n\n\n<div class=\"wp-block-buttons is-layout-flex wp-block-buttons-is-layout-flex\">\n<div class=\"wp-block-button has-custom-width wp-block-button__width-100\"><a class=\"wp-block-button__link wp-element-button\" href=\"04316473730\" style=\"border-radius:0px\" target=\"_blank\" rel=\"noreferrer noopener\">\u2192 Appel<\/a><\/div>\n\n\n\n<div class=\"wp-block-button has-custom-width wp-block-button__width-100\"><a class=\"wp-block-button__link wp-element-button\" href=\"https:\/\/www.bthuus.de\/fr\/contact\/#formular\" style=\"border-radius:0px\">Pour contacter le formulaire<\/a><\/div>\n\n\n\n<div class=\"wp-block-button has-custom-width wp-block-button__width-100\"><a class=\"wp-block-button__link wp-element-button\" href=\"mailto:info@bthuus.de\" style=\"border-radius:0px\" target=\"_blank\" rel=\"noreferrer noopener\">\u2192 \u00c9crire un e-mail<\/a><\/div>\n<\/div>\n<\/div><\/div>\n","protected":false},"excerpt":{"rendered":"<p>Offres de soins g\u00e9n\u00e9raux Depuis le 1er janvier 2015, toutes les personnes assur\u00e9es n\u00e9cessitant des soins ont droit \u00e0 des prestations compl\u00e9mentaires de soins et d&#8217;aide qui n&#8217;\u00e9taient jusqu&#8217;alors accessibles qu&#8217;aux assur\u00e9s ayant des facult\u00e9s de la vie quotidienne fortement limit\u00e9es (d\u00e9mence). D\u00e9sormais, ces services peuvent \u00e9galement \u00eatre utilis\u00e9s pour des services de secours (ex. &#8230; <\/p>\n<p class=\"read-more-container\"><a title=\"Se soucier\" class=\"read-more button\" href=\"https:\/\/www.bthuus.de\/fr\/nos-services\/se-soucier\/#more-1897\" aria-label=\"En savoir plus sur Se soucier\">Lire plus<\/a><\/p>\n","protected":false},"author":1,"featured_media":0,"parent":1798,"menu_order":0,"comment_status":"closed","ping_status":"closed","template":"","meta":{"iawp_total_views":0,"footnotes":""},"class_list":{"0":"post-1897","1":"page","2":"type-page","3":"status-publish","5":"infinite-scroll-item"},"jetpack_sharing_enabled":true,"_links":{"self":[{"href":"https:\/\/www.bthuus.de\/fr\/wp-json\/wp\/v2\/pages\/1897","targetHints":{"allow":["GET"]}}],"collection":[{"href":"https:\/\/www.bthuus.de\/fr\/wp-json\/wp\/v2\/pages"}],"about":[{"href":"https:\/\/www.bthuus.de\/fr\/wp-json\/wp\/v2\/types\/page"}],"author":[{"embeddable":true,"href":"https:\/\/www.bthuus.de\/fr\/wp-json\/wp\/v2\/users\/1"}],"replies":[{"embeddable":true,"href":"https:\/\/www.bthuus.de\/fr\/wp-json\/wp\/v2\/comments?post=1897"}],"version-history":[{"count":0,"href":"https:\/\/www.bthuus.de\/fr\/wp-json\/wp\/v2\/pages\/1897\/revisions"}],"up":[{"embeddable":true,"href":"https:\/\/www.bthuus.de\/fr\/wp-json\/wp\/v2\/pages\/1798"}],"wp:attachment":[{"href":"https:\/\/www.bthuus.de\/fr\/wp-json\/wp\/v2\/media?parent=1897"}],"curies":[{"name":"wp","href":"https:\/\/api.w.org\/{rel}","templated":true}]}}