{"id":2263,"date":"2022-11-04T14:00:00","date_gmt":"2022-11-04T13:00:00","guid":{"rendered":"https:\/\/www.bthuus.de\/trabajos\/"},"modified":"2023-07-11T12:19:38","modified_gmt":"2023-07-11T10:19:38","slug":"trabajos","status":"publish","type":"page","link":"https:\/\/www.bthuus.de\/es\/trabajos\/","title":{"rendered":"trabajos"},"content":{"rendered":"\n<div class=\"wp-block-group no-padding has-global-color-4-background-color has-background\"><div class=\"wp-block-group__inner-container is-layout-constrained wp-block-group-is-layout-constrained\">\n<h1 class=\"wp-block-heading\">\u00a1Bliev to Huus est\u00e1 buscando excelentes empleados!<\/h1>\n\n\n\n<div style=\"height:25px\" aria-hidden=\"true\" class=\"wp-block-spacer\"><\/div>\n\n\n\n<p>\u00bfTiene una calificaci\u00f3n relacionada con el tema? Ning\u00fan problema. Somos un equipo diverso con muchos or\u00edgenes diferentes. Si\u00e9ntete libre de contactarnos.<\/p>\n\n\n\n<h3 class=\"wp-block-heading has-global-color-1-color has-text-color\">Las cosas m\u00e1s importantes en pocas palabras:<\/h3>\n\n\n\n<div style=\"height:25px\" aria-hidden=\"true\" class=\"wp-block-spacer\"><\/div>\n\n\n\n<div class=\"wp-block-columns is-layout-flex wp-container-core-columns-is-layout-9d6595d7 wp-block-columns-is-layout-flex\">\n<div class=\"wp-block-column kachel has-global-color-6-background-color has-background is-layout-flow wp-block-column-is-layout-flow\" data-aos=\"fade-right\" data-aos-duration=\"500\" data-aos-once=\"true\">\n<h4 class=\"wp-block-heading has-global-color-1-color has-text-color\">1. Pago basado en tarifas<\/h4>\n\n\n\n<p>Damos gran importancia a la remuneraci\u00f3n de nuestros empleados de acuerdo con el convenio colectivo.<\/p>\n<\/div>\n\n\n\n<div class=\"wp-block-column kachel has-global-color-6-background-color has-background is-layout-flow wp-block-column-is-layout-flow\" data-aos=\"fade-left\" data-aos-delay=\"500\" data-aos-duration=\"500\" data-aos-once=\"true\">\n<h4 class=\"wp-block-heading has-global-color-1-color has-text-color\">2. Coche con uso privado encima<\/h4>\n\n\n\n<p>De casa a la empresa, para luego continuar desde all\u00ed en coche. El camino m\u00e1s corto suele ser el mejor, para todos. Esta es la raz\u00f3n por la que nuestros empleados normalmente pueden llevarse el coche de la empresa a casa de camino al trabajo. Se aplica la regla del 1% (para coches el\u00e9ctricos 0,25%)<\/p>\n<\/div>\n<\/div>\n\n\n\n<div class=\"wp-block-columns is-layout-flex wp-container-core-columns-is-layout-9d6595d7 wp-block-columns-is-layout-flex\">\n<div class=\"wp-block-column kachel has-global-color-6-background-color has-background is-layout-flow wp-block-column-is-layout-flow\" data-aos=\"fade-right\" data-aos-duration=\"500\" data-aos-once=\"true\">\n<h4 class=\"wp-block-heading has-global-color-1-color has-text-color\">3. Los ni\u00f1os son sagrados para nosotros \/ compatibilidad de trabajo y familia<\/h4>\n\n\n\n<p>En nuestro servicio de atenci\u00f3n ambulatoria, nos alegramos si tienes hijos y nos esforzamos por adaptar tu horario laboral de forma flexible a tus circunstancias familiares.<\/p>\n<\/div>\n\n\n\n<div class=\"wp-block-column kachel has-global-color-6-background-color has-background is-layout-flow wp-block-column-is-layout-flow\" data-aos=\"fade-left\" data-aos-duration=\"500\" data-aos-once=\"true\">\n<h4 class=\"wp-block-heading has-global-color-1-color has-text-color\" style=\"text-transform:none\">4. Sin servicios dobles<\/h4>\n\n\n\n<p>Sabemos lo agotador que es el doble trabajo. Es por eso que tratamos de evitar la doble funci\u00f3n tanto como sea posible para permitir que nuestros empleados logren un buen equilibrio entre el trabajo y la vida. Sin embargo, se conocen excepciones que confirman la regla y, en casos excepcionales, puede haber una doble funci\u00f3n.<\/p>\n<\/div>\n<\/div>\n\n\n\n<div class=\"wp-block-columns is-layout-flex wp-container-core-columns-is-layout-9d6595d7 wp-block-columns-is-layout-flex\">\n<div class=\"wp-block-column kachel has-global-color-6-background-color has-background is-layout-flow wp-block-column-is-layout-flow\" data-aos=\"fade-right\" data-aos-duration=\"500\" data-aos-once=\"true\">\n<h4 class=\"wp-block-heading has-global-color-1-color has-text-color\">5. Buenas oportunidades de formaci\u00f3n y educaci\u00f3n superior<\/h4>\n\n\n\n<p>En nuestro servicio de enfermer\u00eda ambulatoria, ofrecemos una amplia gama de oportunidades de capacitaci\u00f3n adicional. Estos incluyen capacitaci\u00f3n en cuidados paliativos, un plan de capacitaci\u00f3n anual y cursos populares de primeros auxilios con ejercicios pr\u00e1cticos. Adem\u00e1s, tambi\u00e9n ofrecemos cursos de formaci\u00f3n online que se pueden realizar c\u00f3modamente desde casa.<\/p>\n<\/div>\n\n\n\n<div class=\"wp-block-column kachel has-global-color-6-background-color has-background is-layout-flow wp-block-column-is-layout-flow\" data-aos=\"fade-left\" data-aos-duration=\"500\" data-aos-once=\"true\">\n<h4 class=\"wp-block-heading has-global-color-1-color has-text-color\" style=\"text-transform:none\">6. Altas habilidades sociales, cooperaci\u00f3n apreciativa y comunicaci\u00f3n abierta.<\/h4>\n\n\n\n<p>Nos enfocamos en la comunicaci\u00f3n abierta, altas habilidades sociales y cooperaci\u00f3n apreciativa. Damos gran importancia a tener un o\u00eddo abierto a los problemas y promover una comunicaci\u00f3n apreciativa en todo el equipo.<\/p>\n<\/div>\n<\/div>\n\n\n\n<div class=\"wp-block-columns is-layout-flex wp-container-core-columns-is-layout-9d6595d7 wp-block-columns-is-layout-flex\">\n<div class=\"wp-block-column kachel has-global-color-6-background-color has-background is-layout-flow wp-block-column-is-layout-flow\" data-aos=\"fade-right\" data-aos-duration=\"500\" data-aos-once=\"true\">\n<h4 class=\"wp-block-heading has-global-color-1-color has-text-color\">7. Fuerte esp\u00edritu de equipo<\/h4>\n\n\n\n<p>Hay un fuerte sentido de uni\u00f3n en nuestro equipo. Por ejemplo, celebramos la despedida de un colega de mucho tiempo que se jubila juntos y nos apoyamos mutuamente reemplazando o intercambiando turnos. Tambi\u00e9n dedicamos suficiente tiempo a la formaci\u00f3n exhaustiva de los nuevos empleados del equipo para garantizar un comienzo sin problemas.<\/p>\n<\/div>\n\n\n\n<div class=\"wp-block-column kachel has-global-color-6-background-color has-background is-layout-flow wp-block-column-is-layout-flow\" data-aos=\"fade-left\" data-aos-duration=\"500\" data-aos-once=\"true\">\n<h4 class=\"wp-block-heading has-global-color-1-color has-text-color\">8. \u00a1Entrenamos!<\/h4>\n\n\n\n<p>En cooperaci\u00f3n con las escuelas asociadas, ofrecemos una formaci\u00f3n de enfermer\u00eda general bien fundamentada para convertirse en un especialista en enfermer\u00eda. Nuestros instructores pr\u00e1cticos dedicados apoyan a los alumnos durante las fases de formaci\u00f3n pr\u00e1ctica y garantizan el apoyo profesional en el camino hacia la finalizaci\u00f3n exitosa. Con nosotros tienes la oportunidad de completar una formaci\u00f3n s\u00f3lida en un entorno de apoyo y orientado al equipo.<\/p>\n<\/div>\n<\/div>\n<\/div><\/div>\n\n<div class=\"wp-block-group no-padding has-global-color-4-background-color has-background\"><div class=\"wp-block-group__inner-container is-layout-constrained wp-block-group-is-layout-constrained\">\n<h2 class=\"wp-block-heading\">Actualmente tenemos las siguientes posiciones abiertas:<\/h2>\n\n\n\n<div class=\"wp-block-query is-layout-flow wp-block-query-is-layout-flow\">\n<div class=\"wp-block-group has-global-color-6-background-color has-background\"><div class=\"wp-block-group__inner-container is-layout-flow wp-block-group-is-layout-flow\"><ul class=\"is-flex-container columns-2 wp-block-post-template is-layout-flow wp-block-post-template-is-layout-flow\"><li class=\"wp-block-post post-3252 stellenangebote type-stellenangebote status-publish hentry infinite-scroll-item\">\n<h2 class=\"wp-block-post-title\"><a href=\"https:\/\/www.bthuus.de\/es\/stellenangebote\/especialista-en-enfermeria-m-f-d-2\/\" target=\"_self\" >Especialista en enfermer\u00eda (m\/f\/d)<\/a><\/h2>\n\n\n\n<div class=\"wp-block-post-excerpt\"><p class=\"wp-block-post-excerpt__excerpt\">Estar\u00edamos encantados si usted est\u00e1 interesado en apoyar a nuestro gran equipo como especialista en enfermer\u00eda (m\/f\/d). Aplicar en l\u00ednea, por correo electr\u00f3nico o por tel\u00e9fono.<\/p><p class=\"wp-block-post-excerpt__more-text\"><a class=\"wp-block-post-excerpt__more-link\" href=\"https:\/\/www.bthuus.de\/es\/stellenangebote\/especialista-en-enfermeria-m-f-d-2\/\">\u2192 <strong>Obtenga m\u00e1s informaci\u00f3n y presente su solicitud en l\u00ednea<\/strong><\/a><\/p><\/div>\n<\/li><li class=\"wp-block-post post-2996 stellenangebote type-stellenangebote status-publish hentry infinite-scroll-item\">\n<h2 class=\"wp-block-post-title\"><a href=\"https:\/\/www.bthuus.de\/es\/stellenangebote\/auxiliar-de-enfermeria-m-f-d-2\/\" target=\"_self\" >Auxiliar de enfermer\u00eda (m\/f\/d)<\/a><\/h2>\n\n\n\n<div class=\"wp-block-post-excerpt\"><p class=\"wp-block-post-excerpt__excerpt\">Sobre nosotros Unser ambulantes Pflegeteam Bliev to Huus gibt es seit mittlerweile fast 30 Jahren in Kiel. In dieser Zeit haben wir bereits sehr viel wertvolle Erfahrungen im Umgang mit unseren Kunden \u2013 aber auch im Umgang untereinander im Team \u2013 sammeln k\u00f6nnen. Uns liegt sehr viel an einem verst\u00e4ndnisvollen Umgang auf Augenh\u00f6he und wir<\/p><p class=\"wp-block-post-excerpt__more-text\"><a class=\"wp-block-post-excerpt__more-link\" href=\"https:\/\/www.bthuus.de\/es\/stellenangebote\/auxiliar-de-enfermeria-m-f-d-2\/\">\u2192 <strong>Obtenga m\u00e1s informaci\u00f3n y presente su solicitud en l\u00ednea<\/strong><\/a><\/p><\/div>\n<\/li><li class=\"wp-block-post post-2610 stellenangebote type-stellenangebote status-publish hentry infinite-scroll-item\">\n<h2 class=\"wp-block-post-title\"><a href=\"https:\/\/www.bthuus.de\/es\/stellenangebote\/auxiliar-de-enfermeria-m-f-d\/\" target=\"_self\" >Auxiliar de enfermer\u00eda (m\/f\/d)<\/a><\/h2>\n\n\n\n<div class=\"wp-block-post-excerpt\"><p class=\"wp-block-post-excerpt__excerpt\">Sobre nosotros Nuestro equipo de atenci\u00f3n ambulatoria Bliev to Huus ha estado en Kiel y Bredenbek durante 28 a\u00f1os. En estos 28 a\u00f1os ya hemos podido ganar mucha experiencia valiosa en el trato con nuestros clientes, pero tambi\u00e9n en el trato entre nosotros en el equipo. Comprender el tratamiento a la altura de los ojos<\/p><p class=\"wp-block-post-excerpt__more-text\"><a class=\"wp-block-post-excerpt__more-link\" href=\"https:\/\/www.bthuus.de\/es\/stellenangebote\/auxiliar-de-enfermeria-m-f-d\/\">\u2192 <strong>Obtenga m\u00e1s informaci\u00f3n y presente su solicitud en l\u00ednea<\/strong><\/a><\/p><\/div>\n<\/li><\/ul><\/div><\/div>\n<\/div>\n<\/div><\/div>\n","protected":false},"excerpt":{"rendered":"<p>\u00a1Bliev to Huus est\u00e1 buscando excelentes empleados! \u00bfTiene una calificaci\u00f3n relacionada con el tema? Ning\u00fan problema. Somos un equipo diverso con muchos or\u00edgenes diferentes. Si\u00e9ntete libre de contactarnos. Las cosas m\u00e1s importantes en pocas palabras: 1. Pago basado en tarifas Damos gran importancia a la remuneraci\u00f3n de nuestros empleados de acuerdo con el convenio colectivo. &#8230; <\/p>\n<p class=\"read-more-container\"><a title=\"trabajos\" class=\"read-more button\" href=\"https:\/\/www.bthuus.de\/es\/trabajos\/#more-2263\" aria-label=\"Leer m\u00e1s sobre trabajos\">Leer m\u00e1s<\/a><\/p>\n","protected":false},"author":1,"featured_media":0,"parent":0,"menu_order":0,"comment_status":"closed","ping_status":"closed","template":"","meta":{"iawp_total_views":6,"footnotes":""},"class_list":{"0":"post-2263","1":"page","2":"type-page","3":"status-publish","5":"infinite-scroll-item"},"jetpack_sharing_enabled":true,"_links":{"self":[{"href":"https:\/\/www.bthuus.de\/es\/wp-json\/wp\/v2\/pages\/2263","targetHints":{"allow":["GET"]}}],"collection":[{"href":"https:\/\/www.bthuus.de\/es\/wp-json\/wp\/v2\/pages"}],"about":[{"href":"https:\/\/www.bthuus.de\/es\/wp-json\/wp\/v2\/types\/page"}],"author":[{"embeddable":true,"href":"https:\/\/www.bthuus.de\/es\/wp-json\/wp\/v2\/users\/1"}],"replies":[{"embeddable":true,"href":"https:\/\/www.bthuus.de\/es\/wp-json\/wp\/v2\/comments?post=2263"}],"version-history":[{"count":0,"href":"https:\/\/www.bthuus.de\/es\/wp-json\/wp\/v2\/pages\/2263\/revisions"}],"wp:attachment":[{"href":"https:\/\/www.bthuus.de\/es\/wp-json\/wp\/v2\/media?parent=2263"}],"curies":[{"name":"wp","href":"https:\/\/api.w.org\/{rel}","templated":true}]}}